{"id":2090,"date":"2021-05-03T12:45:07","date_gmt":"2021-05-03T12:45:07","guid":{"rendered":"https:\/\/observatoriodeldolor.com\/noticias\/"},"modified":"2021-05-03T12:55:18","modified_gmt":"2021-05-03T12:55:18","slug":"news","status":"publish","type":"page","link":"https:\/\/observatoriodeldolor.com\/en\/news\/","title":{"rendered":"News"},"content":{"rendered":"\t\t<div data-elementor-type=\"wp-page\" data-elementor-id=\"2090\" class=\"elementor elementor-2090 elementor-2074\" data-elementor-post-type=\"page\">\n\t\t\t\t\t\t<section class=\"elementor-section elementor-top-section elementor-element elementor-element-59a2d3c elementor-section-boxed elementor-section-height-default elementor-section-height-default\" data-id=\"59a2d3c\" data-element_type=\"section\" data-e-type=\"section\" data-settings=\"{&quot;jet_parallax_layout_list&quot;:[{&quot;jet_parallax_layout_image&quot;:{&quot;url&quot;:&quot;&quot;,&quot;id&quot;:&quot;&quot;,&quot;size&quot;:&quot;&quot;},&quot;_id&quot;:&quot;528e751&quot;,&quot;jet_parallax_layout_image_tablet&quot;:{&quot;url&quot;:&quot;&quot;,&quot;id&quot;:&quot;&quot;,&quot;size&quot;:&quot;&quot;},&quot;jet_parallax_layout_image_mobile&quot;:{&quot;url&quot;:&quot;&quot;,&quot;id&quot;:&quot;&quot;,&quot;size&quot;:&quot;&quot;},&quot;jet_parallax_layout_speed&quot;:{&quot;unit&quot;:&quot;%&quot;,&quot;size&quot;:50,&quot;sizes&quot;:[]},&quot;jet_parallax_layout_type&quot;:&quot;scroll&quot;,&quot;jet_parallax_layout_direction&quot;:&quot;1&quot;,&quot;jet_parallax_layout_fx_direction&quot;:null,&quot;jet_parallax_layout_z_index&quot;:&quot;&quot;,&quot;jet_parallax_layout_bg_x&quot;:50,&quot;jet_parallax_layout_bg_x_tablet&quot;:&quot;&quot;,&quot;jet_parallax_layout_bg_x_mobile&quot;:&quot;&quot;,&quot;jet_parallax_layout_bg_y&quot;:50,&quot;jet_parallax_layout_bg_y_tablet&quot;:&quot;&quot;,&quot;jet_parallax_layout_bg_y_mobile&quot;:&quot;&quot;,&quot;jet_parallax_layout_bg_size&quot;:&quot;auto&quot;,&quot;jet_parallax_layout_bg_size_tablet&quot;:&quot;&quot;,&quot;jet_parallax_layout_bg_size_mobile&quot;:&quot;&quot;,&quot;jet_parallax_layout_animation_prop&quot;:&quot;transform&quot;,&quot;jet_parallax_layout_on&quot;:[&quot;desktop&quot;,&quot;tablet&quot;]}]}\">\n\t\t\t\t\t\t<div class=\"elementor-container elementor-column-gap-no\">\n\t\t\t\t\t<div class=\"elementor-column elementor-col-100 elementor-top-column elementor-element elementor-element-57f372b\" data-id=\"57f372b\" data-element_type=\"column\" data-e-type=\"column\">\n\t\t\t<div class=\"elementor-widget-wrap elementor-element-populated\">\n\t\t\t\t\t\t<div class=\"elementor-element elementor-element-1152682 elementor-widget elementor-widget-heading\" data-id=\"1152682\" data-element_type=\"widget\" data-e-type=\"widget\" data-widget_type=\"heading.default\">\n\t\t\t\t<div class=\"elementor-widget-container\">\n\t\t\t\t\t<h2 class=\"elementor-heading-title elementor-size-default\">News<\/h2>\t\t\t\t<\/div>\n\t\t\t\t<\/div>\n\t\t\t\t<div class=\"elementor-element elementor-element-6e2e24d elementor-grid-3 elementor-grid-tablet-2 elementor-grid-mobile-1 elementor-posts--thumbnail-top elementor-widget elementor-widget-posts\" data-id=\"6e2e24d\" data-element_type=\"widget\" data-e-type=\"widget\" data-settings=\"{&quot;classic_columns&quot;:&quot;3&quot;,&quot;classic_columns_tablet&quot;:&quot;2&quot;,&quot;classic_columns_mobile&quot;:&quot;1&quot;,&quot;classic_row_gap&quot;:{&quot;unit&quot;:&quot;px&quot;,&quot;size&quot;:35,&quot;sizes&quot;:[]},&quot;classic_row_gap_tablet&quot;:{&quot;unit&quot;:&quot;px&quot;,&quot;size&quot;:&quot;&quot;,&quot;sizes&quot;:[]},&quot;classic_row_gap_mobile&quot;:{&quot;unit&quot;:&quot;px&quot;,&quot;size&quot;:&quot;&quot;,&quot;sizes&quot;:[]}}\" data-widget_type=\"posts.classic\">\n\t\t\t\t<div class=\"elementor-widget-container\">\n\t\t\t\t\t\t\t<div class=\"elementor-posts-container elementor-posts elementor-posts--skin-classic elementor-grid\" role=\"list\">\n\t\t\t\t<article class=\"elementor-post elementor-grid-item post-4963 post type-post status-publish format-standard has-post-thumbnail hentry category-news-en category-publicaciones-del-observatorio-en\" role=\"listitem\">\n\t\t\t\t<a class=\"elementor-post__thumbnail__link\" href=\"https:\/\/observatoriodeldolor.com\/en\/chronic-pain-and-its-impact-on-employment-in-spain-a-new-study-published-by-the-pain-observatory\/\" tabindex=\"-1\" >\n\t\t\t<div class=\"elementor-post__thumbnail\"><img fetchpriority=\"high\" decoding=\"async\" width=\"300\" height=\"169\" src=\"https:\/\/observatoriodeldolor.com\/wp-content\/uploads\/2026\/06\/Foto-observatorio-23-junio-300x169.jpg\" class=\"attachment-medium size-medium wp-image-4961\" alt=\"\" srcset=\"https:\/\/observatoriodeldolor.com\/wp-content\/uploads\/2026\/06\/Foto-observatorio-23-junio-300x169.jpg 300w, https:\/\/observatoriodeldolor.com\/wp-content\/uploads\/2026\/06\/Foto-observatorio-23-junio-1024x576.jpg 1024w, https:\/\/observatoriodeldolor.com\/wp-content\/uploads\/2026\/06\/Foto-observatorio-23-junio-768x432.jpg 768w, https:\/\/observatoriodeldolor.com\/wp-content\/uploads\/2026\/06\/Foto-observatorio-23-junio-1536x864.jpg 1536w, https:\/\/observatoriodeldolor.com\/wp-content\/uploads\/2026\/06\/Foto-observatorio-23-junio-150x85.jpg?crop=1 150w, https:\/\/observatoriodeldolor.com\/wp-content\/uploads\/2026\/06\/Foto-observatorio-23-junio-600x338.jpg 600w, https:\/\/observatoriodeldolor.com\/wp-content\/uploads\/2026\/06\/Foto-observatorio-23-junio.jpg 1920w\" sizes=\"(max-width: 300px) 100vw, 300px\" \/><\/div>\n\t\t<\/a>\n\t\t\t\t<div class=\"elementor-post__text\">\n\t\t\t\t<h3 class=\"elementor-post__title\">\n\t\t\t<a href=\"https:\/\/observatoriodeldolor.com\/en\/chronic-pain-and-its-impact-on-employment-in-spain-a-new-study-published-by-the-pain-observatory\/\" >\n\t\t\t\tChronic Pain and Its Impact on Employment in Spain: A New Study Published by the Pain Observatory\t\t\t<\/a>\n\t\t<\/h3>\n\t\t\t\t<div class=\"elementor-post__meta-data\">\n\t\t\t\t\t<span class=\"elementor-post-date\">\n\t\t\tJune 23, 2026\t\t<\/span>\n\t\t\t\t<\/div>\n\t\t\t\t<div class=\"elementor-post__excerpt\">\n\t\t\t<p>A new study by the Pain Observatory, published in the journal Scientific Reports, examines the close relationship between chronic pain, employment status, and quality of<\/p>\n\t\t<\/div>\n\t\t\n\t\t<a class=\"elementor-post__read-more\" href=\"https:\/\/observatoriodeldolor.com\/en\/chronic-pain-and-its-impact-on-employment-in-spain-a-new-study-published-by-the-pain-observatory\/\" aria-label=\"Read more about Chronic Pain and Its Impact on Employment in Spain: A New Study Published by the Pain Observatory\" tabindex=\"-1\" >\n\t\t\tRead more \u00bb\t\t<\/a>\n\n\t\t\t\t<\/div>\n\t\t\t\t<\/article>\n\t\t\t\t<article class=\"elementor-post elementor-grid-item post-4933 post type-post status-publish format-standard has-post-thumbnail hentry category-meetings-and-events category-news-en\" role=\"listitem\">\n\t\t\t\t<a class=\"elementor-post__thumbnail__link\" href=\"https:\/\/observatoriodeldolor.com\/en\/the-pain-observatory-attends-the-22nd-congress-of-the-spanish-pain-society\/\" tabindex=\"-1\" >\n\t\t\t<div class=\"elementor-post__thumbnail\"><img decoding=\"async\" width=\"300\" height=\"77\" src=\"https:\/\/observatoriodeldolor.com\/wp-content\/uploads\/2026\/06\/unnamed-300x77.jpg\" class=\"attachment-medium size-medium wp-image-4929\" alt=\"\" srcset=\"https:\/\/observatoriodeldolor.com\/wp-content\/uploads\/2026\/06\/unnamed-300x77.jpg 300w, https:\/\/observatoriodeldolor.com\/wp-content\/uploads\/2026\/06\/unnamed-768x197.jpg 768w, https:\/\/observatoriodeldolor.com\/wp-content\/uploads\/2026\/06\/unnamed-600x154.jpg 600w, https:\/\/observatoriodeldolor.com\/wp-content\/uploads\/2026\/06\/unnamed.jpg 1024w\" sizes=\"(max-width: 300px) 100vw, 300px\" \/><\/div>\n\t\t<\/a>\n\t\t\t\t<div class=\"elementor-post__text\">\n\t\t\t\t<h3 class=\"elementor-post__title\">\n\t\t\t<a href=\"https:\/\/observatoriodeldolor.com\/en\/the-pain-observatory-attends-the-22nd-congress-of-the-spanish-pain-society\/\" >\n\t\t\t\tThe Pain Observatory Attends the 22nd Congress of the Spanish Pain Society\t\t\t<\/a>\n\t\t<\/h3>\n\t\t\t\t<div class=\"elementor-post__meta-data\">\n\t\t\t\t\t<span class=\"elementor-post-date\">\n\t\t\tJune 22, 2026\t\t<\/span>\n\t\t\t\t<\/div>\n\t\t\t\t<div class=\"elementor-post__excerpt\">\n\t\t\t<p>From 27 to 29 May, the city of Vitoria hosted the 22nd Congress of the Spanish Pain Society (SED), one of Spain\u2019s leading scientific meetings<\/p>\n\t\t<\/div>\n\t\t\n\t\t<a class=\"elementor-post__read-more\" href=\"https:\/\/observatoriodeldolor.com\/en\/the-pain-observatory-attends-the-22nd-congress-of-the-spanish-pain-society\/\" aria-label=\"Read more about The Pain Observatory Attends the 22nd Congress of the Spanish Pain Society\" tabindex=\"-1\" >\n\t\t\tRead more \u00bb\t\t<\/a>\n\n\t\t\t\t<\/div>\n\t\t\t\t<\/article>\n\t\t\t\t<article class=\"elementor-post elementor-grid-item post-4906 post type-post status-publish format-standard has-post-thumbnail hentry category-news-en\" role=\"listitem\">\n\t\t\t\t<a class=\"elementor-post__thumbnail__link\" href=\"https:\/\/observatoriodeldolor.com\/en\/ose-antonio-moral-munoz-co-edita-la-primera-guia-nacional-sobre-salud-digital-y-dolor-para-profesionales-sanitarios\/\" tabindex=\"-1\" >\n\t\t\t<div class=\"elementor-post__thumbnail\"><img decoding=\"async\" width=\"300\" height=\"207\" src=\"https:\/\/observatoriodeldolor.com\/wp-content\/uploads\/2026\/06\/1.-Libro-Salud-Digital-y-Dolor-SED-2026-1-300x207.jpg\" class=\"attachment-medium size-medium wp-image-4903\" alt=\"\" srcset=\"https:\/\/observatoriodeldolor.com\/wp-content\/uploads\/2026\/06\/1.-Libro-Salud-Digital-y-Dolor-SED-2026-1-300x207.jpg 300w, https:\/\/observatoriodeldolor.com\/wp-content\/uploads\/2026\/06\/1.-Libro-Salud-Digital-y-Dolor-SED-2026-1-1024x707.jpg 1024w, https:\/\/observatoriodeldolor.com\/wp-content\/uploads\/2026\/06\/1.-Libro-Salud-Digital-y-Dolor-SED-2026-1-768x530.jpg 768w, https:\/\/observatoriodeldolor.com\/wp-content\/uploads\/2026\/06\/1.-Libro-Salud-Digital-y-Dolor-SED-2026-1-1536x1060.jpg 1536w, https:\/\/observatoriodeldolor.com\/wp-content\/uploads\/2026\/06\/1.-Libro-Salud-Digital-y-Dolor-SED-2026-1-2048x1414.jpg 2048w, https:\/\/observatoriodeldolor.com\/wp-content\/uploads\/2026\/06\/1.-Libro-Salud-Digital-y-Dolor-SED-2026-1-600x414.jpg 600w\" sizes=\"(max-width: 300px) 100vw, 300px\" \/><\/div>\n\t\t<\/a>\n\t\t\t\t<div class=\"elementor-post__text\">\n\t\t\t\t<h3 class=\"elementor-post__title\">\n\t\t\t<a href=\"https:\/\/observatoriodeldolor.com\/en\/ose-antonio-moral-munoz-co-edita-la-primera-guia-nacional-sobre-salud-digital-y-dolor-para-profesionales-sanitarios\/\" >\n\t\t\t\tJos\u00e9 Antonio Moral Mu\u00f1oz co-edits the first national guide on Digital Health and Pain for healthcare professionals\t\t\t<\/a>\n\t\t<\/h3>\n\t\t\t\t<div class=\"elementor-post__meta-data\">\n\t\t\t\t\t<span class=\"elementor-post-date\">\n\t\t\tJune 3, 2026\t\t<\/span>\n\t\t\t\t<\/div>\n\t\t\t\t<div class=\"elementor-post__excerpt\">\n\t\t\t<p>The Spanish Pain Society (SED) has just published \u00abDigital Health and Pain. A Guide for Professionals 2026\u00bb, a free and open-access work offering an applied,<\/p>\n\t\t<\/div>\n\t\t\n\t\t<a class=\"elementor-post__read-more\" href=\"https:\/\/observatoriodeldolor.com\/en\/ose-antonio-moral-munoz-co-edita-la-primera-guia-nacional-sobre-salud-digital-y-dolor-para-profesionales-sanitarios\/\" aria-label=\"Read more about Jos\u00e9 Antonio Moral Mu\u00f1oz co-edits the first national guide on Digital Health and Pain for healthcare professionals\" tabindex=\"-1\" >\n\t\t\tRead more \u00bb\t\t<\/a>\n\n\t\t\t\t<\/div>\n\t\t\t\t<\/article>\n\t\t\t\t<article class=\"elementor-post elementor-grid-item post-4840 post type-post status-publish format-standard has-post-thumbnail hentry category-news-en\" role=\"listitem\">\n\t\t\t\t<a class=\"elementor-post__thumbnail__link\" href=\"https:\/\/observatoriodeldolor.com\/en\/bmc-public-health-publishes-an-observatory-of-pain-study-on-the-differential-impact-of-chronic-pain-by-sex\/\" tabindex=\"-1\" >\n\t\t\t<div class=\"elementor-post__thumbnail\"><img loading=\"lazy\" decoding=\"async\" width=\"300\" height=\"169\" src=\"https:\/\/observatoriodeldolor.com\/wp-content\/uploads\/2026\/04\/Foto-observatorio-27-abril-300x169.jpg\" class=\"attachment-medium size-medium wp-image-4838\" alt=\"\" srcset=\"https:\/\/observatoriodeldolor.com\/wp-content\/uploads\/2026\/04\/Foto-observatorio-27-abril-300x169.jpg 300w, https:\/\/observatoriodeldolor.com\/wp-content\/uploads\/2026\/04\/Foto-observatorio-27-abril-1024x576.jpg 1024w, https:\/\/observatoriodeldolor.com\/wp-content\/uploads\/2026\/04\/Foto-observatorio-27-abril-768x432.jpg 768w, https:\/\/observatoriodeldolor.com\/wp-content\/uploads\/2026\/04\/Foto-observatorio-27-abril-1536x864.jpg 1536w, https:\/\/observatoriodeldolor.com\/wp-content\/uploads\/2026\/04\/Foto-observatorio-27-abril-150x85.jpg?crop=1 150w, https:\/\/observatoriodeldolor.com\/wp-content\/uploads\/2026\/04\/Foto-observatorio-27-abril-600x338.jpg 600w, https:\/\/observatoriodeldolor.com\/wp-content\/uploads\/2026\/04\/Foto-observatorio-27-abril.jpg 1920w\" sizes=\"(max-width: 300px) 100vw, 300px\" \/><\/div>\n\t\t<\/a>\n\t\t\t\t<div class=\"elementor-post__text\">\n\t\t\t\t<h3 class=\"elementor-post__title\">\n\t\t\t<a href=\"https:\/\/observatoriodeldolor.com\/en\/bmc-public-health-publishes-an-observatory-of-pain-study-on-the-differential-impact-of-chronic-pain-by-sex\/\" >\n\t\t\t\tBMC Public Health publishes an Observatory of Pain study on the differential impact of chronic pain by sex\t\t\t<\/a>\n\t\t<\/h3>\n\t\t\t\t<div class=\"elementor-post__meta-data\">\n\t\t\t\t\t<span class=\"elementor-post-date\">\n\t\t\tApril 27, 2026\t\t<\/span>\n\t\t\t\t<\/div>\n\t\t\t\t<div class=\"elementor-post__excerpt\">\n\t\t\t<p>BMC Public Health has published a new study by the Observatory of Pain team analysing the differences between women and men with chronic pain in<\/p>\n\t\t<\/div>\n\t\t\n\t\t<a class=\"elementor-post__read-more\" href=\"https:\/\/observatoriodeldolor.com\/en\/bmc-public-health-publishes-an-observatory-of-pain-study-on-the-differential-impact-of-chronic-pain-by-sex\/\" aria-label=\"Read more about BMC Public Health publishes an Observatory of Pain study on the differential impact of chronic pain by sex\" tabindex=\"-1\" >\n\t\t\tRead more \u00bb\t\t<\/a>\n\n\t\t\t\t<\/div>\n\t\t\t\t<\/article>\n\t\t\t\t<article class=\"elementor-post elementor-grid-item post-4745 post type-post status-publish format-standard has-post-thumbnail hentry category-news-en\" role=\"listitem\">\n\t\t\t\t<a class=\"elementor-post__thumbnail__link\" href=\"https:\/\/observatoriodeldolor.com\/en\/marta-moreno-reconocida-con-el-accesit-del-premio-in-memoriam-profesor-martin-farfan\/\" tabindex=\"-1\" >\n\t\t\t<div class=\"elementor-post__thumbnail\"><img loading=\"lazy\" decoding=\"async\" width=\"169\" height=\"300\" src=\"https:\/\/observatoriodeldolor.com\/wp-content\/uploads\/2026\/01\/08d38c70-b25a-4cbc-9dce-b3e9f3cec37b-169x300.jpeg\" class=\"attachment-medium size-medium wp-image-4741\" alt=\"\" srcset=\"https:\/\/observatoriodeldolor.com\/wp-content\/uploads\/2026\/01\/08d38c70-b25a-4cbc-9dce-b3e9f3cec37b-169x300.jpeg 169w, https:\/\/observatoriodeldolor.com\/wp-content\/uploads\/2026\/01\/08d38c70-b25a-4cbc-9dce-b3e9f3cec37b-576x1024.jpeg 576w, https:\/\/observatoriodeldolor.com\/wp-content\/uploads\/2026\/01\/08d38c70-b25a-4cbc-9dce-b3e9f3cec37b-768x1365.jpeg 768w, https:\/\/observatoriodeldolor.com\/wp-content\/uploads\/2026\/01\/08d38c70-b25a-4cbc-9dce-b3e9f3cec37b-864x1536.jpeg 864w, https:\/\/observatoriodeldolor.com\/wp-content\/uploads\/2026\/01\/08d38c70-b25a-4cbc-9dce-b3e9f3cec37b-1152x2048.jpeg 1152w, https:\/\/observatoriodeldolor.com\/wp-content\/uploads\/2026\/01\/08d38c70-b25a-4cbc-9dce-b3e9f3cec37b-562x999.jpeg 562w\" sizes=\"(max-width: 169px) 100vw, 169px\" \/><\/div>\n\t\t<\/a>\n\t\t\t\t<div class=\"elementor-post__text\">\n\t\t\t\t<h3 class=\"elementor-post__title\">\n\t\t\t<a href=\"https:\/\/observatoriodeldolor.com\/en\/marta-moreno-reconocida-con-el-accesit-del-premio-in-memoriam-profesor-martin-farfan\/\" >\n\t\t\t\tMarta Moreno Receives the Special Mention of the \u201cIn Memoriam Professor Mart\u00edn Farf\u00e1n\u201d Award\t\t\t<\/a>\n\t\t<\/h3>\n\t\t\t\t<div class=\"elementor-post__meta-data\">\n\t\t\t\t\t<span class=\"elementor-post-date\">\n\t\t\tJanuary 28, 2026\t\t<\/span>\n\t\t\t\t<\/div>\n\t\t\t\t<div class=\"elementor-post__excerpt\">\n\t\t\t<p>The commitment to applied, rigorous, and impactful research once again places the Pain Observatory at the forefront of the academic field. Marta Moreno Ligero, physiotherapist,<\/p>\n\t\t<\/div>\n\t\t\n\t\t<a class=\"elementor-post__read-more\" href=\"https:\/\/observatoriodeldolor.com\/en\/marta-moreno-reconocida-con-el-accesit-del-premio-in-memoriam-profesor-martin-farfan\/\" aria-label=\"Read more about Marta Moreno Receives the Special Mention of the \u201cIn Memoriam Professor Mart\u00edn Farf\u00e1n\u201d Award\" tabindex=\"-1\" >\n\t\t\tRead more \u00bb\t\t<\/a>\n\n\t\t\t\t<\/div>\n\t\t\t\t<\/article>\n\t\t\t\t<article class=\"elementor-post elementor-grid-item post-4444 post type-post status-publish format-standard has-post-thumbnail hentry category-news-en\" role=\"listitem\">\n\t\t\t\t<a class=\"elementor-post__thumbnail__link\" href=\"https:\/\/observatoriodeldolor.com\/en\/dos-interesantes-presentaciones-del-observatorio-en-el-congreso-de-la-sed-de-malaga\/\" tabindex=\"-1\" >\n\t\t\t<div class=\"elementor-post__thumbnail\"><img loading=\"lazy\" decoding=\"async\" width=\"169\" height=\"300\" src=\"https:\/\/observatoriodeldolor.com\/wp-content\/uploads\/2025\/06\/Foto-congreso-SED-Malaga-169x300.jpg\" class=\"attachment-medium size-medium wp-image-4433\" alt=\"\" srcset=\"https:\/\/observatoriodeldolor.com\/wp-content\/uploads\/2025\/06\/Foto-congreso-SED-Malaga-169x300.jpg 169w, https:\/\/observatoriodeldolor.com\/wp-content\/uploads\/2025\/06\/Foto-congreso-SED-Malaga-576x1024.jpg 576w, https:\/\/observatoriodeldolor.com\/wp-content\/uploads\/2025\/06\/Foto-congreso-SED-Malaga-768x1365.jpg 768w, https:\/\/observatoriodeldolor.com\/wp-content\/uploads\/2025\/06\/Foto-congreso-SED-Malaga-864x1536.jpg 864w, https:\/\/observatoriodeldolor.com\/wp-content\/uploads\/2025\/06\/Foto-congreso-SED-Malaga-1152x2048.jpg 1152w, https:\/\/observatoriodeldolor.com\/wp-content\/uploads\/2025\/06\/Foto-congreso-SED-Malaga-562x999.jpg 562w\" sizes=\"(max-width: 169px) 100vw, 169px\" \/><\/div>\n\t\t<\/a>\n\t\t\t\t<div class=\"elementor-post__text\">\n\t\t\t\t<h3 class=\"elementor-post__title\">\n\t\t\t<a href=\"https:\/\/observatoriodeldolor.com\/en\/dos-interesantes-presentaciones-del-observatorio-en-el-congreso-de-la-sed-de-malaga\/\" >\n\t\t\t\tTwo Noteworthy Presentations by the Pain Observatory at the SED Congress in M\u00e1laga\t\t\t<\/a>\n\t\t<\/h3>\n\t\t\t\t<div class=\"elementor-post__meta-data\">\n\t\t\t\t\t<span class=\"elementor-post-date\">\n\t\t\tJune 4, 2025\t\t<\/span>\n\t\t\t\t<\/div>\n\t\t\t\t<div class=\"elementor-post__excerpt\">\n\t\t\t<p>From 28 to 30 May, the 21st Congress of the Spanish Pain Society (SED) took place at the Trade Fair and Congress Centre in M\u00e1laga.<\/p>\n\t\t<\/div>\n\t\t\n\t\t<a class=\"elementor-post__read-more\" href=\"https:\/\/observatoriodeldolor.com\/en\/dos-interesantes-presentaciones-del-observatorio-en-el-congreso-de-la-sed-de-malaga\/\" aria-label=\"Read more about Two Noteworthy Presentations by the Pain Observatory at the SED Congress in M\u00e1laga\" tabindex=\"-1\" >\n\t\t\tRead more \u00bb\t\t<\/a>\n\n\t\t\t\t<\/div>\n\t\t\t\t<\/article>\n\t\t\t\t<article class=\"elementor-post elementor-grid-item post-4363 post type-post status-publish format-standard has-post-thumbnail hentry category-news-en\" role=\"listitem\">\n\t\t\t\t<a class=\"elementor-post__thumbnail__link\" href=\"https:\/\/observatoriodeldolor.com\/en\/una-mas-que-merecida-distincion-cum-laude-para-la-tesis-doctoral-de-marta-moreno\/\" tabindex=\"-1\" >\n\t\t\t<div class=\"elementor-post__thumbnail\"><img loading=\"lazy\" decoding=\"async\" width=\"300\" height=\"225\" src=\"https:\/\/observatoriodeldolor.com\/wp-content\/uploads\/2025\/04\/Foto-todos-300x225.jpeg\" class=\"attachment-medium size-medium wp-image-4360\" alt=\"\" srcset=\"https:\/\/observatoriodeldolor.com\/wp-content\/uploads\/2025\/04\/Foto-todos-300x225.jpeg 300w, https:\/\/observatoriodeldolor.com\/wp-content\/uploads\/2025\/04\/Foto-todos-1024x768.jpeg 1024w, https:\/\/observatoriodeldolor.com\/wp-content\/uploads\/2025\/04\/Foto-todos-768x576.jpeg 768w, https:\/\/observatoriodeldolor.com\/wp-content\/uploads\/2025\/04\/Foto-todos-1536x1152.jpeg 1536w, https:\/\/observatoriodeldolor.com\/wp-content\/uploads\/2025\/04\/Foto-todos-600x450.jpeg?crop=1 600w, https:\/\/observatoriodeldolor.com\/wp-content\/uploads\/2025\/04\/Foto-todos.jpeg 1600w\" sizes=\"(max-width: 300px) 100vw, 300px\" \/><\/div>\n\t\t<\/a>\n\t\t\t\t<div class=\"elementor-post__text\">\n\t\t\t\t<h3 class=\"elementor-post__title\">\n\t\t\t<a href=\"https:\/\/observatoriodeldolor.com\/en\/una-mas-que-merecida-distincion-cum-laude-para-la-tesis-doctoral-de-marta-moreno\/\" >\n\t\t\t\tCum Laude Distinction for Marta Moreno&#8217;s Doctoral Thesis\t\t\t<\/a>\n\t\t<\/h3>\n\t\t\t\t<div class=\"elementor-post__meta-data\">\n\t\t\t\t\t<span class=\"elementor-post-date\">\n\t\t\tApril 2, 2025\t\t<\/span>\n\t\t\t\t<\/div>\n\t\t\t\t<div class=\"elementor-post__excerpt\">\n\t\t\t<p>On 14 February 2025, our colleague from the Pain Observatory, Marta Moreno, defended her doctoral thesis titled \u201cEffectiveness of a Physical Exercise-based Intervention delivered by<\/p>\n\t\t<\/div>\n\t\t\n\t\t<a class=\"elementor-post__read-more\" href=\"https:\/\/observatoriodeldolor.com\/en\/una-mas-que-merecida-distincion-cum-laude-para-la-tesis-doctoral-de-marta-moreno\/\" aria-label=\"Read more about Cum Laude Distinction for Marta Moreno&#8217;s Doctoral Thesis\" tabindex=\"-1\" >\n\t\t\tRead more \u00bb\t\t<\/a>\n\n\t\t\t\t<\/div>\n\t\t\t\t<\/article>\n\t\t\t\t<article class=\"elementor-post elementor-grid-item post-4269 post type-post status-publish format-standard has-post-thumbnail hentry category-news-en\" role=\"listitem\">\n\t\t\t\t<a class=\"elementor-post__thumbnail__link\" href=\"https:\/\/observatoriodeldolor.com\/en\/inmaculada-failde-directora-del-observatorio-del-dolor-recibe-el-premio-gaditana-del-ano-en-el-area-cientifica\/\" tabindex=\"-1\" >\n\t\t\t<div class=\"elementor-post__thumbnail\"><img loading=\"lazy\" decoding=\"async\" width=\"300\" height=\"225\" src=\"https:\/\/observatoriodeldolor.com\/wp-content\/uploads\/2024\/12\/WhatsApp-Image-2024-12-18-at-20.43.50-1-300x225.jpeg\" class=\"attachment-medium size-medium wp-image-4264\" alt=\"\" srcset=\"https:\/\/observatoriodeldolor.com\/wp-content\/uploads\/2024\/12\/WhatsApp-Image-2024-12-18-at-20.43.50-1-300x225.jpeg 300w, https:\/\/observatoriodeldolor.com\/wp-content\/uploads\/2024\/12\/WhatsApp-Image-2024-12-18-at-20.43.50-1-1024x768.jpeg 1024w, https:\/\/observatoriodeldolor.com\/wp-content\/uploads\/2024\/12\/WhatsApp-Image-2024-12-18-at-20.43.50-1-768x576.jpeg 768w, https:\/\/observatoriodeldolor.com\/wp-content\/uploads\/2024\/12\/WhatsApp-Image-2024-12-18-at-20.43.50-1-1536x1152.jpeg 1536w, https:\/\/observatoriodeldolor.com\/wp-content\/uploads\/2024\/12\/WhatsApp-Image-2024-12-18-at-20.43.50-1-600x450.jpeg?crop=1 600w, https:\/\/observatoriodeldolor.com\/wp-content\/uploads\/2024\/12\/WhatsApp-Image-2024-12-18-at-20.43.50-1.jpeg 1600w\" sizes=\"(max-width: 300px) 100vw, 300px\" \/><\/div>\n\t\t<\/a>\n\t\t\t\t<div class=\"elementor-post__text\">\n\t\t\t\t<h3 class=\"elementor-post__title\">\n\t\t\t<a href=\"https:\/\/observatoriodeldolor.com\/en\/inmaculada-failde-directora-del-observatorio-del-dolor-recibe-el-premio-gaditana-del-ano-en-el-area-cientifica\/\" >\n\t\t\t\tInmaculada Failde, Director of the Pain Observatory, Receives the Gaditana of the Year Award in the Scientific Field\t\t\t<\/a>\n\t\t<\/h3>\n\t\t\t\t<div class=\"elementor-post__meta-data\">\n\t\t\t\t\t<span class=\"elementor-post-date\">\n\t\t\tDecember 19, 2024\t\t<\/span>\n\t\t\t\t<\/div>\n\t\t\t\t<div class=\"elementor-post__excerpt\">\n\t\t\t<p>On 13th December, the Ateneo Literario, Art\u00edstico y Cient\u00edfico de C\u00e1diz held the 23rd edition of its Gaditanos of the Year Awards, an event dedicated<\/p>\n\t\t<\/div>\n\t\t\n\t\t<a class=\"elementor-post__read-more\" href=\"https:\/\/observatoriodeldolor.com\/en\/inmaculada-failde-directora-del-observatorio-del-dolor-recibe-el-premio-gaditana-del-ano-en-el-area-cientifica\/\" aria-label=\"Read more about Inmaculada Failde, Director of the Pain Observatory, Receives the Gaditana of the Year Award in the Scientific Field\" tabindex=\"-1\" >\n\t\t\tRead more \u00bb\t\t<\/a>\n\n\t\t\t\t<\/div>\n\t\t\t\t<\/article>\n\t\t\t\t<article class=\"elementor-post elementor-grid-item post-4239 post type-post status-publish format-standard has-post-thumbnail hentry category-news-en\" role=\"listitem\">\n\t\t\t\t<a class=\"elementor-post__thumbnail__link\" href=\"https:\/\/observatoriodeldolor.com\/en\/we-have-published-a-new-article-in-the-journal-of-rehabilitation-medicine\/\" tabindex=\"-1\" >\n\t\t\t<div class=\"elementor-post__thumbnail\"><img loading=\"lazy\" decoding=\"async\" width=\"300\" height=\"167\" src=\"https:\/\/observatoriodeldolor.com\/wp-content\/uploads\/2024\/11\/Captura-de-pantalla-2024-11-28-a-las-9.45.54-300x167.png\" class=\"attachment-medium size-medium wp-image-4237\" alt=\"\" srcset=\"https:\/\/observatoriodeldolor.com\/wp-content\/uploads\/2024\/11\/Captura-de-pantalla-2024-11-28-a-las-9.45.54-300x167.png 300w, https:\/\/observatoriodeldolor.com\/wp-content\/uploads\/2024\/11\/Captura-de-pantalla-2024-11-28-a-las-9.45.54-1024x569.png 1024w, https:\/\/observatoriodeldolor.com\/wp-content\/uploads\/2024\/11\/Captura-de-pantalla-2024-11-28-a-las-9.45.54-768x426.png 768w, https:\/\/observatoriodeldolor.com\/wp-content\/uploads\/2024\/11\/Captura-de-pantalla-2024-11-28-a-las-9.45.54-1536x853.png 1536w, https:\/\/observatoriodeldolor.com\/wp-content\/uploads\/2024\/11\/Captura-de-pantalla-2024-11-28-a-las-9.45.54-150x85.png?crop=1 150w, https:\/\/observatoriodeldolor.com\/wp-content\/uploads\/2024\/11\/Captura-de-pantalla-2024-11-28-a-las-9.45.54-1170x650.png?crop=1 1170w, https:\/\/observatoriodeldolor.com\/wp-content\/uploads\/2024\/11\/Captura-de-pantalla-2024-11-28-a-las-9.45.54-600x333.png 600w, https:\/\/observatoriodeldolor.com\/wp-content\/uploads\/2024\/11\/Captura-de-pantalla-2024-11-28-a-las-9.45.54.png 2024w\" sizes=\"(max-width: 300px) 100vw, 300px\" \/><\/div>\n\t\t<\/a>\n\t\t\t\t<div class=\"elementor-post__text\">\n\t\t\t\t<h3 class=\"elementor-post__title\">\n\t\t\t<a href=\"https:\/\/observatoriodeldolor.com\/en\/we-have-published-a-new-article-in-the-journal-of-rehabilitation-medicine\/\" >\n\t\t\t\tWe Have Published a New Article in the Journal of Rehabilitation Medicine\t\t\t<\/a>\n\t\t<\/h3>\n\t\t\t\t<div class=\"elementor-post__meta-data\">\n\t\t\t\t\t<span class=\"elementor-post-date\">\n\t\t\tNovember 28, 2024\t\t<\/span>\n\t\t\t\t<\/div>\n\t\t\t\t<div class=\"elementor-post__excerpt\">\n\t\t\t<p>The international Journal of Rehabilitation Medicine has recently published our study titled \u201cFactors associated with pain-related functional interference in people with chronic low back pain<\/p>\n\t\t<\/div>\n\t\t\n\t\t<a class=\"elementor-post__read-more\" href=\"https:\/\/observatoriodeldolor.com\/en\/we-have-published-a-new-article-in-the-journal-of-rehabilitation-medicine\/\" aria-label=\"Read more about We Have Published a New Article in the Journal of Rehabilitation Medicine\" tabindex=\"-1\" >\n\t\t\tRead more \u00bb\t\t<\/a>\n\n\t\t\t\t<\/div>\n\t\t\t\t<\/article>\n\t\t\t\t<article class=\"elementor-post elementor-grid-item post-4184 post type-post status-publish format-standard has-post-thumbnail hentry category-news-en\" role=\"listitem\">\n\t\t\t\t<a class=\"elementor-post__thumbnail__link\" href=\"https:\/\/observatoriodeldolor.com\/en\/4177\/\" tabindex=\"-1\" >\n\t\t\t<div class=\"elementor-post__thumbnail\"><img loading=\"lazy\" decoding=\"async\" width=\"169\" height=\"300\" src=\"https:\/\/observatoriodeldolor.com\/wp-content\/uploads\/2024\/10\/FullSizeRenderfoto-congreso-1-169x300.jpg\" class=\"attachment-medium size-medium wp-image-4180\" alt=\"\" srcset=\"https:\/\/observatoriodeldolor.com\/wp-content\/uploads\/2024\/10\/FullSizeRenderfoto-congreso-1-169x300.jpg 169w, https:\/\/observatoriodeldolor.com\/wp-content\/uploads\/2024\/10\/FullSizeRenderfoto-congreso-1-576x1024.jpg 576w, https:\/\/observatoriodeldolor.com\/wp-content\/uploads\/2024\/10\/FullSizeRenderfoto-congreso-1-768x1365.jpg 768w, https:\/\/observatoriodeldolor.com\/wp-content\/uploads\/2024\/10\/FullSizeRenderfoto-congreso-1-864x1536.jpg 864w, https:\/\/observatoriodeldolor.com\/wp-content\/uploads\/2024\/10\/FullSizeRenderfoto-congreso-1-1152x2048.jpg 1152w, https:\/\/observatoriodeldolor.com\/wp-content\/uploads\/2024\/10\/FullSizeRenderfoto-congreso-1-562x999.jpg 562w\" sizes=\"(max-width: 169px) 100vw, 169px\" \/><\/div>\n\t\t<\/a>\n\t\t\t\t<div class=\"elementor-post__text\">\n\t\t\t\t<h3 class=\"elementor-post__title\">\n\t\t\t<a href=\"https:\/\/observatoriodeldolor.com\/en\/4177\/\" >\n\t\t\t\tWe attended the 1st National Congress on Physiotherapy and Pain\t\t\t<\/a>\n\t\t<\/h3>\n\t\t\t\t<div class=\"elementor-post__meta-data\">\n\t\t\t\t\t<span class=\"elementor-post-date\">\n\t\t\tOctober 25, 2024\t\t<\/span>\n\t\t\t\t<\/div>\n\t\t\t\t<div class=\"elementor-post__excerpt\">\n\t\t\t<p>Last weekend, the first National Congress on Physiotherapy and Pain was held at the Madrid Trade Fair Institution (IFEMA), organized by the Professional Association of<\/p>\n\t\t<\/div>\n\t\t\n\t\t<a class=\"elementor-post__read-more\" href=\"https:\/\/observatoriodeldolor.com\/en\/4177\/\" aria-label=\"Read more about We attended the 1st National Congress on Physiotherapy and Pain\" tabindex=\"-1\" >\n\t\t\tRead more \u00bb\t\t<\/a>\n\n\t\t\t\t<\/div>\n\t\t\t\t<\/article>\n\t\t\t\t<article class=\"elementor-post elementor-grid-item post-4134 post type-post status-publish format-standard has-post-thumbnail hentry category-news-en tag-congreso-dolor-en tag-dolor-en-espana-en tag-observatorio-dolor-en\" role=\"listitem\">\n\t\t\t\t<a class=\"elementor-post__thumbnail__link\" href=\"https:\/\/observatoriodeldolor.com\/en\/el-observatorio-del-dolor-participa-en-el-congreso-de-epidemiologia\/\" tabindex=\"-1\" >\n\t\t\t<div class=\"elementor-post__thumbnail\"><img loading=\"lazy\" decoding=\"async\" width=\"140\" height=\"300\" src=\"https:\/\/observatoriodeldolor.com\/wp-content\/uploads\/2024\/10\/01-140x300.jpeg\" class=\"attachment-medium size-medium wp-image-4125\" alt=\"\" srcset=\"https:\/\/observatoriodeldolor.com\/wp-content\/uploads\/2024\/10\/01-140x300.jpeg 140w, https:\/\/observatoriodeldolor.com\/wp-content\/uploads\/2024\/10\/01-478x1024.jpeg 478w, https:\/\/observatoriodeldolor.com\/wp-content\/uploads\/2024\/10\/01-466x999.jpeg 466w, https:\/\/observatoriodeldolor.com\/wp-content\/uploads\/2024\/10\/01.jpeg 560w\" sizes=\"(max-width: 140px) 100vw, 140px\" \/><\/div>\n\t\t<\/a>\n\t\t\t\t<div class=\"elementor-post__text\">\n\t\t\t\t<h3 class=\"elementor-post__title\">\n\t\t\t<a href=\"https:\/\/observatoriodeldolor.com\/en\/el-observatorio-del-dolor-participa-en-el-congreso-de-epidemiologia\/\" >\n\t\t\t\tThe Pain Observatory at the Epidemiology Congress\t\t\t<\/a>\n\t\t<\/h3>\n\t\t\t\t<div class=\"elementor-post__meta-data\">\n\t\t\t\t\t<span class=\"elementor-post-date\">\n\t\t\tOctober 7, 2024\t\t<\/span>\n\t\t\t\t<\/div>\n\t\t\t\t<div class=\"elementor-post__excerpt\">\n\t\t\t<p>The XLII Annual Meeting of the Spanish Society of Epidemiology (SEE) and XIC Congresso da Associa\u00e7\u00e3o Portuguesa de Epidemiologia (APE) was held in Cadiz from<\/p>\n\t\t<\/div>\n\t\t\n\t\t<a class=\"elementor-post__read-more\" href=\"https:\/\/observatoriodeldolor.com\/en\/el-observatorio-del-dolor-participa-en-el-congreso-de-epidemiologia\/\" aria-label=\"Read more about The Pain Observatory at the Epidemiology Congress\" tabindex=\"-1\" >\n\t\t\tRead more \u00bb\t\t<\/a>\n\n\t\t\t\t<\/div>\n\t\t\t\t<\/article>\n\t\t\t\t<article class=\"elementor-post elementor-grid-item post-4069 post type-post status-publish format-standard has-post-thumbnail hentry category-news-en\" role=\"listitem\">\n\t\t\t\t<a class=\"elementor-post__thumbnail__link\" href=\"https:\/\/observatoriodeldolor.com\/en\/the-european-journal-of-pain-publishes-our-first-study-derived-from-the-2022-chronic-pain-barometer-in-spain\/\" tabindex=\"-1\" >\n\t\t\t<div class=\"elementor-post__thumbnail\"><img loading=\"lazy\" decoding=\"async\" width=\"300\" height=\"169\" src=\"https:\/\/observatoriodeldolor.com\/wp-content\/uploads\/2024\/07\/foto-noticia-observatorio-300x169.jpg\" class=\"attachment-medium size-medium wp-image-4067\" alt=\"\" srcset=\"https:\/\/observatoriodeldolor.com\/wp-content\/uploads\/2024\/07\/foto-noticia-observatorio-300x169.jpg 300w, https:\/\/observatoriodeldolor.com\/wp-content\/uploads\/2024\/07\/foto-noticia-observatorio-1024x576.jpg 1024w, https:\/\/observatoriodeldolor.com\/wp-content\/uploads\/2024\/07\/foto-noticia-observatorio-768x432.jpg 768w, https:\/\/observatoriodeldolor.com\/wp-content\/uploads\/2024\/07\/foto-noticia-observatorio-1536x864.jpg 1536w, https:\/\/observatoriodeldolor.com\/wp-content\/uploads\/2024\/07\/foto-noticia-observatorio-150x85.jpg?crop=1 150w, https:\/\/observatoriodeldolor.com\/wp-content\/uploads\/2024\/07\/foto-noticia-observatorio-600x338.jpg 600w, https:\/\/observatoriodeldolor.com\/wp-content\/uploads\/2024\/07\/foto-noticia-observatorio-1200x675.jpg 1200w, https:\/\/observatoriodeldolor.com\/wp-content\/uploads\/2024\/07\/foto-noticia-observatorio.jpg 1920w\" sizes=\"(max-width: 300px) 100vw, 300px\" \/><\/div>\n\t\t<\/a>\n\t\t\t\t<div class=\"elementor-post__text\">\n\t\t\t\t<h3 class=\"elementor-post__title\">\n\t\t\t<a href=\"https:\/\/observatoriodeldolor.com\/en\/the-european-journal-of-pain-publishes-our-first-study-derived-from-the-2022-chronic-pain-barometer-in-spain\/\" >\n\t\t\t\tThe European Journal of Pain publishes our first study derived from the 2022 Chronic Pain Barometer in Spain.\t\t\t<\/a>\n\t\t<\/h3>\n\t\t\t\t<div class=\"elementor-post__meta-data\">\n\t\t\t\t\t<span class=\"elementor-post-date\">\n\t\t\tJuly 25, 2024\t\t<\/span>\n\t\t\t\t<\/div>\n\t\t\t\t<div class=\"elementor-post__excerpt\">\n\t\t\t<p>The work titled \u201cPrevalence and epidemiological characteristics of chronic pain in the Spanish population. Results from the Pain Barometer\u201d (<a href=\"https:\/\/onlinelibrary.wiley.com\/doi\/10.1002\/ejp.4705\" rel=\"nofollow\">https:\/\/onlinelibrary.wiley.com\/doi\/10.1002\/ejp.4705<\/a>) has been published in the<\/p>\n\t\t<\/div>\n\t\t\n\t\t<a class=\"elementor-post__read-more\" href=\"https:\/\/observatoriodeldolor.com\/en\/the-european-journal-of-pain-publishes-our-first-study-derived-from-the-2022-chronic-pain-barometer-in-spain\/\" aria-label=\"Read more about The European Journal of Pain publishes our first study derived from the 2022 Chronic Pain Barometer in Spain.\" tabindex=\"-1\" >\n\t\t\tRead more \u00bb\t\t<\/a>\n\n\t\t\t\t<\/div>\n\t\t\t\t<\/article>\n\t\t\t\t<article class=\"elementor-post elementor-grid-item post-4049 post type-post status-publish format-standard has-post-thumbnail hentry category-news-en\" role=\"listitem\">\n\t\t\t\t<a class=\"elementor-post__thumbnail__link\" href=\"https:\/\/observatoriodeldolor.com\/en\/the-archives-of-physical-medicine-and-rehabilitation-publishes-our-article-on-the-pictographic-pain-interference-questionnaire\/\" tabindex=\"-1\" >\n\t\t\t<div class=\"elementor-post__thumbnail\"><img loading=\"lazy\" decoding=\"async\" width=\"300\" height=\"167\" src=\"https:\/\/observatoriodeldolor.com\/wp-content\/uploads\/2024\/07\/Captura-de-pantalla-2024-07-04-a-las-10.24.44-300x167.png\" class=\"attachment-medium size-medium wp-image-4046\" alt=\"\" srcset=\"https:\/\/observatoriodeldolor.com\/wp-content\/uploads\/2024\/07\/Captura-de-pantalla-2024-07-04-a-las-10.24.44-300x167.png 300w, https:\/\/observatoriodeldolor.com\/wp-content\/uploads\/2024\/07\/Captura-de-pantalla-2024-07-04-a-las-10.24.44-1024x571.png 1024w, https:\/\/observatoriodeldolor.com\/wp-content\/uploads\/2024\/07\/Captura-de-pantalla-2024-07-04-a-las-10.24.44-768x428.png 768w, https:\/\/observatoriodeldolor.com\/wp-content\/uploads\/2024\/07\/Captura-de-pantalla-2024-07-04-a-las-10.24.44-1536x856.png 1536w, https:\/\/observatoriodeldolor.com\/wp-content\/uploads\/2024\/07\/Captura-de-pantalla-2024-07-04-a-las-10.24.44-150x85.png?crop=1 150w, https:\/\/observatoriodeldolor.com\/wp-content\/uploads\/2024\/07\/Captura-de-pantalla-2024-07-04-a-las-10.24.44-1170x650.png?crop=1 1170w, https:\/\/observatoriodeldolor.com\/wp-content\/uploads\/2024\/07\/Captura-de-pantalla-2024-07-04-a-las-10.24.44-600x334.png 600w, https:\/\/observatoriodeldolor.com\/wp-content\/uploads\/2024\/07\/Captura-de-pantalla-2024-07-04-a-las-10.24.44-1200x669.png 1200w, https:\/\/observatoriodeldolor.com\/wp-content\/uploads\/2024\/07\/Captura-de-pantalla-2024-07-04-a-las-10.24.44.png 1784w\" sizes=\"(max-width: 300px) 100vw, 300px\" \/><\/div>\n\t\t<\/a>\n\t\t\t\t<div class=\"elementor-post__text\">\n\t\t\t\t<h3 class=\"elementor-post__title\">\n\t\t\t<a href=\"https:\/\/observatoriodeldolor.com\/en\/the-archives-of-physical-medicine-and-rehabilitation-publishes-our-article-on-the-pictographic-pain-interference-questionnaire\/\" >\n\t\t\t\tThe Archives of Physical Medicine and Rehabilitation publishes our article on the Pictographic Pain Interference Questionnaire\t\t\t<\/a>\n\t\t<\/h3>\n\t\t\t\t<div class=\"elementor-post__meta-data\">\n\t\t\t\t\t<span class=\"elementor-post-date\">\n\t\t\tJuly 4, 2024\t\t<\/span>\n\t\t\t\t<\/div>\n\t\t\t\t<div class=\"elementor-post__excerpt\">\n\t\t\t<p>The article titled \u201cPsychometric Properties of the Pictorial Pain Interference Questionnaire for Assessing Functional Interference in Chronic Low Back Pain\u201d has been recently published by<\/p>\n\t\t<\/div>\n\t\t\n\t\t<a class=\"elementor-post__read-more\" href=\"https:\/\/observatoriodeldolor.com\/en\/the-archives-of-physical-medicine-and-rehabilitation-publishes-our-article-on-the-pictographic-pain-interference-questionnaire\/\" aria-label=\"Read more about The Archives of Physical Medicine and Rehabilitation publishes our article on the Pictographic Pain Interference Questionnaire\" tabindex=\"-1\" >\n\t\t\tRead more \u00bb\t\t<\/a>\n\n\t\t\t\t<\/div>\n\t\t\t\t<\/article>\n\t\t\t\t<article class=\"elementor-post elementor-grid-item post-4013 post type-post status-publish format-standard has-post-thumbnail hentry category-news-en\" role=\"listitem\">\n\t\t\t\t<a class=\"elementor-post__thumbnail__link\" href=\"https:\/\/observatoriodeldolor.com\/en\/we-participated-in-the-sed-congress-leon-2024\/\" tabindex=\"-1\" >\n\t\t\t<div class=\"elementor-post__thumbnail\"><img loading=\"lazy\" decoding=\"async\" width=\"169\" height=\"300\" src=\"https:\/\/observatoriodeldolor.com\/wp-content\/uploads\/2024\/06\/71f9f2f0-cb70-4350-8b16-e5324b5a705b-1-169x300.jpg\" class=\"attachment-medium size-medium wp-image-4015\" alt=\"\" srcset=\"https:\/\/observatoriodeldolor.com\/wp-content\/uploads\/2024\/06\/71f9f2f0-cb70-4350-8b16-e5324b5a705b-1-169x300.jpg 169w, https:\/\/observatoriodeldolor.com\/wp-content\/uploads\/2024\/06\/71f9f2f0-cb70-4350-8b16-e5324b5a705b-1-576x1024.jpg 576w, https:\/\/observatoriodeldolor.com\/wp-content\/uploads\/2024\/06\/71f9f2f0-cb70-4350-8b16-e5324b5a705b-1-768x1365.jpg 768w, https:\/\/observatoriodeldolor.com\/wp-content\/uploads\/2024\/06\/71f9f2f0-cb70-4350-8b16-e5324b5a705b-1-864x1536.jpg 864w, https:\/\/observatoriodeldolor.com\/wp-content\/uploads\/2024\/06\/71f9f2f0-cb70-4350-8b16-e5324b5a705b-1-562x999.jpg 562w, https:\/\/observatoriodeldolor.com\/wp-content\/uploads\/2024\/06\/71f9f2f0-cb70-4350-8b16-e5324b5a705b-1.jpg 900w\" sizes=\"(max-width: 169px) 100vw, 169px\" \/><\/div>\n\t\t<\/a>\n\t\t\t\t<div class=\"elementor-post__text\">\n\t\t\t\t<h3 class=\"elementor-post__title\">\n\t\t\t<a href=\"https:\/\/observatoriodeldolor.com\/en\/we-participated-in-the-sed-congress-leon-2024\/\" >\n\t\t\t\tWe Participated in the SED Congress Le\u00f3n 2024\t\t\t<\/a>\n\t\t<\/h3>\n\t\t\t\t<div class=\"elementor-post__meta-data\">\n\t\t\t\t\t<span class=\"elementor-post-date\">\n\t\t\tJune 11, 2024\t\t<\/span>\n\t\t\t\t<\/div>\n\t\t\t\t<div class=\"elementor-post__excerpt\">\n\t\t\t<p>The XX Congress of the Spanish Pain Society (SED) took place last May, from Wednesday the 29th to Friday the 31st, at the Palacio de<\/p>\n\t\t<\/div>\n\t\t\n\t\t<a class=\"elementor-post__read-more\" href=\"https:\/\/observatoriodeldolor.com\/en\/we-participated-in-the-sed-congress-leon-2024\/\" aria-label=\"Read more about We Participated in the SED Congress Le\u00f3n 2024\" tabindex=\"-1\" >\n\t\t\tRead more \u00bb\t\t<\/a>\n\n\t\t\t\t<\/div>\n\t\t\t\t<\/article>\n\t\t\t\t<article class=\"elementor-post elementor-grid-item post-3971 post type-post status-publish format-standard has-post-thumbnail hentry category-news-en\" role=\"listitem\">\n\t\t\t\t<a class=\"elementor-post__thumbnail__link\" href=\"https:\/\/observatoriodeldolor.com\/en\/marta-moreno-returns-from-her-international-stay-at-the-university-of-cork\/\" tabindex=\"-1\" >\n\t\t\t<div class=\"elementor-post__thumbnail\"><img loading=\"lazy\" decoding=\"async\" width=\"225\" height=\"300\" src=\"https:\/\/observatoriodeldolor.com\/wp-content\/uploads\/2024\/05\/IMG_1678-225x300.jpg\" class=\"attachment-medium size-medium wp-image-3966\" alt=\"\" srcset=\"https:\/\/observatoriodeldolor.com\/wp-content\/uploads\/2024\/05\/IMG_1678-225x300.jpg 225w, https:\/\/observatoriodeldolor.com\/wp-content\/uploads\/2024\/05\/IMG_1678-768x1024.jpg 768w, https:\/\/observatoriodeldolor.com\/wp-content\/uploads\/2024\/05\/IMG_1678-1152x1536.jpg 1152w, https:\/\/observatoriodeldolor.com\/wp-content\/uploads\/2024\/05\/IMG_1678-1536x2048.jpg 1536w, https:\/\/observatoriodeldolor.com\/wp-content\/uploads\/2024\/05\/IMG_1678-600x800.jpg?crop=1 600w, https:\/\/observatoriodeldolor.com\/wp-content\/uploads\/2024\/05\/IMG_1678-900x1200.jpg?crop=1 900w, https:\/\/observatoriodeldolor.com\/wp-content\/uploads\/2024\/05\/IMG_1678-450x600.jpg?crop=1 450w, https:\/\/observatoriodeldolor.com\/wp-content\/uploads\/2024\/05\/IMG_1678-300x400.jpg?crop=1 300w, https:\/\/observatoriodeldolor.com\/wp-content\/uploads\/2024\/05\/IMG_1678-150x200.jpg?crop=1 150w, https:\/\/observatoriodeldolor.com\/wp-content\/uploads\/2024\/05\/IMG_1678-1200x1600.jpg 1200w\" sizes=\"(max-width: 225px) 100vw, 225px\" \/><\/div>\n\t\t<\/a>\n\t\t\t\t<div class=\"elementor-post__text\">\n\t\t\t\t<h3 class=\"elementor-post__title\">\n\t\t\t<a href=\"https:\/\/observatoriodeldolor.com\/en\/marta-moreno-returns-from-her-international-stay-at-the-university-of-cork\/\" >\n\t\t\t\tMarta Moreno returns from her international stay at the University of Cork\t\t\t<\/a>\n\t\t<\/h3>\n\t\t\t\t<div class=\"elementor-post__meta-data\">\n\t\t\t\t\t<span class=\"elementor-post-date\">\n\t\t\tMay 6, 2024\t\t<\/span>\n\t\t\t\t<\/div>\n\t\t\t\t<div class=\"elementor-post__excerpt\">\n\t\t\t<p>Our colleague and researcher Marta Moreno is back at the Pain Observatory after her international stay at the University of Cork, Ireland. From January to<\/p>\n\t\t<\/div>\n\t\t\n\t\t<a class=\"elementor-post__read-more\" href=\"https:\/\/observatoriodeldolor.com\/en\/marta-moreno-returns-from-her-international-stay-at-the-university-of-cork\/\" aria-label=\"Read more about Marta Moreno returns from her international stay at the University of Cork\" tabindex=\"-1\" >\n\t\t\tRead more \u00bb\t\t<\/a>\n\n\t\t\t\t<\/div>\n\t\t\t\t<\/article>\n\t\t\t\t<article class=\"elementor-post elementor-grid-item post-3949 post type-post status-publish format-standard has-post-thumbnail hentry category-news-en\" role=\"listitem\">\n\t\t\t\t<a class=\"elementor-post__thumbnail__link\" href=\"https:\/\/observatoriodeldolor.com\/en\/juan-antonio-peculos-thesis-directed-by-dr-inmaculada-failde-awarded-the-cum-laude-distinction\/\" tabindex=\"-1\" >\n\t\t\t<div class=\"elementor-post__thumbnail\"><img loading=\"lazy\" decoding=\"async\" width=\"300\" height=\"169\" src=\"https:\/\/observatoriodeldolor.com\/wp-content\/uploads\/2024\/04\/Imagen-de-WhatsApp-2024-03-13-a-las-14.32.14_289af8d2-300x169.jpg\" class=\"attachment-medium size-medium wp-image-3946\" alt=\"\" srcset=\"https:\/\/observatoriodeldolor.com\/wp-content\/uploads\/2024\/04\/Imagen-de-WhatsApp-2024-03-13-a-las-14.32.14_289af8d2-300x169.jpg 300w, https:\/\/observatoriodeldolor.com\/wp-content\/uploads\/2024\/04\/Imagen-de-WhatsApp-2024-03-13-a-las-14.32.14_289af8d2-1024x576.jpg 1024w, https:\/\/observatoriodeldolor.com\/wp-content\/uploads\/2024\/04\/Imagen-de-WhatsApp-2024-03-13-a-las-14.32.14_289af8d2-768x432.jpg 768w, https:\/\/observatoriodeldolor.com\/wp-content\/uploads\/2024\/04\/Imagen-de-WhatsApp-2024-03-13-a-las-14.32.14_289af8d2-1536x864.jpg 1536w, https:\/\/observatoriodeldolor.com\/wp-content\/uploads\/2024\/04\/Imagen-de-WhatsApp-2024-03-13-a-las-14.32.14_289af8d2-150x85.jpg?crop=1 150w, https:\/\/observatoriodeldolor.com\/wp-content\/uploads\/2024\/04\/Imagen-de-WhatsApp-2024-03-13-a-las-14.32.14_289af8d2-600x338.jpg 600w, https:\/\/observatoriodeldolor.com\/wp-content\/uploads\/2024\/04\/Imagen-de-WhatsApp-2024-03-13-a-las-14.32.14_289af8d2-1200x675.jpg 1200w, https:\/\/observatoriodeldolor.com\/wp-content\/uploads\/2024\/04\/Imagen-de-WhatsApp-2024-03-13-a-las-14.32.14_289af8d2.jpg 1600w\" sizes=\"(max-width: 300px) 100vw, 300px\" \/><\/div>\n\t\t<\/a>\n\t\t\t\t<div class=\"elementor-post__text\">\n\t\t\t\t<h3 class=\"elementor-post__title\">\n\t\t\t<a href=\"https:\/\/observatoriodeldolor.com\/en\/juan-antonio-peculos-thesis-directed-by-dr-inmaculada-failde-awarded-the-cum-laude-distinction\/\" >\n\t\t\t\tJuan Antonio P\u00e9culo&#8217;s thesis, directed by Dr. Inmaculada Failde, awarded the Cum Laude distinction\t\t\t<\/a>\n\t\t<\/h3>\n\t\t\t\t<div class=\"elementor-post__meta-data\">\n\t\t\t\t\t<span class=\"elementor-post-date\">\n\t\t\tApril 8, 2024\t\t<\/span>\n\t\t\t\t<\/div>\n\t\t\t\t<div class=\"elementor-post__excerpt\">\n\t\t\t<p>On March 13, 2024, Juan Antonio P\u00e9culo Carrasco successfully defended his doctoral thesis titled &#8220;Factors related to the perception of safety in assistance and transfers<\/p>\n\t\t<\/div>\n\t\t\n\t\t<a class=\"elementor-post__read-more\" href=\"https:\/\/observatoriodeldolor.com\/en\/juan-antonio-peculos-thesis-directed-by-dr-inmaculada-failde-awarded-the-cum-laude-distinction\/\" aria-label=\"Read more about Juan Antonio P\u00e9culo&#8217;s thesis, directed by Dr. Inmaculada Failde, awarded the Cum Laude distinction\" tabindex=\"-1\" >\n\t\t\tRead more \u00bb\t\t<\/a>\n\n\t\t\t\t<\/div>\n\t\t\t\t<\/article>\n\t\t\t\t<article class=\"elementor-post elementor-grid-item post-3928 post type-post status-publish format-standard has-post-thumbnail hentry category-news-en tag-dolor-en-espana-en tag-estudios-en-dolor-en\" role=\"listitem\">\n\t\t\t\t<a class=\"elementor-post__thumbnail__link\" href=\"https:\/\/observatoriodeldolor.com\/en\/how-male-and-female-identities-impact-on-pain\/\" tabindex=\"-1\" >\n\t\t\t<div class=\"elementor-post__thumbnail\"><img loading=\"lazy\" decoding=\"async\" width=\"300\" height=\"225\" src=\"https:\/\/observatoriodeldolor.com\/wp-content\/uploads\/2024\/03\/Imagen-de-WhatsApp-2024-03-05-a-las-12.02.48_68228816-300x225.jpg\" class=\"attachment-medium size-medium wp-image-3924\" alt=\"\" srcset=\"https:\/\/observatoriodeldolor.com\/wp-content\/uploads\/2024\/03\/Imagen-de-WhatsApp-2024-03-05-a-las-12.02.48_68228816-300x225.jpg 300w, https:\/\/observatoriodeldolor.com\/wp-content\/uploads\/2024\/03\/Imagen-de-WhatsApp-2024-03-05-a-las-12.02.48_68228816-1024x768.jpg 1024w, https:\/\/observatoriodeldolor.com\/wp-content\/uploads\/2024\/03\/Imagen-de-WhatsApp-2024-03-05-a-las-12.02.48_68228816-768x576.jpg 768w, https:\/\/observatoriodeldolor.com\/wp-content\/uploads\/2024\/03\/Imagen-de-WhatsApp-2024-03-05-a-las-12.02.48_68228816-1536x1152.jpg 1536w, https:\/\/observatoriodeldolor.com\/wp-content\/uploads\/2024\/03\/Imagen-de-WhatsApp-2024-03-05-a-las-12.02.48_68228816-600x450.jpg?crop=1 600w, https:\/\/observatoriodeldolor.com\/wp-content\/uploads\/2024\/03\/Imagen-de-WhatsApp-2024-03-05-a-las-12.02.48_68228816-1200x900.jpg?crop=1 1200w, https:\/\/observatoriodeldolor.com\/wp-content\/uploads\/2024\/03\/Imagen-de-WhatsApp-2024-03-05-a-las-12.02.48_68228816-800x600.jpg?crop=1 800w, https:\/\/observatoriodeldolor.com\/wp-content\/uploads\/2024\/03\/Imagen-de-WhatsApp-2024-03-05-a-las-12.02.48_68228816-400x300.jpg?crop=1 400w, https:\/\/observatoriodeldolor.com\/wp-content\/uploads\/2024\/03\/Imagen-de-WhatsApp-2024-03-05-a-las-12.02.48_68228816-200x150.jpg?crop=1 200w, https:\/\/observatoriodeldolor.com\/wp-content\/uploads\/2024\/03\/Imagen-de-WhatsApp-2024-03-05-a-las-12.02.48_68228816.jpg 1600w\" sizes=\"(max-width: 300px) 100vw, 300px\" \/><\/div>\n\t\t<\/a>\n\t\t\t\t<div class=\"elementor-post__text\">\n\t\t\t\t<h3 class=\"elementor-post__title\">\n\t\t\t<a href=\"https:\/\/observatoriodeldolor.com\/en\/how-male-and-female-identities-impact-on-pain\/\" >\n\t\t\t\tHow male and female identities impact on pain\t\t\t<\/a>\n\t\t<\/h3>\n\t\t\t\t<div class=\"elementor-post__meta-data\">\n\t\t\t\t\t<span class=\"elementor-post-date\">\n\t\t\tMarch 6, 2024\t\t<\/span>\n\t\t\t\t<\/div>\n\t\t\t\t<div class=\"elementor-post__excerpt\">\n\t\t\t<p>On 5 March 2024 the presentation of the White Paper on Health and Gender took place in the Spanish Congress of Deputies. This project has<\/p>\n\t\t<\/div>\n\t\t\n\t\t<a class=\"elementor-post__read-more\" href=\"https:\/\/observatoriodeldolor.com\/en\/how-male-and-female-identities-impact-on-pain\/\" aria-label=\"Read more about How male and female identities impact on pain\" tabindex=\"-1\" >\n\t\t\tRead more \u00bb\t\t<\/a>\n\n\t\t\t\t<\/div>\n\t\t\t\t<\/article>\n\t\t\t\t<article class=\"elementor-post elementor-grid-item post-3912 post type-post status-publish format-standard has-post-thumbnail hentry category-news-en tag-dolor-en tag-estudios-en-dolor-en\" role=\"listitem\">\n\t\t\t\t<a class=\"elementor-post__thumbnail__link\" href=\"https:\/\/observatoriodeldolor.com\/en\/what-are-the-main-differences-in-chronic-pain-between-men-and-women\/\" tabindex=\"-1\" >\n\t\t\t<div class=\"elementor-post__thumbnail\"><img loading=\"lazy\" decoding=\"async\" width=\"300\" height=\"225\" src=\"https:\/\/observatoriodeldolor.com\/wp-content\/uploads\/2024\/03\/GHkj9SHW4AAy5bJ-300x225.jpeg\" class=\"attachment-medium size-medium wp-image-3910\" alt=\"\" srcset=\"https:\/\/observatoriodeldolor.com\/wp-content\/uploads\/2024\/03\/GHkj9SHW4AAy5bJ-300x225.jpeg 300w, https:\/\/observatoriodeldolor.com\/wp-content\/uploads\/2024\/03\/GHkj9SHW4AAy5bJ-1024x768.jpeg 1024w, https:\/\/observatoriodeldolor.com\/wp-content\/uploads\/2024\/03\/GHkj9SHW4AAy5bJ-768x576.jpeg 768w, https:\/\/observatoriodeldolor.com\/wp-content\/uploads\/2024\/03\/GHkj9SHW4AAy5bJ-1536x1152.jpeg 1536w, https:\/\/observatoriodeldolor.com\/wp-content\/uploads\/2024\/03\/GHkj9SHW4AAy5bJ-600x450.jpeg?crop=1 600w, https:\/\/observatoriodeldolor.com\/wp-content\/uploads\/2024\/03\/GHkj9SHW4AAy5bJ-1200x900.jpeg?crop=1 1200w, https:\/\/observatoriodeldolor.com\/wp-content\/uploads\/2024\/03\/GHkj9SHW4AAy5bJ-800x600.jpeg?crop=1 800w, https:\/\/observatoriodeldolor.com\/wp-content\/uploads\/2024\/03\/GHkj9SHW4AAy5bJ-400x300.jpeg?crop=1 400w, https:\/\/observatoriodeldolor.com\/wp-content\/uploads\/2024\/03\/GHkj9SHW4AAy5bJ-200x150.jpeg?crop=1 200w, https:\/\/observatoriodeldolor.com\/wp-content\/uploads\/2024\/03\/GHkj9SHW4AAy5bJ.jpeg 1600w\" sizes=\"(max-width: 300px) 100vw, 300px\" \/><\/div>\n\t\t<\/a>\n\t\t\t\t<div class=\"elementor-post__text\">\n\t\t\t\t<h3 class=\"elementor-post__title\">\n\t\t\t<a href=\"https:\/\/observatoriodeldolor.com\/en\/what-are-the-main-differences-in-chronic-pain-between-men-and-women\/\" >\n\t\t\t\tWhat are the main differences in chronic pain between men and women?\t\t\t<\/a>\n\t\t<\/h3>\n\t\t\t\t<div class=\"elementor-post__meta-data\">\n\t\t\t\t\t<span class=\"elementor-post-date\">\n\t\t\tMarch 4, 2024\t\t<\/span>\n\t\t\t\t<\/div>\n\t\t\t\t<div class=\"elementor-post__excerpt\">\n\t\t\t<p>Last Friday March 1 took place in Barcelona the conference &#8220;Chronic Pain. Analysis of how Sex and Gender interact&#8221;. The event was held at the<\/p>\n\t\t<\/div>\n\t\t\n\t\t<a class=\"elementor-post__read-more\" href=\"https:\/\/observatoriodeldolor.com\/en\/what-are-the-main-differences-in-chronic-pain-between-men-and-women\/\" aria-label=\"Read more about What are the main differences in chronic pain between men and women?\" tabindex=\"-1\" >\n\t\t\tRead more \u00bb\t\t<\/a>\n\n\t\t\t\t<\/div>\n\t\t\t\t<\/article>\n\t\t\t\t<article class=\"elementor-post elementor-grid-item post-3879 post type-post status-publish format-standard has-post-thumbnail hentry category-our-interns\" role=\"listitem\">\n\t\t\t\t<a class=\"elementor-post__thumbnail__link\" href=\"https:\/\/observatoriodeldolor.com\/en\/la-profesora-fabiana-de-souza-orlandi-se-suma-al-equipo-del-observatorio-del-dolor\/\" tabindex=\"-1\" >\n\t\t\t<div class=\"elementor-post__thumbnail\"><img loading=\"lazy\" decoding=\"async\" width=\"225\" height=\"300\" src=\"https:\/\/observatoriodeldolor.com\/wp-content\/uploads\/2024\/02\/WhatsApp-Image-2024-02-05-at-22.42.51-225x300.jpeg\" class=\"attachment-medium size-medium wp-image-3877\" alt=\"\" srcset=\"https:\/\/observatoriodeldolor.com\/wp-content\/uploads\/2024\/02\/WhatsApp-Image-2024-02-05-at-22.42.51-225x300.jpeg 225w, https:\/\/observatoriodeldolor.com\/wp-content\/uploads\/2024\/02\/WhatsApp-Image-2024-02-05-at-22.42.51-768x1024.jpeg 768w, https:\/\/observatoriodeldolor.com\/wp-content\/uploads\/2024\/02\/WhatsApp-Image-2024-02-05-at-22.42.51-1152x1536.jpeg 1152w, https:\/\/observatoriodeldolor.com\/wp-content\/uploads\/2024\/02\/WhatsApp-Image-2024-02-05-at-22.42.51-600x800.jpeg?crop=1 600w, https:\/\/observatoriodeldolor.com\/wp-content\/uploads\/2024\/02\/WhatsApp-Image-2024-02-05-at-22.42.51-900x1200.jpeg?crop=1 900w, https:\/\/observatoriodeldolor.com\/wp-content\/uploads\/2024\/02\/WhatsApp-Image-2024-02-05-at-22.42.51-450x600.jpeg?crop=1 450w, https:\/\/observatoriodeldolor.com\/wp-content\/uploads\/2024\/02\/WhatsApp-Image-2024-02-05-at-22.42.51-300x400.jpeg?crop=1 300w, https:\/\/observatoriodeldolor.com\/wp-content\/uploads\/2024\/02\/WhatsApp-Image-2024-02-05-at-22.42.51-150x200.jpeg?crop=1 150w, https:\/\/observatoriodeldolor.com\/wp-content\/uploads\/2024\/02\/WhatsApp-Image-2024-02-05-at-22.42.51.jpeg 1200w\" sizes=\"(max-width: 225px) 100vw, 225px\" \/><\/div>\n\t\t<\/a>\n\t\t\t\t<div class=\"elementor-post__text\">\n\t\t\t\t<h3 class=\"elementor-post__title\">\n\t\t\t<a href=\"https:\/\/observatoriodeldolor.com\/en\/la-profesora-fabiana-de-souza-orlandi-se-suma-al-equipo-del-observatorio-del-dolor\/\" >\n\t\t\t\tProfessor Fabiana de Souza Orlandi joins the Pain Observatory team\t\t\t<\/a>\n\t\t<\/h3>\n\t\t\t\t<div class=\"elementor-post__meta-data\">\n\t\t\t\t\t<span class=\"elementor-post-date\">\n\t\t\tFebruary 6, 2024\t\t<\/span>\n\t\t\t\t<\/div>\n\t\t\t\t<div class=\"elementor-post__excerpt\">\n\t\t\t<p>For the next three months, the Pain Observatory team will have the pleasure of having the presence of Fabiana de Souza Orlandi, Associate Professor of<\/p>\n\t\t<\/div>\n\t\t\n\t\t<a class=\"elementor-post__read-more\" href=\"https:\/\/observatoriodeldolor.com\/en\/la-profesora-fabiana-de-souza-orlandi-se-suma-al-equipo-del-observatorio-del-dolor\/\" aria-label=\"Read more about Professor Fabiana de Souza Orlandi joins the Pain Observatory team\" tabindex=\"-1\" >\n\t\t\tRead more \u00bb\t\t<\/a>\n\n\t\t\t\t<\/div>\n\t\t\t\t<\/article>\n\t\t\t\t<article class=\"elementor-post elementor-grid-item post-3870 post type-post status-publish format-standard has-post-thumbnail hentry category-news-en\" role=\"listitem\">\n\t\t\t\t<a class=\"elementor-post__thumbnail__link\" href=\"https:\/\/observatoriodeldolor.com\/en\/mas-de-un-27-de-la-poblacion-en-cataluna-padece-dolor-cronico-la-tercera-comunidad-a-nivel-estatal\/\" tabindex=\"-1\" >\n\t\t\t<div class=\"elementor-post__thumbnail\"><img loading=\"lazy\" decoding=\"async\" width=\"300\" height=\"225\" src=\"https:\/\/observatoriodeldolor.com\/wp-content\/uploads\/2024\/02\/WhatsApp-Image-2024-02-05-at-14.27.49-300x225.jpeg\" class=\"attachment-medium size-medium wp-image-3868\" alt=\"\" srcset=\"https:\/\/observatoriodeldolor.com\/wp-content\/uploads\/2024\/02\/WhatsApp-Image-2024-02-05-at-14.27.49-300x225.jpeg 300w, https:\/\/observatoriodeldolor.com\/wp-content\/uploads\/2024\/02\/WhatsApp-Image-2024-02-05-at-14.27.49-1024x768.jpeg 1024w, https:\/\/observatoriodeldolor.com\/wp-content\/uploads\/2024\/02\/WhatsApp-Image-2024-02-05-at-14.27.49-768x576.jpeg 768w, https:\/\/observatoriodeldolor.com\/wp-content\/uploads\/2024\/02\/WhatsApp-Image-2024-02-05-at-14.27.49-1536x1152.jpeg 1536w, https:\/\/observatoriodeldolor.com\/wp-content\/uploads\/2024\/02\/WhatsApp-Image-2024-02-05-at-14.27.49-600x450.jpeg?crop=1 600w, https:\/\/observatoriodeldolor.com\/wp-content\/uploads\/2024\/02\/WhatsApp-Image-2024-02-05-at-14.27.49-1200x900.jpeg?crop=1 1200w, https:\/\/observatoriodeldolor.com\/wp-content\/uploads\/2024\/02\/WhatsApp-Image-2024-02-05-at-14.27.49-800x600.jpeg?crop=1 800w, https:\/\/observatoriodeldolor.com\/wp-content\/uploads\/2024\/02\/WhatsApp-Image-2024-02-05-at-14.27.49-400x300.jpeg?crop=1 400w, https:\/\/observatoriodeldolor.com\/wp-content\/uploads\/2024\/02\/WhatsApp-Image-2024-02-05-at-14.27.49-200x150.jpeg?crop=1 200w, https:\/\/observatoriodeldolor.com\/wp-content\/uploads\/2024\/02\/WhatsApp-Image-2024-02-05-at-14.27.49.jpeg 1600w\" sizes=\"(max-width: 300px) 100vw, 300px\" \/><\/div>\n\t\t<\/a>\n\t\t\t\t<div class=\"elementor-post__text\">\n\t\t\t\t<h3 class=\"elementor-post__title\">\n\t\t\t<a href=\"https:\/\/observatoriodeldolor.com\/en\/mas-de-un-27-de-la-poblacion-en-cataluna-padece-dolor-cronico-la-tercera-comunidad-a-nivel-estatal\/\" >\n\t\t\t\tMore than 27% of the population in Catalonia suffers from chronic pain, the third community at the national level\t\t\t<\/a>\n\t\t<\/h3>\n\t\t\t\t<div class=\"elementor-post__meta-data\">\n\t\t\t\t\t<span class=\"elementor-post-date\">\n\t\t\tFebruary 5, 2024\t\t<\/span>\n\t\t\t\t<\/div>\n\t\t\t\t<div class=\"elementor-post__excerpt\">\n\t\t\t<p>On February 1, the &#8216;Pain Forum&#8217; took place in Catalonia. An event organized by the Catalan Pain Society, with the collaboration of Gr\u00fcnenthal and the<\/p>\n\t\t<\/div>\n\t\t\n\t\t<a class=\"elementor-post__read-more\" href=\"https:\/\/observatoriodeldolor.com\/en\/mas-de-un-27-de-la-poblacion-en-cataluna-padece-dolor-cronico-la-tercera-comunidad-a-nivel-estatal\/\" aria-label=\"Read more about More than 27% of the population in Catalonia suffers from chronic pain, the third community at the national level\" tabindex=\"-1\" >\n\t\t\tRead more \u00bb\t\t<\/a>\n\n\t\t\t\t<\/div>\n\t\t\t\t<\/article>\n\t\t\t\t<article class=\"elementor-post elementor-grid-item post-3817 post type-post status-publish format-standard has-post-thumbnail hentry category-news-en\" role=\"listitem\">\n\t\t\t\t<a class=\"elementor-post__thumbnail__link\" href=\"https:\/\/observatoriodeldolor.com\/en\/alejandro-salazar-obtains-the-position-of-university-professor-at-the-university-of-cadiz\/\" tabindex=\"-1\" >\n\t\t\t<div class=\"elementor-post__thumbnail\"><img loading=\"lazy\" decoding=\"async\" width=\"225\" height=\"300\" src=\"https:\/\/observatoriodeldolor.com\/wp-content\/uploads\/2023\/12\/Toma-posesion-2-225x300.jpg\" class=\"attachment-medium size-medium wp-image-3815\" alt=\"\" srcset=\"https:\/\/observatoriodeldolor.com\/wp-content\/uploads\/2023\/12\/Toma-posesion-2-225x300.jpg 225w, https:\/\/observatoriodeldolor.com\/wp-content\/uploads\/2023\/12\/Toma-posesion-2-768x1024.jpg 768w, https:\/\/observatoriodeldolor.com\/wp-content\/uploads\/2023\/12\/Toma-posesion-2-1152x1536.jpg 1152w, https:\/\/observatoriodeldolor.com\/wp-content\/uploads\/2023\/12\/Toma-posesion-2-600x800.jpg?crop=1 600w, https:\/\/observatoriodeldolor.com\/wp-content\/uploads\/2023\/12\/Toma-posesion-2-900x1200.jpg?crop=1 900w, https:\/\/observatoriodeldolor.com\/wp-content\/uploads\/2023\/12\/Toma-posesion-2-450x600.jpg?crop=1 450w, https:\/\/observatoriodeldolor.com\/wp-content\/uploads\/2023\/12\/Toma-posesion-2-300x400.jpg?crop=1 300w, https:\/\/observatoriodeldolor.com\/wp-content\/uploads\/2023\/12\/Toma-posesion-2-150x200.jpg?crop=1 150w, https:\/\/observatoriodeldolor.com\/wp-content\/uploads\/2023\/12\/Toma-posesion-2-1200x1600.jpg 1200w, https:\/\/observatoriodeldolor.com\/wp-content\/uploads\/2023\/12\/Toma-posesion-2.jpg 1500w\" sizes=\"(max-width: 225px) 100vw, 225px\" \/><\/div>\n\t\t<\/a>\n\t\t\t\t<div class=\"elementor-post__text\">\n\t\t\t\t<h3 class=\"elementor-post__title\">\n\t\t\t<a href=\"https:\/\/observatoriodeldolor.com\/en\/alejandro-salazar-obtains-the-position-of-university-professor-at-the-university-of-cadiz\/\" >\n\t\t\t\tAlejandro Salazar obtains the position of University Professor at the University of Cadiz\t\t\t<\/a>\n\t\t<\/h3>\n\t\t\t\t<div class=\"elementor-post__meta-data\">\n\t\t\t\t\t<span class=\"elementor-post-date\">\n\t\t\tDecember 21, 2023\t\t<\/span>\n\t\t\t\t<\/div>\n\t\t\t\t<div class=\"elementor-post__excerpt\">\n\t\t\t<p>We are thrilled to share the outstanding achievement of our colleague from the Pain Observatory, Alejandro Salazar. He recently secured a position as Associate Professor<\/p>\n\t\t<\/div>\n\t\t\n\t\t<a class=\"elementor-post__read-more\" href=\"https:\/\/observatoriodeldolor.com\/en\/alejandro-salazar-obtains-the-position-of-university-professor-at-the-university-of-cadiz\/\" aria-label=\"Read more about Alejandro Salazar obtains the position of University Professor at the University of Cadiz\" tabindex=\"-1\" >\n\t\t\tRead more \u00bb\t\t<\/a>\n\n\t\t\t\t<\/div>\n\t\t\t\t<\/article>\n\t\t\t\t<article class=\"elementor-post elementor-grid-item post-3758 post type-post status-publish format-standard has-post-thumbnail hentry category-news-en\" role=\"listitem\">\n\t\t\t\t<a class=\"elementor-post__thumbnail__link\" href=\"https:\/\/observatoriodeldolor.com\/en\/asistimos-a-la-xli-reunion-anual-de-la-sociedad-espanola-de-epidemiologia\/\" tabindex=\"-1\" >\n\t\t\t<div class=\"elementor-post__thumbnail\"><img loading=\"lazy\" decoding=\"async\" width=\"300\" height=\"140\" src=\"https:\/\/observatoriodeldolor.com\/wp-content\/uploads\/2023\/10\/1-1-300x140.jpg\" class=\"attachment-medium size-medium wp-image-3752\" alt=\"\" srcset=\"https:\/\/observatoriodeldolor.com\/wp-content\/uploads\/2023\/10\/1-1-300x140.jpg 300w, https:\/\/observatoriodeldolor.com\/wp-content\/uploads\/2023\/10\/1-1-1024x478.jpg 1024w, https:\/\/observatoriodeldolor.com\/wp-content\/uploads\/2023\/10\/1-1-768x359.jpg 768w, https:\/\/observatoriodeldolor.com\/wp-content\/uploads\/2023\/10\/1-1-1536x717.jpg 1536w, https:\/\/observatoriodeldolor.com\/wp-content\/uploads\/2023\/10\/1-1-600x280.jpg 600w, https:\/\/observatoriodeldolor.com\/wp-content\/uploads\/2023\/10\/1-1-1200x560.jpg 1200w, https:\/\/observatoriodeldolor.com\/wp-content\/uploads\/2023\/10\/1-1.jpg 2000w\" sizes=\"(max-width: 300px) 100vw, 300px\" \/><\/div>\n\t\t<\/a>\n\t\t\t\t<div class=\"elementor-post__text\">\n\t\t\t\t<h3 class=\"elementor-post__title\">\n\t\t\t<a href=\"https:\/\/observatoriodeldolor.com\/en\/asistimos-a-la-xli-reunion-anual-de-la-sociedad-espanola-de-epidemiologia\/\" >\n\t\t\t\tWe attended the XLI Annual Meeting of the Spanish Society of Epidemiology\t\t\t<\/a>\n\t\t<\/h3>\n\t\t\t\t<div class=\"elementor-post__meta-data\">\n\t\t\t\t\t<span class=\"elementor-post-date\">\n\t\t\tOctober 13, 2023\t\t<\/span>\n\t\t\t\t<\/div>\n\t\t\t\t<div class=\"elementor-post__excerpt\">\n\t\t\t<p>The XLI Annual Meeting of the Spanish Society of Epidemiology (SEE) and XVIII Congress of the Portuguese Epidemiology Association (APE) was held in Porto (Portugal)<\/p>\n\t\t<\/div>\n\t\t\n\t\t<a class=\"elementor-post__read-more\" href=\"https:\/\/observatoriodeldolor.com\/en\/asistimos-a-la-xli-reunion-anual-de-la-sociedad-espanola-de-epidemiologia\/\" aria-label=\"Read more about We attended the XLI Annual Meeting of the Spanish Society of Epidemiology\" tabindex=\"-1\" >\n\t\t\tRead more \u00bb\t\t<\/a>\n\n\t\t\t\t<\/div>\n\t\t\t\t<\/article>\n\t\t\t\t<article class=\"elementor-post elementor-grid-item post-3740 post type-post status-publish format-standard has-post-thumbnail hentry category-news-en tag-covid-en tag-covid-19-en tag-investigaciones-dolor-en\" role=\"listitem\">\n\t\t\t\t<a class=\"elementor-post__thumbnail__link\" href=\"https:\/\/observatoriodeldolor.com\/en\/el-equipo-del-observatorio-del-dolor-presenta-el-taller-que-ha-pasado-despues-del-covid-en-la-xi-edicion-de-la-noche-europea-de-ls-investigadores\/\" tabindex=\"-1\" >\n\t\t\t<div class=\"elementor-post__thumbnail\"><img loading=\"lazy\" decoding=\"async\" width=\"300\" height=\"224\" src=\"https:\/\/observatoriodeldolor.com\/wp-content\/uploads\/2023\/10\/portada-300x224.jpg\" class=\"attachment-medium size-medium wp-image-3736\" alt=\"El equipo del Observatorio del Dolor en la Noche de Los Investigadores\" srcset=\"https:\/\/observatoriodeldolor.com\/wp-content\/uploads\/2023\/10\/portada-300x224.jpg 300w, https:\/\/observatoriodeldolor.com\/wp-content\/uploads\/2023\/10\/portada-1024x766.jpg 1024w, https:\/\/observatoriodeldolor.com\/wp-content\/uploads\/2023\/10\/portada-768x574.jpg 768w, https:\/\/observatoriodeldolor.com\/wp-content\/uploads\/2023\/10\/portada-1536x1149.jpg 1536w, https:\/\/observatoriodeldolor.com\/wp-content\/uploads\/2023\/10\/portada-600x450.jpg?crop=1 600w, https:\/\/observatoriodeldolor.com\/wp-content\/uploads\/2023\/10\/portada-1200x898.jpg 1200w, https:\/\/observatoriodeldolor.com\/wp-content\/uploads\/2023\/10\/portada-800x600.jpg?crop=1 800w, https:\/\/observatoriodeldolor.com\/wp-content\/uploads\/2023\/10\/portada-400x300.jpg?crop=1 400w, https:\/\/observatoriodeldolor.com\/wp-content\/uploads\/2023\/10\/portada-200x150.jpg?crop=1 200w, https:\/\/observatoriodeldolor.com\/wp-content\/uploads\/2023\/10\/portada.jpg 2000w\" sizes=\"(max-width: 300px) 100vw, 300px\" \/><\/div>\n\t\t<\/a>\n\t\t\t\t<div class=\"elementor-post__text\">\n\t\t\t\t<h3 class=\"elementor-post__title\">\n\t\t\t<a href=\"https:\/\/observatoriodeldolor.com\/en\/el-equipo-del-observatorio-del-dolor-presenta-el-taller-que-ha-pasado-despues-del-covid-en-la-xi-edicion-de-la-noche-europea-de-ls-investigadores\/\" >\n\t\t\t\tThe Pain Observatory team presents the workshop &#8220;What happened after COVID?&#8221; at the 11th edition of the European Night of Researchers\t\t\t<\/a>\n\t\t<\/h3>\n\t\t\t\t<div class=\"elementor-post__meta-data\">\n\t\t\t\t\t<span class=\"elementor-post-date\">\n\t\t\tOctober 10, 2023\t\t<\/span>\n\t\t\t\t<\/div>\n\t\t\t\t<div class=\"elementor-post__excerpt\">\n\t\t\t<p>Last Friday 29th September, the eleventh edition of the European Researchers&#8217; Night took place in the Arenal Square in Jerez de la Frontera. This event<\/p>\n\t\t<\/div>\n\t\t\n\t\t<a class=\"elementor-post__read-more\" href=\"https:\/\/observatoriodeldolor.com\/en\/el-equipo-del-observatorio-del-dolor-presenta-el-taller-que-ha-pasado-despues-del-covid-en-la-xi-edicion-de-la-noche-europea-de-ls-investigadores\/\" aria-label=\"Read more about The Pain Observatory team presents the workshop &#8220;What happened after COVID?&#8221; at the 11th edition of the European Night of Researchers\" tabindex=\"-1\" >\n\t\t\tRead more \u00bb\t\t<\/a>\n\n\t\t\t\t<\/div>\n\t\t\t\t<\/article>\n\t\t\t\t<article class=\"elementor-post elementor-grid-item post-3677 post type-post status-publish format-standard has-post-thumbnail hentry category-meetings-and-events category-news-en\" role=\"listitem\">\n\t\t\t\t<a class=\"elementor-post__thumbnail__link\" href=\"https:\/\/observatoriodeldolor.com\/en\/la-doctora-inmaculada-failde-ponente-en-el-curso-del-escorial\/\" tabindex=\"-1\" >\n\t\t\t<div class=\"elementor-post__thumbnail\"><img loading=\"lazy\" decoding=\"async\" width=\"300\" height=\"300\" src=\"https:\/\/observatoriodeldolor.com\/wp-content\/uploads\/2023\/07\/Foto-escorial-23-300x300.jpg\" class=\"attachment-medium size-medium wp-image-3683\" alt=\"\" srcset=\"https:\/\/observatoriodeldolor.com\/wp-content\/uploads\/2023\/07\/Foto-escorial-23-300x300.jpg 300w, https:\/\/observatoriodeldolor.com\/wp-content\/uploads\/2023\/07\/Foto-escorial-23-150x150.jpg?crop=1 150w, https:\/\/observatoriodeldolor.com\/wp-content\/uploads\/2023\/07\/Foto-escorial-23-230x230.jpg?crop=1 230w, https:\/\/observatoriodeldolor.com\/wp-content\/uploads\/2023\/07\/Foto-escorial-23-400x400.jpg?crop=1 400w, https:\/\/observatoriodeldolor.com\/wp-content\/uploads\/2023\/07\/Foto-escorial-23-600x602.jpg 600w, https:\/\/observatoriodeldolor.com\/wp-content\/uploads\/2023\/07\/Foto-escorial-23-640x640.jpg?crop=1 640w, https:\/\/observatoriodeldolor.com\/wp-content\/uploads\/2023\/07\/Foto-escorial-23-200x200.jpg?crop=1 200w, https:\/\/observatoriodeldolor.com\/wp-content\/uploads\/2023\/07\/Foto-escorial-23.jpg 733w\" sizes=\"(max-width: 300px) 100vw, 300px\" \/><\/div>\n\t\t<\/a>\n\t\t\t\t<div class=\"elementor-post__text\">\n\t\t\t\t<h3 class=\"elementor-post__title\">\n\t\t\t<a href=\"https:\/\/observatoriodeldolor.com\/en\/la-doctora-inmaculada-failde-ponente-en-el-curso-del-escorial\/\" >\n\t\t\t\tDr. Inmaculada Failde, speaker at the SED El Escorial Course on pelvic pain\t\t\t<\/a>\n\t\t<\/h3>\n\t\t\t\t<div class=\"elementor-post__meta-data\">\n\t\t\t\t\t<span class=\"elementor-post-date\">\n\t\t\tJuly 18, 2023\t\t<\/span>\n\t\t\t\t<\/div>\n\t\t\t\t<div class=\"elementor-post__excerpt\">\n\t\t\t<p>Dr. Inmaculada Failde, director of the Pain Observatory of Cadiz, participated on July 3 in one of the lectures of the SED Escorial Summer Course<\/p>\n\t\t<\/div>\n\t\t\n\t\t<a class=\"elementor-post__read-more\" href=\"https:\/\/observatoriodeldolor.com\/en\/la-doctora-inmaculada-failde-ponente-en-el-curso-del-escorial\/\" aria-label=\"Read more about Dr. Inmaculada Failde, speaker at the SED El Escorial Course on pelvic pain\" tabindex=\"-1\" >\n\t\t\tRead more \u00bb\t\t<\/a>\n\n\t\t\t\t<\/div>\n\t\t\t\t<\/article>\n\t\t\t\t<article class=\"elementor-post elementor-grid-item post-3655 post type-post status-publish format-standard has-post-thumbnail hentry category-news-en\" role=\"listitem\">\n\t\t\t\t<a class=\"elementor-post__thumbnail__link\" href=\"https:\/\/observatoriodeldolor.com\/en\/nuestra-companera-jenifer-palomo-osuna-defiende-su-tesis-doctoral\/\" tabindex=\"-1\" >\n\t\t\t<div class=\"elementor-post__thumbnail\"><img loading=\"lazy\" decoding=\"async\" width=\"300\" height=\"225\" src=\"https:\/\/observatoriodeldolor.com\/wp-content\/uploads\/2023\/06\/WhatsApp-Image-2023-06-20-at-16.52.04-300x225.jpeg\" class=\"attachment-medium size-medium wp-image-3651\" alt=\"\" srcset=\"https:\/\/observatoriodeldolor.com\/wp-content\/uploads\/2023\/06\/WhatsApp-Image-2023-06-20-at-16.52.04-300x225.jpeg 300w, https:\/\/observatoriodeldolor.com\/wp-content\/uploads\/2023\/06\/WhatsApp-Image-2023-06-20-at-16.52.04-1024x768.jpeg 1024w, https:\/\/observatoriodeldolor.com\/wp-content\/uploads\/2023\/06\/WhatsApp-Image-2023-06-20-at-16.52.04-768x576.jpeg 768w, https:\/\/observatoriodeldolor.com\/wp-content\/uploads\/2023\/06\/WhatsApp-Image-2023-06-20-at-16.52.04-1536x1152.jpeg 1536w, https:\/\/observatoriodeldolor.com\/wp-content\/uploads\/2023\/06\/WhatsApp-Image-2023-06-20-at-16.52.04-600x450.jpeg?crop=1 600w, https:\/\/observatoriodeldolor.com\/wp-content\/uploads\/2023\/06\/WhatsApp-Image-2023-06-20-at-16.52.04-1200x900.jpeg?crop=1 1200w, https:\/\/observatoriodeldolor.com\/wp-content\/uploads\/2023\/06\/WhatsApp-Image-2023-06-20-at-16.52.04-800x600.jpeg?crop=1 800w, https:\/\/observatoriodeldolor.com\/wp-content\/uploads\/2023\/06\/WhatsApp-Image-2023-06-20-at-16.52.04-400x300.jpeg?crop=1 400w, https:\/\/observatoriodeldolor.com\/wp-content\/uploads\/2023\/06\/WhatsApp-Image-2023-06-20-at-16.52.04-200x150.jpeg?crop=1 200w, https:\/\/observatoriodeldolor.com\/wp-content\/uploads\/2023\/06\/WhatsApp-Image-2023-06-20-at-16.52.04.jpeg 1600w\" sizes=\"(max-width: 300px) 100vw, 300px\" \/><\/div>\n\t\t<\/a>\n\t\t\t\t<div class=\"elementor-post__text\">\n\t\t\t\t<h3 class=\"elementor-post__title\">\n\t\t\t<a href=\"https:\/\/observatoriodeldolor.com\/en\/nuestra-companera-jenifer-palomo-osuna-defiende-su-tesis-doctoral\/\" >\n\t\t\t\tOur colleague Jenifer Palomo Osuna defends her doctoral thesis\t\t\t<\/a>\n\t\t<\/h3>\n\t\t\t\t<div class=\"elementor-post__meta-data\">\n\t\t\t\t\t<span class=\"elementor-post-date\">\n\t\t\tJune 21, 2023\t\t<\/span>\n\t\t\t\t<\/div>\n\t\t\t\t<div class=\"elementor-post__excerpt\">\n\t\t\t<p>On Thursday, June 15, 2023, our collaborator Jenifer Palomo Osuna, a General Health Psychologist, successfully defended her doctoral thesis titled &#8220;Cognitive Function in Type 2<\/p>\n\t\t<\/div>\n\t\t\n\t\t<a class=\"elementor-post__read-more\" href=\"https:\/\/observatoriodeldolor.com\/en\/nuestra-companera-jenifer-palomo-osuna-defiende-su-tesis-doctoral\/\" aria-label=\"Read more about Our colleague Jenifer Palomo Osuna defends her doctoral thesis\" tabindex=\"-1\" >\n\t\t\tRead more \u00bb\t\t<\/a>\n\n\t\t\t\t<\/div>\n\t\t\t\t<\/article>\n\t\t\t\t<article class=\"elementor-post elementor-grid-item post-3635 post type-post status-publish format-standard has-post-thumbnail hentry category-news-en\" role=\"listitem\">\n\t\t\t\t<a class=\"elementor-post__thumbnail__link\" href=\"https:\/\/observatoriodeldolor.com\/en\/maria-duenas-obtiene-la-plaza-de-titular-de-universidad-en-la-universidad-de-cadiz\/\" tabindex=\"-1\" >\n\t\t\t<div class=\"elementor-post__thumbnail\"><img loading=\"lazy\" decoding=\"async\" width=\"300\" height=\"225\" src=\"https:\/\/observatoriodeldolor.com\/wp-content\/uploads\/2023\/06\/Presentacion-PTU-2-1-300x225.jpg\" class=\"attachment-medium size-medium wp-image-3631\" alt=\"\" srcset=\"https:\/\/observatoriodeldolor.com\/wp-content\/uploads\/2023\/06\/Presentacion-PTU-2-1-300x225.jpg 300w, https:\/\/observatoriodeldolor.com\/wp-content\/uploads\/2023\/06\/Presentacion-PTU-2-1-1024x768.jpg 1024w, https:\/\/observatoriodeldolor.com\/wp-content\/uploads\/2023\/06\/Presentacion-PTU-2-1-768x576.jpg 768w, https:\/\/observatoriodeldolor.com\/wp-content\/uploads\/2023\/06\/Presentacion-PTU-2-1-1536x1152.jpg 1536w, https:\/\/observatoriodeldolor.com\/wp-content\/uploads\/2023\/06\/Presentacion-PTU-2-1-600x450.jpg?crop=1 600w, https:\/\/observatoriodeldolor.com\/wp-content\/uploads\/2023\/06\/Presentacion-PTU-2-1-1200x900.jpg?crop=1 1200w, https:\/\/observatoriodeldolor.com\/wp-content\/uploads\/2023\/06\/Presentacion-PTU-2-1-800x600.jpg?crop=1 800w, https:\/\/observatoriodeldolor.com\/wp-content\/uploads\/2023\/06\/Presentacion-PTU-2-1-400x300.jpg?crop=1 400w, https:\/\/observatoriodeldolor.com\/wp-content\/uploads\/2023\/06\/Presentacion-PTU-2-1-200x150.jpg?crop=1 200w, https:\/\/observatoriodeldolor.com\/wp-content\/uploads\/2023\/06\/Presentacion-PTU-2-1.jpg 2048w\" sizes=\"(max-width: 300px) 100vw, 300px\" \/><\/div>\n\t\t<\/a>\n\t\t\t\t<div class=\"elementor-post__text\">\n\t\t\t\t<h3 class=\"elementor-post__title\">\n\t\t\t<a href=\"https:\/\/observatoriodeldolor.com\/en\/maria-duenas-obtiene-la-plaza-de-titular-de-universidad-en-la-universidad-de-cadiz\/\" >\n\t\t\t\tMar\u00eda Due\u00f1as obtains the position of Associate Professor at the University of Cadiz\t\t\t<\/a>\n\t\t<\/h3>\n\t\t\t\t<div class=\"elementor-post__meta-data\">\n\t\t\t\t\t<span class=\"elementor-post-date\">\n\t\t\tJune 12, 2023\t\t<\/span>\n\t\t\t\t<\/div>\n\t\t\t\t<div class=\"elementor-post__excerpt\">\n\t\t\t<p>On May 31, 2023, our colleague of the Observatory team, Mar\u00eda \u00c1ngeles Due\u00f1as Rodr\u00edguez, has obtained the position of Associate Professor at the University of<\/p>\n\t\t<\/div>\n\t\t\n\t\t<a class=\"elementor-post__read-more\" href=\"https:\/\/observatoriodeldolor.com\/en\/maria-duenas-obtiene-la-plaza-de-titular-de-universidad-en-la-universidad-de-cadiz\/\" aria-label=\"Read more about Mar\u00eda Due\u00f1as obtains the position of Associate Professor at the University of Cadiz\" tabindex=\"-1\" >\n\t\t\tRead more \u00bb\t\t<\/a>\n\n\t\t\t\t<\/div>\n\t\t\t\t<\/article>\n\t\t\t\t<article class=\"elementor-post elementor-grid-item post-3590 post type-post status-publish format-standard has-post-thumbnail hentry category-news-en tag-observatorio-dolor-en tag-sociedad-espanola-del-dolor-en\" role=\"listitem\">\n\t\t\t\t<a class=\"elementor-post__thumbnail__link\" href=\"https:\/\/observatoriodeldolor.com\/en\/la-sociedad-espanola-del-dolor-premia-una-comunicacion-del-observatorio-del-dolor-en-la-categoria-fisioterapia-y-dolor\/\" tabindex=\"-1\" >\n\t\t\t<div class=\"elementor-post__thumbnail\"><img loading=\"lazy\" decoding=\"async\" width=\"300\" height=\"225\" src=\"https:\/\/observatoriodeldolor.com\/wp-content\/uploads\/2023\/05\/SEDolor23-300x225.png\" class=\"attachment-medium size-medium wp-image-3588\" alt=\"\" srcset=\"https:\/\/observatoriodeldolor.com\/wp-content\/uploads\/2023\/05\/SEDolor23-300x225.png 300w, https:\/\/observatoriodeldolor.com\/wp-content\/uploads\/2023\/05\/SEDolor23-1024x768.png 1024w, https:\/\/observatoriodeldolor.com\/wp-content\/uploads\/2023\/05\/SEDolor23-768x576.png 768w, https:\/\/observatoriodeldolor.com\/wp-content\/uploads\/2023\/05\/SEDolor23-1536x1152.png 1536w, https:\/\/observatoriodeldolor.com\/wp-content\/uploads\/2023\/05\/SEDolor23-2048x1536.png 2048w, https:\/\/observatoriodeldolor.com\/wp-content\/uploads\/2023\/05\/SEDolor23-600x450.png?crop=1 600w, https:\/\/observatoriodeldolor.com\/wp-content\/uploads\/2023\/05\/SEDolor23-1200x900.png?crop=1 1200w, https:\/\/observatoriodeldolor.com\/wp-content\/uploads\/2023\/05\/SEDolor23-800x600.png?crop=1 800w, https:\/\/observatoriodeldolor.com\/wp-content\/uploads\/2023\/05\/SEDolor23-400x300.png?crop=1 400w, https:\/\/observatoriodeldolor.com\/wp-content\/uploads\/2023\/05\/SEDolor23-200x150.png?crop=1 200w\" sizes=\"(max-width: 300px) 100vw, 300px\" \/><\/div>\n\t\t<\/a>\n\t\t\t\t<div class=\"elementor-post__text\">\n\t\t\t\t<h3 class=\"elementor-post__title\">\n\t\t\t<a href=\"https:\/\/observatoriodeldolor.com\/en\/la-sociedad-espanola-del-dolor-premia-una-comunicacion-del-observatorio-del-dolor-en-la-categoria-fisioterapia-y-dolor\/\" >\n\t\t\t\tThe Spanish Pain Society awards a communication from the Pain Observatory in the category Physiotherapy and Pain\t\t\t<\/a>\n\t\t<\/h3>\n\t\t\t\t<div class=\"elementor-post__meta-data\">\n\t\t\t\t\t<span class=\"elementor-post-date\">\n\t\t\tMay 31, 2023\t\t<\/span>\n\t\t\t\t<\/div>\n\t\t\t\t<div class=\"elementor-post__excerpt\">\n\t\t\t<p>The Spanish Pain Society awarded one of the papers presented by the Pain Observatory at its XIX Congress held between 24 and 26 May 2023<\/p>\n\t\t<\/div>\n\t\t\n\t\t<a class=\"elementor-post__read-more\" href=\"https:\/\/observatoriodeldolor.com\/en\/la-sociedad-espanola-del-dolor-premia-una-comunicacion-del-observatorio-del-dolor-en-la-categoria-fisioterapia-y-dolor\/\" aria-label=\"Read more about The Spanish Pain Society awards a communication from the Pain Observatory in the category Physiotherapy and Pain\" tabindex=\"-1\" >\n\t\t\tRead more \u00bb\t\t<\/a>\n\n\t\t\t\t<\/div>\n\t\t\t\t<\/article>\n\t\t\t\t<article class=\"elementor-post elementor-grid-item post-3507 post type-post status-publish format-standard has-post-thumbnail hentry category-news-en\" role=\"listitem\">\n\t\t\t\t<a class=\"elementor-post__thumbnail__link\" href=\"https:\/\/observatoriodeldolor.com\/en\/la-fundacion-grunenthal-y-el-observatorio-del-dolor-presentan-el-barometro-del-dolor-cronico-en-espana-2022\/\" tabindex=\"-1\" >\n\t\t\t<div class=\"elementor-post__thumbnail\"><img loading=\"lazy\" decoding=\"async\" width=\"300\" height=\"243\" src=\"https:\/\/observatoriodeldolor.com\/wp-content\/uploads\/2023\/05\/Foto-Foro-Barometro-300x243.png\" class=\"attachment-medium size-medium wp-image-3505\" alt=\"\" srcset=\"https:\/\/observatoriodeldolor.com\/wp-content\/uploads\/2023\/05\/Foto-Foro-Barometro-300x243.png 300w, https:\/\/observatoriodeldolor.com\/wp-content\/uploads\/2023\/05\/Foto-Foro-Barometro-600x485.png 600w, https:\/\/observatoriodeldolor.com\/wp-content\/uploads\/2023\/05\/Foto-Foro-Barometro.png 689w\" sizes=\"(max-width: 300px) 100vw, 300px\" \/><\/div>\n\t\t<\/a>\n\t\t\t\t<div class=\"elementor-post__text\">\n\t\t\t\t<h3 class=\"elementor-post__title\">\n\t\t\t<a href=\"https:\/\/observatoriodeldolor.com\/en\/la-fundacion-grunenthal-y-el-observatorio-del-dolor-presentan-el-barometro-del-dolor-cronico-en-espana-2022\/\" >\n\t\t\t\tFundaci\u00f3n Gr\u00fcnenthal and and the Pain Observatory present the &#8220;Barometer of chronic pain in Spain 2022&#8221;\t\t\t<\/a>\n\t\t<\/h3>\n\t\t\t\t<div class=\"elementor-post__meta-data\">\n\t\t\t\t\t<span class=\"elementor-post-date\">\n\t\t\tMay 12, 2023\t\t<\/span>\n\t\t\t\t<\/div>\n\t\t\t\t<div class=\"elementor-post__excerpt\">\n\t\t\t<p>The Gr\u00fcnenthal Foundation and the Pain Observatory of the University of Cadiz, with the support of BioInnova Consulting, presented the &#8216;Barometer of chronic pain in<\/p>\n\t\t<\/div>\n\t\t\n\t\t<a class=\"elementor-post__read-more\" href=\"https:\/\/observatoriodeldolor.com\/en\/la-fundacion-grunenthal-y-el-observatorio-del-dolor-presentan-el-barometro-del-dolor-cronico-en-espana-2022\/\" aria-label=\"Read more about Fundaci\u00f3n Gr\u00fcnenthal and and the Pain Observatory present the &#8220;Barometer of chronic pain in Spain 2022&#8221;\" tabindex=\"-1\" >\n\t\t\tRead more \u00bb\t\t<\/a>\n\n\t\t\t\t<\/div>\n\t\t\t\t<\/article>\n\t\t\t\t<article class=\"elementor-post elementor-grid-item post-3380 post type-post status-publish format-standard has-post-thumbnail hentry category-news-en tag-covid19-en tag-estudios-dolor-en tag-post-covid19-en\" role=\"listitem\">\n\t\t\t\t<a class=\"elementor-post__thumbnail__link\" href=\"https:\/\/observatoriodeldolor.com\/en\/nuevo-estudio-para-pacientes-con-sindrome-post-covid-19-comienza-el-proyecto-covidreapp\/\" tabindex=\"-1\" >\n\t\t\t<div class=\"elementor-post__thumbnail\"><img loading=\"lazy\" decoding=\"async\" width=\"300\" height=\"198\" src=\"https:\/\/observatoriodeldolor.com\/wp-content\/uploads\/2023\/03\/Estudio-observatorio-dolor-300x198.png\" class=\"attachment-medium size-medium wp-image-3378\" alt=\"\" srcset=\"https:\/\/observatoriodeldolor.com\/wp-content\/uploads\/2023\/03\/Estudio-observatorio-dolor-300x198.png 300w, https:\/\/observatoriodeldolor.com\/wp-content\/uploads\/2023\/03\/Estudio-observatorio-dolor-1024x675.png 1024w, https:\/\/observatoriodeldolor.com\/wp-content\/uploads\/2023\/03\/Estudio-observatorio-dolor-768x506.png 768w, https:\/\/observatoriodeldolor.com\/wp-content\/uploads\/2023\/03\/Estudio-observatorio-dolor-1536x1013.png 1536w, https:\/\/observatoriodeldolor.com\/wp-content\/uploads\/2023\/03\/Estudio-observatorio-dolor-2048x1351.png 2048w, https:\/\/observatoriodeldolor.com\/wp-content\/uploads\/2023\/03\/Estudio-observatorio-dolor-600x396.png 600w, https:\/\/observatoriodeldolor.com\/wp-content\/uploads\/2023\/03\/Estudio-observatorio-dolor-1200x791.png 1200w\" sizes=\"(max-width: 300px) 100vw, 300px\" \/><\/div>\n\t\t<\/a>\n\t\t\t\t<div class=\"elementor-post__text\">\n\t\t\t\t<h3 class=\"elementor-post__title\">\n\t\t\t<a href=\"https:\/\/observatoriodeldolor.com\/en\/nuevo-estudio-para-pacientes-con-sindrome-post-covid-19-comienza-el-proyecto-covidreapp\/\" >\n\t\t\t\tNew study for Post-COVID-19 Syndrome patients: COVIDReApp project begins\t\t\t<\/a>\n\t\t<\/h3>\n\t\t\t\t<div class=\"elementor-post__meta-data\">\n\t\t\t\t\t<span class=\"elementor-post-date\">\n\t\t\tMarch 14, 2023\t\t<\/span>\n\t\t\t\t<\/div>\n\t\t\t\t<div class=\"elementor-post__excerpt\">\n\t\t\t<p>From the Pain Observatory, in collaboration with the Internal Medicine unit of the Hospital Universitario Puerta del Mar (HUPM), we would like to announce that<\/p>\n\t\t<\/div>\n\t\t\n\t\t<a class=\"elementor-post__read-more\" href=\"https:\/\/observatoriodeldolor.com\/en\/nuevo-estudio-para-pacientes-con-sindrome-post-covid-19-comienza-el-proyecto-covidreapp\/\" aria-label=\"Read more about New study for Post-COVID-19 Syndrome patients: COVIDReApp project begins\" tabindex=\"-1\" >\n\t\t\tRead more \u00bb\t\t<\/a>\n\n\t\t\t\t<\/div>\n\t\t\t\t<\/article>\n\t\t\t\t<article class=\"elementor-post elementor-grid-item post-3356 post type-post status-publish format-standard has-post-thumbnail hentry category-news-en\" role=\"listitem\">\n\t\t\t\t<a class=\"elementor-post__thumbnail__link\" href=\"https:\/\/observatoriodeldolor.com\/en\/dolor-lumbar-cronico-actividad-fisica-y-factores-asociados\/\" tabindex=\"-1\" >\n\t\t\t<div class=\"elementor-post__thumbnail\"><img loading=\"lazy\" decoding=\"async\" width=\"300\" height=\"208\" src=\"https:\/\/observatoriodeldolor.com\/wp-content\/uploads\/2023\/02\/Actividad-fisica-y-dolor-300x208.png\" class=\"attachment-medium size-medium wp-image-3354\" alt=\"\" srcset=\"https:\/\/observatoriodeldolor.com\/wp-content\/uploads\/2023\/02\/Actividad-fisica-y-dolor-300x208.png 300w, https:\/\/observatoriodeldolor.com\/wp-content\/uploads\/2023\/02\/Actividad-fisica-y-dolor-1024x708.png 1024w, https:\/\/observatoriodeldolor.com\/wp-content\/uploads\/2023\/02\/Actividad-fisica-y-dolor-768x531.png 768w, https:\/\/observatoriodeldolor.com\/wp-content\/uploads\/2023\/02\/Actividad-fisica-y-dolor-1536x1063.png 1536w, https:\/\/observatoriodeldolor.com\/wp-content\/uploads\/2023\/02\/Actividad-fisica-y-dolor-600x415.png 600w, https:\/\/observatoriodeldolor.com\/wp-content\/uploads\/2023\/02\/Actividad-fisica-y-dolor-1200x830.png 1200w, https:\/\/observatoriodeldolor.com\/wp-content\/uploads\/2023\/02\/Actividad-fisica-y-dolor.png 1648w\" sizes=\"(max-width: 300px) 100vw, 300px\" \/><\/div>\n\t\t<\/a>\n\t\t\t\t<div class=\"elementor-post__text\">\n\t\t\t\t<h3 class=\"elementor-post__title\">\n\t\t\t<a href=\"https:\/\/observatoriodeldolor.com\/en\/dolor-lumbar-cronico-actividad-fisica-y-factores-asociados\/\" >\n\t\t\t\tChronic low back pain, physical activity and associated factors\t\t\t<\/a>\n\t\t<\/h3>\n\t\t\t\t<div class=\"elementor-post__meta-data\">\n\t\t\t\t\t<span class=\"elementor-post-date\">\n\t\t\tFebruary 7, 2023\t\t<\/span>\n\t\t\t\t<\/div>\n\t\t\t\t<div class=\"elementor-post__excerpt\">\n\t\t\t<p>The Journal of Rehabilitation Medicine has recently published the article &#8220;Physical activity levels in adults with chronic low back pain: A national survey in the<\/p>\n\t\t<\/div>\n\t\t\n\t\t<a class=\"elementor-post__read-more\" href=\"https:\/\/observatoriodeldolor.com\/en\/dolor-lumbar-cronico-actividad-fisica-y-factores-asociados\/\" aria-label=\"Read more about Chronic low back pain, physical activity and associated factors\" tabindex=\"-1\" >\n\t\t\tRead more \u00bb\t\t<\/a>\n\n\t\t\t\t<\/div>\n\t\t\t\t<\/article>\n\t\t\t\t<article class=\"elementor-post elementor-grid-item post-3349 post type-post status-publish format-standard has-post-thumbnail hentry category-news-en\" role=\"listitem\">\n\t\t\t\t<a class=\"elementor-post__thumbnail__link\" href=\"https:\/\/observatoriodeldolor.com\/en\/jmir-publica-nuestra-revision-sistematica-sobre-apps-moviles-en-el-abordaje-biopsicosocial-del-dolor-cronico\/\" tabindex=\"-1\" >\n\t\t\t<div class=\"elementor-post__thumbnail\"><img loading=\"lazy\" decoding=\"async\" width=\"300\" height=\"189\" src=\"https:\/\/observatoriodeldolor.com\/wp-content\/uploads\/2023\/02\/TOC-image-300x189.png\" class=\"attachment-medium size-medium wp-image-3341\" alt=\"\" srcset=\"https:\/\/observatoriodeldolor.com\/wp-content\/uploads\/2023\/02\/TOC-image-300x189.png 300w, https:\/\/observatoriodeldolor.com\/wp-content\/uploads\/2023\/02\/TOC-image-1024x644.png 1024w, https:\/\/observatoriodeldolor.com\/wp-content\/uploads\/2023\/02\/TOC-image-768x483.png 768w, https:\/\/observatoriodeldolor.com\/wp-content\/uploads\/2023\/02\/TOC-image-600x377.png 600w, https:\/\/observatoriodeldolor.com\/wp-content\/uploads\/2023\/02\/TOC-image-1200x755.png 1200w, https:\/\/observatoriodeldolor.com\/wp-content\/uploads\/2023\/02\/TOC-image.png 1375w\" sizes=\"(max-width: 300px) 100vw, 300px\" \/><\/div>\n\t\t<\/a>\n\t\t\t\t<div class=\"elementor-post__text\">\n\t\t\t\t<h3 class=\"elementor-post__title\">\n\t\t\t<a href=\"https:\/\/observatoriodeldolor.com\/en\/jmir-publica-nuestra-revision-sistematica-sobre-apps-moviles-en-el-abordaje-biopsicosocial-del-dolor-cronico\/\" >\n\t\t\t\tJMIR publishes our systematic review on mobile apps in the biopsychosocial management of chronic pain\t\t\t<\/a>\n\t\t<\/h3>\n\t\t\t\t<div class=\"elementor-post__meta-data\">\n\t\t\t\t\t<span class=\"elementor-post-date\">\n\t\t\tFebruary 7, 2023\t\t<\/span>\n\t\t\t\t<\/div>\n\t\t\t\t<div class=\"elementor-post__excerpt\">\n\t\t\t<p>The article entitled mHealth Intervention for Improving Pain, Quality of Life, and Functional Disability in Patients with Chronic Pain: Systematic Review by the Pain Observatory<\/p>\n\t\t<\/div>\n\t\t\n\t\t<a class=\"elementor-post__read-more\" href=\"https:\/\/observatoriodeldolor.com\/en\/jmir-publica-nuestra-revision-sistematica-sobre-apps-moviles-en-el-abordaje-biopsicosocial-del-dolor-cronico\/\" aria-label=\"Read more about JMIR publishes our systematic review on mobile apps in the biopsychosocial management of chronic pain\" tabindex=\"-1\" >\n\t\t\tRead more \u00bb\t\t<\/a>\n\n\t\t\t\t<\/div>\n\t\t\t\t<\/article>\n\t\t\t\t<article class=\"elementor-post elementor-grid-item post-3259 post type-post status-publish format-standard has-post-thumbnail hentry category-news-en tag-dolor-en tag-dolor-espana-en tag-neuropatia-en\" role=\"listitem\">\n\t\t\t\t<a class=\"elementor-post__thumbnail__link\" href=\"https:\/\/observatoriodeldolor.com\/en\/hay-diferencias-en-la-funcion-cognitiva-en-mujeres-y-hombres-con-neuropatia-diabetica-periferica-con-o-sin-dolor\/\" tabindex=\"-1\" >\n\t\t\t<div class=\"elementor-post__thumbnail\"><img loading=\"lazy\" decoding=\"async\" width=\"300\" height=\"225\" src=\"https:\/\/observatoriodeldolor.com\/wp-content\/uploads\/2023\/01\/Hombre-y-mujer-300x225.png\" class=\"attachment-medium size-medium wp-image-3257\" alt=\"\" srcset=\"https:\/\/observatoriodeldolor.com\/wp-content\/uploads\/2023\/01\/Hombre-y-mujer-300x225.png 300w, https:\/\/observatoriodeldolor.com\/wp-content\/uploads\/2023\/01\/Hombre-y-mujer-1024x766.png 1024w, https:\/\/observatoriodeldolor.com\/wp-content\/uploads\/2023\/01\/Hombre-y-mujer-768x575.png 768w, https:\/\/observatoriodeldolor.com\/wp-content\/uploads\/2023\/01\/Hombre-y-mujer-1536x1150.png 1536w, https:\/\/observatoriodeldolor.com\/wp-content\/uploads\/2023\/01\/Hombre-y-mujer-600x449.png 600w, https:\/\/observatoriodeldolor.com\/wp-content\/uploads\/2023\/01\/Hombre-y-mujer-1200x898.png 1200w, https:\/\/observatoriodeldolor.com\/wp-content\/uploads\/2023\/01\/Hombre-y-mujer-800x600.png?crop=1 800w, https:\/\/observatoriodeldolor.com\/wp-content\/uploads\/2023\/01\/Hombre-y-mujer-400x300.png?crop=1 400w, https:\/\/observatoriodeldolor.com\/wp-content\/uploads\/2023\/01\/Hombre-y-mujer-200x150.png?crop=1 200w, https:\/\/observatoriodeldolor.com\/wp-content\/uploads\/2023\/01\/Hombre-y-mujer.png 1900w\" sizes=\"(max-width: 300px) 100vw, 300px\" \/><\/div>\n\t\t<\/a>\n\t\t\t\t<div class=\"elementor-post__text\">\n\t\t\t\t<h3 class=\"elementor-post__title\">\n\t\t\t<a href=\"https:\/\/observatoriodeldolor.com\/en\/hay-diferencias-en-la-funcion-cognitiva-en-mujeres-y-hombres-con-neuropatia-diabetica-periferica-con-o-sin-dolor\/\" >\n\t\t\t\tAre there differences in cognitive function in women and men with diabetic peripheral neuropathy with or without pain?\t\t\t<\/a>\n\t\t<\/h3>\n\t\t\t\t<div class=\"elementor-post__meta-data\">\n\t\t\t\t\t<span class=\"elementor-post-date\">\n\t\t\tJanuary 13, 2023\t\t<\/span>\n\t\t\t\t<\/div>\n\t\t\t\t<div class=\"elementor-post__excerpt\">\n\t\t\t<p>Yes, the answer is that there is a difference, but it is more complex than this simple monosyllabic summary. The full study is contained in<\/p>\n\t\t<\/div>\n\t\t\n\t\t<a class=\"elementor-post__read-more\" href=\"https:\/\/observatoriodeldolor.com\/en\/hay-diferencias-en-la-funcion-cognitiva-en-mujeres-y-hombres-con-neuropatia-diabetica-periferica-con-o-sin-dolor\/\" aria-label=\"Read more about Are there differences in cognitive function in women and men with diabetic peripheral neuropathy with or without pain?\" tabindex=\"-1\" >\n\t\t\tRead more \u00bb\t\t<\/a>\n\n\t\t\t\t<\/div>\n\t\t\t\t<\/article>\n\t\t\t\t<article class=\"elementor-post elementor-grid-item post-3203 post type-post status-publish format-standard has-post-thumbnail hentry category-news-en tag-cuidadores-en tag-dolor-cronico-en tag-personas-con-dolor-en\" role=\"listitem\">\n\t\t\t\t<a class=\"elementor-post__thumbnail__link\" href=\"https:\/\/observatoriodeldolor.com\/en\/health-expectations-publica-nuestro-estudio-cualitativo-sobre-las-experiencias-de-cuidadores-informales-en-el-cuidado-de-personas-con-dolor-cronico\/\" tabindex=\"-1\" >\n\t\t\t<div class=\"elementor-post__thumbnail\"><img loading=\"lazy\" decoding=\"async\" width=\"300\" height=\"218\" src=\"https:\/\/observatoriodeldolor.com\/wp-content\/uploads\/2022\/12\/Cuidado-de-personas-con-dolor-300x218.png\" class=\"attachment-medium size-medium wp-image-3225\" alt=\"\" srcset=\"https:\/\/observatoriodeldolor.com\/wp-content\/uploads\/2022\/12\/Cuidado-de-personas-con-dolor-300x218.png 300w, https:\/\/observatoriodeldolor.com\/wp-content\/uploads\/2022\/12\/Cuidado-de-personas-con-dolor-1024x746.png 1024w, https:\/\/observatoriodeldolor.com\/wp-content\/uploads\/2022\/12\/Cuidado-de-personas-con-dolor-768x559.png 768w, https:\/\/observatoriodeldolor.com\/wp-content\/uploads\/2022\/12\/Cuidado-de-personas-con-dolor-1536x1118.png 1536w, https:\/\/observatoriodeldolor.com\/wp-content\/uploads\/2022\/12\/Cuidado-de-personas-con-dolor-600x437.png 600w, https:\/\/observatoriodeldolor.com\/wp-content\/uploads\/2022\/12\/Cuidado-de-personas-con-dolor-1200x874.png 1200w, https:\/\/observatoriodeldolor.com\/wp-content\/uploads\/2022\/12\/Cuidado-de-personas-con-dolor.png 1640w\" sizes=\"(max-width: 300px) 100vw, 300px\" \/><\/div>\n\t\t<\/a>\n\t\t\t\t<div class=\"elementor-post__text\">\n\t\t\t\t<h3 class=\"elementor-post__title\">\n\t\t\t<a href=\"https:\/\/observatoriodeldolor.com\/en\/health-expectations-publica-nuestro-estudio-cualitativo-sobre-las-experiencias-de-cuidadores-informales-en-el-cuidado-de-personas-con-dolor-cronico\/\" >\n\t\t\t\tHealth Expectations publishes our qualitative study on informal caregivers&#8217; experiences of caring for people with chronic pain\t\t\t<\/a>\n\t\t<\/h3>\n\t\t\t\t<div class=\"elementor-post__meta-data\">\n\t\t\t\t\t<span class=\"elementor-post-date\">\n\t\t\tDecember 20, 2022\t\t<\/span>\n\t\t\t\t<\/div>\n\t\t\t\t<div class=\"elementor-post__excerpt\">\n\t\t\t<p>The article entitled &#8216;Becoming a secondary actor of one&#8217;s own life: A qualitative study of the experiences of informal caregivers in the care of people<\/p>\n\t\t<\/div>\n\t\t\n\t\t<a class=\"elementor-post__read-more\" href=\"https:\/\/observatoriodeldolor.com\/en\/health-expectations-publica-nuestro-estudio-cualitativo-sobre-las-experiencias-de-cuidadores-informales-en-el-cuidado-de-personas-con-dolor-cronico\/\" aria-label=\"Read more about Health Expectations publishes our qualitative study on informal caregivers&#8217; experiences of caring for people with chronic pain\" tabindex=\"-1\" >\n\t\t\tRead more \u00bb\t\t<\/a>\n\n\t\t\t\t<\/div>\n\t\t\t\t<\/article>\n\t\t\t\t<article class=\"elementor-post elementor-grid-item post-3154 post type-post status-publish format-standard has-post-thumbnail hentry category-news-en tag-doctorado-en tag-hela-de-sola-en tag-tesis-doctoral-en\" role=\"listitem\">\n\t\t\t\t<a class=\"elementor-post__thumbnail__link\" href=\"https:\/\/observatoriodeldolor.com\/en\/helena-de-sola-recibe-el-premio-extraordinario-de-doctorado-en-el-area-de-ciencias-de-la-salud\/\" tabindex=\"-1\" >\n\t\t\t<div class=\"elementor-post__thumbnail\"><img loading=\"lazy\" decoding=\"async\" width=\"300\" height=\"169\" src=\"https:\/\/observatoriodeldolor.com\/wp-content\/uploads\/2022\/10\/Helena-de-sola--300x169.jpg\" class=\"attachment-medium size-medium wp-image-3152\" alt=\"\" srcset=\"https:\/\/observatoriodeldolor.com\/wp-content\/uploads\/2022\/10\/Helena-de-sola--300x169.jpg 300w, https:\/\/observatoriodeldolor.com\/wp-content\/uploads\/2022\/10\/Helena-de-sola--768x432.jpg 768w, https:\/\/observatoriodeldolor.com\/wp-content\/uploads\/2022\/10\/Helena-de-sola--150x85.jpg?crop=1 150w, https:\/\/observatoriodeldolor.com\/wp-content\/uploads\/2022\/10\/Helena-de-sola--600x338.jpg 600w, https:\/\/observatoriodeldolor.com\/wp-content\/uploads\/2022\/10\/Helena-de-sola-.jpg 1024w\" sizes=\"(max-width: 300px) 100vw, 300px\" \/><\/div>\n\t\t<\/a>\n\t\t\t\t<div class=\"elementor-post__text\">\n\t\t\t\t<h3 class=\"elementor-post__title\">\n\t\t\t<a href=\"https:\/\/observatoriodeldolor.com\/en\/helena-de-sola-recibe-el-premio-extraordinario-de-doctorado-en-el-area-de-ciencias-de-la-salud\/\" >\n\t\t\t\tHelena De Sola receives the Extraordinary Doctorate Award in the field of Health Sciences\t\t\t<\/a>\n\t\t<\/h3>\n\t\t\t\t<div class=\"elementor-post__meta-data\">\n\t\t\t\t\t<span class=\"elementor-post-date\">\n\t\t\tOctober 11, 2022\t\t<\/span>\n\t\t\t\t<\/div>\n\t\t\t\t<div class=\"elementor-post__excerpt\">\n\t\t\t<p>On 6 October, coinciding with the opening of the 2022\/2023 academic year, the Extraordinary Doctorate Prizes were awarded. This prize, which is awarded annually to<\/p>\n\t\t<\/div>\n\t\t\n\t\t<a class=\"elementor-post__read-more\" href=\"https:\/\/observatoriodeldolor.com\/en\/helena-de-sola-recibe-el-premio-extraordinario-de-doctorado-en-el-area-de-ciencias-de-la-salud\/\" aria-label=\"Read more about Helena De Sola receives the Extraordinary Doctorate Award in the field of Health Sciences\" tabindex=\"-1\" >\n\t\t\tRead more \u00bb\t\t<\/a>\n\n\t\t\t\t<\/div>\n\t\t\t\t<\/article>\n\t\t\t\t<article class=\"elementor-post elementor-grid-item post-3083 post type-post status-publish format-standard has-post-thumbnail hentry category-news-en category-our-interns\" role=\"listitem\">\n\t\t\t\t<a class=\"elementor-post__thumbnail__link\" href=\"https:\/\/observatoriodeldolor.com\/en\/la-investigadora-estadounidense-taylor-yates-se-une-al-equipo-del-observatorio-del-dolor-para-ampliar-su-formacion-en-investigacion\/\" tabindex=\"-1\" >\n\t\t\t<div class=\"elementor-post__thumbnail\"><img loading=\"lazy\" decoding=\"async\" width=\"215\" height=\"300\" src=\"https:\/\/observatoriodeldolor.com\/wp-content\/uploads\/2022\/07\/Foto-Taylor-1-215x300.jpeg\" class=\"attachment-medium size-medium wp-image-3081\" alt=\"\" srcset=\"https:\/\/observatoriodeldolor.com\/wp-content\/uploads\/2022\/07\/Foto-Taylor-1-215x300.jpeg 215w, https:\/\/observatoriodeldolor.com\/wp-content\/uploads\/2022\/07\/Foto-Taylor-1-733x1024.jpeg 733w, https:\/\/observatoriodeldolor.com\/wp-content\/uploads\/2022\/07\/Foto-Taylor-1-768x1072.jpeg 768w, https:\/\/observatoriodeldolor.com\/wp-content\/uploads\/2022\/07\/Foto-Taylor-1-1100x1536.jpeg 1100w, https:\/\/observatoriodeldolor.com\/wp-content\/uploads\/2022\/07\/Foto-Taylor-1-600x838.jpeg 600w, https:\/\/observatoriodeldolor.com\/wp-content\/uploads\/2022\/07\/Foto-Taylor-1.jpeg 1146w\" sizes=\"(max-width: 215px) 100vw, 215px\" \/><\/div>\n\t\t<\/a>\n\t\t\t\t<div class=\"elementor-post__text\">\n\t\t\t\t<h3 class=\"elementor-post__title\">\n\t\t\t<a href=\"https:\/\/observatoriodeldolor.com\/en\/la-investigadora-estadounidense-taylor-yates-se-une-al-equipo-del-observatorio-del-dolor-para-ampliar-su-formacion-en-investigacion\/\" >\n\t\t\t\tAmerican researcher Taylor Yates joins the Observatory of Pain team for three months\t\t\t<\/a>\n\t\t<\/h3>\n\t\t\t\t<div class=\"elementor-post__meta-data\">\n\t\t\t\t\t<span class=\"elementor-post-date\">\n\t\t\tJuly 1, 2022\t\t<\/span>\n\t\t\t\t<\/div>\n\t\t\t\t<div class=\"elementor-post__excerpt\">\n\t\t\t<p>At the beginning of June, the American Taylor Yates, a student at the University of Tennessee (Chattanooga),\u00a0 joined the Observatory of Pain team thanks to<\/p>\n\t\t<\/div>\n\t\t\n\t\t<a class=\"elementor-post__read-more\" href=\"https:\/\/observatoriodeldolor.com\/en\/la-investigadora-estadounidense-taylor-yates-se-une-al-equipo-del-observatorio-del-dolor-para-ampliar-su-formacion-en-investigacion\/\" aria-label=\"Read more about American researcher Taylor Yates joins the Observatory of Pain team for three months\" tabindex=\"-1\" >\n\t\t\tRead more \u00bb\t\t<\/a>\n\n\t\t\t\t<\/div>\n\t\t\t\t<\/article>\n\t\t\t\t<article class=\"elementor-post elementor-grid-item post-3056 post type-post status-publish format-standard has-post-thumbnail hentry category-news-en\" role=\"listitem\">\n\t\t\t\t<a class=\"elementor-post__thumbnail__link\" href=\"https:\/\/observatoriodeldolor.com\/en\/jenifer-palomo-en-el-donders-institute-de-camino-hacia-el-doctorado-internacional\/\" tabindex=\"-1\" >\n\t\t\t<div class=\"elementor-post__thumbnail\"><img loading=\"lazy\" decoding=\"async\" width=\"300\" height=\"225\" src=\"https:\/\/observatoriodeldolor.com\/wp-content\/uploads\/2022\/05\/WhatsApp-Image-2022-05-18-at-12.58.02-PM1-300x225.jpeg\" class=\"attachment-medium size-medium wp-image-3054\" alt=\"\" srcset=\"https:\/\/observatoriodeldolor.com\/wp-content\/uploads\/2022\/05\/WhatsApp-Image-2022-05-18-at-12.58.02-PM1-300x225.jpeg 300w, https:\/\/observatoriodeldolor.com\/wp-content\/uploads\/2022\/05\/WhatsApp-Image-2022-05-18-at-12.58.02-PM1-1024x768.jpeg 1024w, https:\/\/observatoriodeldolor.com\/wp-content\/uploads\/2022\/05\/WhatsApp-Image-2022-05-18-at-12.58.02-PM1-768x576.jpeg 768w, https:\/\/observatoriodeldolor.com\/wp-content\/uploads\/2022\/05\/WhatsApp-Image-2022-05-18-at-12.58.02-PM1-1536x1152.jpeg 1536w, https:\/\/observatoriodeldolor.com\/wp-content\/uploads\/2022\/05\/WhatsApp-Image-2022-05-18-at-12.58.02-PM1-600x450.jpeg?crop=1 600w, https:\/\/observatoriodeldolor.com\/wp-content\/uploads\/2022\/05\/WhatsApp-Image-2022-05-18-at-12.58.02-PM1-1200x900.jpeg?crop=1 1200w, https:\/\/observatoriodeldolor.com\/wp-content\/uploads\/2022\/05\/WhatsApp-Image-2022-05-18-at-12.58.02-PM1-800x600.jpeg?crop=1 800w, https:\/\/observatoriodeldolor.com\/wp-content\/uploads\/2022\/05\/WhatsApp-Image-2022-05-18-at-12.58.02-PM1-400x300.jpeg?crop=1 400w, https:\/\/observatoriodeldolor.com\/wp-content\/uploads\/2022\/05\/WhatsApp-Image-2022-05-18-at-12.58.02-PM1-200x150.jpeg?crop=1 200w, https:\/\/observatoriodeldolor.com\/wp-content\/uploads\/2022\/05\/WhatsApp-Image-2022-05-18-at-12.58.02-PM1.jpeg 2000w\" sizes=\"(max-width: 300px) 100vw, 300px\" \/><\/div>\n\t\t<\/a>\n\t\t\t\t<div class=\"elementor-post__text\">\n\t\t\t\t<h3 class=\"elementor-post__title\">\n\t\t\t<a href=\"https:\/\/observatoriodeldolor.com\/en\/jenifer-palomo-en-el-donders-institute-de-camino-hacia-el-doctorado-internacional\/\" >\n\t\t\t\tJenifer Palomo at the Donders Institute: on her way to the international doctorate\t\t\t<\/a>\n\t\t<\/h3>\n\t\t\t\t<div class=\"elementor-post__meta-data\">\n\t\t\t\t\t<span class=\"elementor-post-date\">\n\t\t\tMay 24, 2022\t\t<\/span>\n\t\t\t\t<\/div>\n\t\t\t\t<div class=\"elementor-post__excerpt\">\n\t\t\t<p>Last April, our colleague and researcher Jenifer Palomo travelled to the Dutch city of Nimega (Nijmegen) to start the international stay that will allow her<\/p>\n\t\t<\/div>\n\t\t\n\t\t<a class=\"elementor-post__read-more\" href=\"https:\/\/observatoriodeldolor.com\/en\/jenifer-palomo-en-el-donders-institute-de-camino-hacia-el-doctorado-internacional\/\" aria-label=\"Read more about Jenifer Palomo at the Donders Institute: on her way to the international doctorate\" tabindex=\"-1\" >\n\t\t\tRead more \u00bb\t\t<\/a>\n\n\t\t\t\t<\/div>\n\t\t\t\t<\/article>\n\t\t\t\t<article class=\"elementor-post elementor-grid-item post-3047 post type-post status-publish format-standard has-post-thumbnail hentry category-news-en\" role=\"listitem\">\n\t\t\t\t<a class=\"elementor-post__thumbnail__link\" href=\"https:\/\/observatoriodeldolor.com\/en\/inmaculada-failde-galardonada-en-el-acto-pioneras-en-la-uca\/\" tabindex=\"-1\" >\n\t\t\t<div class=\"elementor-post__thumbnail\"><img loading=\"lazy\" decoding=\"async\" width=\"225\" height=\"300\" src=\"https:\/\/observatoriodeldolor.com\/wp-content\/uploads\/2022\/05\/Foto-1-225x300.jpeg\" class=\"attachment-medium size-medium wp-image-3043\" alt=\"\" srcset=\"https:\/\/observatoriodeldolor.com\/wp-content\/uploads\/2022\/05\/Foto-1-225x300.jpeg 225w, https:\/\/observatoriodeldolor.com\/wp-content\/uploads\/2022\/05\/Foto-1-768x1024.jpeg 768w, https:\/\/observatoriodeldolor.com\/wp-content\/uploads\/2022\/05\/Foto-1-1152x1536.jpeg 1152w, https:\/\/observatoriodeldolor.com\/wp-content\/uploads\/2022\/05\/Foto-1-600x800.jpeg?crop=1 600w, https:\/\/observatoriodeldolor.com\/wp-content\/uploads\/2022\/05\/Foto-1-900x1200.jpeg?crop=1 900w, https:\/\/observatoriodeldolor.com\/wp-content\/uploads\/2022\/05\/Foto-1-300x400.jpeg?crop=1 300w, https:\/\/observatoriodeldolor.com\/wp-content\/uploads\/2022\/05\/Foto-1-150x200.jpeg?crop=1 150w, https:\/\/observatoriodeldolor.com\/wp-content\/uploads\/2022\/05\/Foto-1-1200x1600.jpeg 1200w, https:\/\/observatoriodeldolor.com\/wp-content\/uploads\/2022\/05\/Foto-1.jpeg 1536w\" sizes=\"(max-width: 225px) 100vw, 225px\" \/><\/div>\n\t\t<\/a>\n\t\t\t\t<div class=\"elementor-post__text\">\n\t\t\t\t<h3 class=\"elementor-post__title\">\n\t\t\t<a href=\"https:\/\/observatoriodeldolor.com\/en\/inmaculada-failde-galardonada-en-el-acto-pioneras-en-la-uca\/\" >\n\t\t\t\tInmaculada Failde awarded in the act &#8216;Pioneers in the UCA&#8217;\t\t\t<\/a>\n\t\t<\/h3>\n\t\t\t\t<div class=\"elementor-post__meta-data\">\n\t\t\t\t\t<span class=\"elementor-post-date\">\n\t\t\tMay 20, 2022\t\t<\/span>\n\t\t\t\t<\/div>\n\t\t\t\t<div class=\"elementor-post__excerpt\">\n\t\t\t<p>The director of the Observatory of Pain, Inmaculada Failde, has been recognized for her dedication and contribution to scientific research at the \u2018Pioneras en la<\/p>\n\t\t<\/div>\n\t\t\n\t\t<a class=\"elementor-post__read-more\" href=\"https:\/\/observatoriodeldolor.com\/en\/inmaculada-failde-galardonada-en-el-acto-pioneras-en-la-uca\/\" aria-label=\"Read more about Inmaculada Failde awarded in the act &#8216;Pioneers in the UCA&#8217;\" tabindex=\"-1\" >\n\t\t\tRead more \u00bb\t\t<\/a>\n\n\t\t\t\t<\/div>\n\t\t\t\t<\/article>\n\t\t\t\t<article class=\"elementor-post elementor-grid-item post-3022 post type-post status-publish format-standard has-post-thumbnail hentry category-news-en\" role=\"listitem\">\n\t\t\t\t<a class=\"elementor-post__thumbnail__link\" href=\"https:\/\/observatoriodeldolor.com\/en\/el-observatorio-del-dolor-participa-en-el-xii-congreso-internacional-de-la-european-pain-federation\/\" tabindex=\"-1\" >\n\t\t\t<div class=\"elementor-post__thumbnail\"><img loading=\"lazy\" decoding=\"async\" width=\"300\" height=\"135\" src=\"https:\/\/observatoriodeldolor.com\/wp-content\/uploads\/2022\/05\/CABECERA-300x135.jpg\" class=\"attachment-medium size-medium wp-image-3017\" alt=\"\" srcset=\"https:\/\/observatoriodeldolor.com\/wp-content\/uploads\/2022\/05\/CABECERA-300x135.jpg 300w, https:\/\/observatoriodeldolor.com\/wp-content\/uploads\/2022\/05\/CABECERA.jpg 594w\" sizes=\"(max-width: 300px) 100vw, 300px\" \/><\/div>\n\t\t<\/a>\n\t\t\t\t<div class=\"elementor-post__text\">\n\t\t\t\t<h3 class=\"elementor-post__title\">\n\t\t\t<a href=\"https:\/\/observatoriodeldolor.com\/en\/el-observatorio-del-dolor-participa-en-el-xii-congreso-internacional-de-la-european-pain-federation\/\" >\n\t\t\t\tThe Observatory of Pain participates in the XII International Congress of the European Pain Federation\t\t\t<\/a>\n\t\t<\/h3>\n\t\t\t\t<div class=\"elementor-post__meta-data\">\n\t\t\t\t\t<span class=\"elementor-post-date\">\n\t\t\tMay 9, 2022\t\t<\/span>\n\t\t\t\t<\/div>\n\t\t\t\t<div class=\"elementor-post__excerpt\">\n\t\t\t<p>Last week, the 12th Congress of the European Pain Federation (EFIC) was held at the Convention Centre Dublin. The event, which took place from Wednesday,<\/p>\n\t\t<\/div>\n\t\t\n\t\t<a class=\"elementor-post__read-more\" href=\"https:\/\/observatoriodeldolor.com\/en\/el-observatorio-del-dolor-participa-en-el-xii-congreso-internacional-de-la-european-pain-federation\/\" aria-label=\"Read more about The Observatory of Pain participates in the XII International Congress of the European Pain Federation\" tabindex=\"-1\" >\n\t\t\tRead more \u00bb\t\t<\/a>\n\n\t\t\t\t<\/div>\n\t\t\t\t<\/article>\n\t\t\t\t<article class=\"elementor-post elementor-grid-item post-2995 post type-post status-publish format-standard has-post-thumbnail hentry category-news-en\" role=\"listitem\">\n\t\t\t\t<a class=\"elementor-post__thumbnail__link\" href=\"https:\/\/observatoriodeldolor.com\/en\/jose-a-moral-munoz-y-alejandro-salazar-reciben-el-reconocimiento-a-la-excelencia-investigadora-de-la-universidad-de-cadiz-2-2\/\" tabindex=\"-1\" >\n\t\t\t<div class=\"elementor-post__thumbnail\"><img loading=\"lazy\" decoding=\"async\" width=\"300\" height=\"140\" src=\"https:\/\/observatoriodeldolor.com\/wp-content\/uploads\/2022\/04\/Universidad-de-Ca\u0301diz-300x140.jpeg\" class=\"attachment-medium size-medium wp-image-2956\" alt=\"\" srcset=\"https:\/\/observatoriodeldolor.com\/wp-content\/uploads\/2022\/04\/Universidad-de-Ca\u0301diz-300x140.jpeg 300w, https:\/\/observatoriodeldolor.com\/wp-content\/uploads\/2022\/04\/Universidad-de-Ca\u0301diz-768x359.jpeg 768w, https:\/\/observatoriodeldolor.com\/wp-content\/uploads\/2022\/04\/Universidad-de-Ca\u0301diz-600x280.jpeg 600w, https:\/\/observatoriodeldolor.com\/wp-content\/uploads\/2022\/04\/Universidad-de-Ca\u0301diz.jpeg 1024w\" sizes=\"(max-width: 300px) 100vw, 300px\" \/><\/div>\n\t\t<\/a>\n\t\t\t\t<div class=\"elementor-post__text\">\n\t\t\t\t<h3 class=\"elementor-post__title\">\n\t\t\t<a href=\"https:\/\/observatoriodeldolor.com\/en\/jose-a-moral-munoz-y-alejandro-salazar-reciben-el-reconocimiento-a-la-excelencia-investigadora-de-la-universidad-de-cadiz-2-2\/\" >\n\t\t\t\tJos\u00e9 A. Moral Mu\u00f1oz, Alejandro Salazar and Inmaculada Failde receive a recognition for their research work at the University of C\u00e1diz\t\t\t<\/a>\n\t\t<\/h3>\n\t\t\t\t<div class=\"elementor-post__meta-data\">\n\t\t\t\t\t<span class=\"elementor-post-date\">\n\t\t\tApril 27, 2022\t\t<\/span>\n\t\t\t\t<\/div>\n\t\t\t\t<div class=\"elementor-post__excerpt\">\n\t\t\t<p>Our colleagues Jos\u00e9 A. Moral Mu\u00f1oz, from the Physiotherapy area, and Alejandro Salazar, from the Statistics and Operational Research area and the director of the<\/p>\n\t\t<\/div>\n\t\t\n\t\t<a class=\"elementor-post__read-more\" href=\"https:\/\/observatoriodeldolor.com\/en\/jose-a-moral-munoz-y-alejandro-salazar-reciben-el-reconocimiento-a-la-excelencia-investigadora-de-la-universidad-de-cadiz-2-2\/\" aria-label=\"Read more about Jos\u00e9 A. Moral Mu\u00f1oz, Alejandro Salazar and Inmaculada Failde receive a recognition for their research work at the University of C\u00e1diz\" tabindex=\"-1\" >\n\t\t\tRead more \u00bb\t\t<\/a>\n\n\t\t\t\t<\/div>\n\t\t\t\t<\/article>\n\t\t\t\t<article class=\"elementor-post elementor-grid-item post-2873 post type-post status-publish format-standard has-post-thumbnail hentry category-news-en\" role=\"listitem\">\n\t\t\t\t<a class=\"elementor-post__thumbnail__link\" href=\"https:\/\/observatoriodeldolor.com\/en\/expert-review-of-neurotherapeutics-publica-nuestro-estudio-sobre-la-funcion-cognitiva-en-personas-con-neuropatia-diabetica-periferica\/\" tabindex=\"-1\" >\n\t\t\t<div class=\"elementor-post__thumbnail\"><img loading=\"lazy\" decoding=\"async\" width=\"300\" height=\"300\" src=\"https:\/\/observatoriodeldolor.com\/wp-content\/uploads\/2022\/03\/Estudio-sobre-la-neuropati\u0301a-diabe\u0301tica-perife\u0301rica-300x300.jpg\" class=\"attachment-medium size-medium wp-image-2869\" alt=\"\" srcset=\"https:\/\/observatoriodeldolor.com\/wp-content\/uploads\/2022\/03\/Estudio-sobre-la-neuropati\u0301a-diabe\u0301tica-perife\u0301rica-300x300.jpg 300w, https:\/\/observatoriodeldolor.com\/wp-content\/uploads\/2022\/03\/Estudio-sobre-la-neuropati\u0301a-diabe\u0301tica-perife\u0301rica-1024x1024.jpg 1024w, https:\/\/observatoriodeldolor.com\/wp-content\/uploads\/2022\/03\/Estudio-sobre-la-neuropati\u0301a-diabe\u0301tica-perife\u0301rica-150x150.jpg?crop=1 150w, https:\/\/observatoriodeldolor.com\/wp-content\/uploads\/2022\/03\/Estudio-sobre-la-neuropati\u0301a-diabe\u0301tica-perife\u0301rica-768x768.jpg 768w, https:\/\/observatoriodeldolor.com\/wp-content\/uploads\/2022\/03\/Estudio-sobre-la-neuropati\u0301a-diabe\u0301tica-perife\u0301rica-230x230.jpg?crop=1 230w, https:\/\/observatoriodeldolor.com\/wp-content\/uploads\/2022\/03\/Estudio-sobre-la-neuropati\u0301a-diabe\u0301tica-perife\u0301rica-400x400.jpg?crop=1 400w, https:\/\/observatoriodeldolor.com\/wp-content\/uploads\/2022\/03\/Estudio-sobre-la-neuropati\u0301a-diabe\u0301tica-perife\u0301rica-600x600.jpg?crop=1 600w, https:\/\/observatoriodeldolor.com\/wp-content\/uploads\/2022\/03\/Estudio-sobre-la-neuropati\u0301a-diabe\u0301tica-perife\u0301rica-640x640.jpg?crop=1 640w, https:\/\/observatoriodeldolor.com\/wp-content\/uploads\/2022\/03\/Estudio-sobre-la-neuropati\u0301a-diabe\u0301tica-perife\u0301rica-800x800.jpg?crop=1 800w, https:\/\/observatoriodeldolor.com\/wp-content\/uploads\/2022\/03\/Estudio-sobre-la-neuropati\u0301a-diabe\u0301tica-perife\u0301rica-200x200.jpg?crop=1 200w, https:\/\/observatoriodeldolor.com\/wp-content\/uploads\/2022\/03\/Estudio-sobre-la-neuropati\u0301a-diabe\u0301tica-perife\u0301rica.jpg 1080w\" sizes=\"(max-width: 300px) 100vw, 300px\" \/><\/div>\n\t\t<\/a>\n\t\t\t\t<div class=\"elementor-post__text\">\n\t\t\t\t<h3 class=\"elementor-post__title\">\n\t\t\t<a href=\"https:\/\/observatoriodeldolor.com\/en\/expert-review-of-neurotherapeutics-publica-nuestro-estudio-sobre-la-funcion-cognitiva-en-personas-con-neuropatia-diabetica-periferica\/\" >\n\t\t\t\tExpert Review of Neurotherapeutics publishes our study about the cognitive function in people with diabetic peripheral neuropathy\t\t\t<\/a>\n\t\t<\/h3>\n\t\t\t\t<div class=\"elementor-post__meta-data\">\n\t\t\t\t\t<span class=\"elementor-post-date\">\n\t\t\tMarch 16, 2022\t\t<\/span>\n\t\t\t\t<\/div>\n\t\t\t\t<div class=\"elementor-post__excerpt\">\n\t\t\t<p>The international Expert Review of Neurotherapeutics journal has recently published the paper entitled &#8216;Cognitive function in diabetic persons with peripheral neuropathy: a systematic review and<\/p>\n\t\t<\/div>\n\t\t\n\t\t<a class=\"elementor-post__read-more\" href=\"https:\/\/observatoriodeldolor.com\/en\/expert-review-of-neurotherapeutics-publica-nuestro-estudio-sobre-la-funcion-cognitiva-en-personas-con-neuropatia-diabetica-periferica\/\" aria-label=\"Read more about Expert Review of Neurotherapeutics publishes our study about the cognitive function in people with diabetic peripheral neuropathy\" tabindex=\"-1\" >\n\t\t\tRead more \u00bb\t\t<\/a>\n\n\t\t\t\t<\/div>\n\t\t\t\t<\/article>\n\t\t\t\t<article class=\"elementor-post elementor-grid-item post-2828 post type-post status-publish format-standard has-post-thumbnail hentry category-news-en\" role=\"listitem\">\n\t\t\t\t<a class=\"elementor-post__thumbnail__link\" href=\"https:\/\/observatoriodeldolor.com\/en\/el-legado-del-profesor-mico\/\" tabindex=\"-1\" >\n\t\t\t<div class=\"elementor-post__thumbnail\"><img loading=\"lazy\" decoding=\"async\" width=\"200\" height=\"300\" src=\"https:\/\/observatoriodeldolor.com\/wp-content\/uploads\/2022\/01\/Foto-principal-200x300.jpg\" class=\"attachment-medium size-medium wp-image-2824\" alt=\"\" srcset=\"https:\/\/observatoriodeldolor.com\/wp-content\/uploads\/2022\/01\/Foto-principal-200x300.jpg 200w, https:\/\/observatoriodeldolor.com\/wp-content\/uploads\/2022\/01\/Foto-principal-683x1024.jpg 683w, https:\/\/observatoriodeldolor.com\/wp-content\/uploads\/2022\/01\/Foto-principal-768x1152.jpg 768w, https:\/\/observatoriodeldolor.com\/wp-content\/uploads\/2022\/01\/Foto-principal-1024x1536.jpg 1024w, https:\/\/observatoriodeldolor.com\/wp-content\/uploads\/2022\/01\/Foto-principal-1365x2048.jpg 1365w, https:\/\/observatoriodeldolor.com\/wp-content\/uploads\/2022\/01\/Foto-principal-600x900.jpg 600w, https:\/\/observatoriodeldolor.com\/wp-content\/uploads\/2022\/01\/Foto-principal-1200x1800.jpg 1200w\" sizes=\"(max-width: 200px) 100vw, 200px\" \/><\/div>\n\t\t<\/a>\n\t\t\t\t<div class=\"elementor-post__text\">\n\t\t\t\t<h3 class=\"elementor-post__title\">\n\t\t\t<a href=\"https:\/\/observatoriodeldolor.com\/en\/el-legado-del-profesor-mico\/\" >\n\t\t\t\tGoodbye forever, Juan Antonio. The legacy of Professor Mic\u00f3.\t\t\t<\/a>\n\t\t<\/h3>\n\t\t\t\t<div class=\"elementor-post__meta-data\">\n\t\t\t\t\t<span class=\"elementor-post-date\">\n\t\t\tJanuary 26, 2022\t\t<\/span>\n\t\t\t\t<\/div>\n\t\t\t\t<div class=\"elementor-post__excerpt\">\n\t\t\t<p>Last November 2021, Juan Antonio Mic\u00f3, a driving force of our Observatory of Pain, left us. We cannot and should not forget the importance of<\/p>\n\t\t<\/div>\n\t\t\n\t\t<a class=\"elementor-post__read-more\" href=\"https:\/\/observatoriodeldolor.com\/en\/el-legado-del-profesor-mico\/\" aria-label=\"Read more about Goodbye forever, Juan Antonio. The legacy of Professor Mic\u00f3.\" tabindex=\"-1\" >\n\t\t\tRead more \u00bb\t\t<\/a>\n\n\t\t\t\t<\/div>\n\t\t\t\t<\/article>\n\t\t\t\t<article class=\"elementor-post elementor-grid-item post-2623 post type-post status-publish format-standard has-post-thumbnail hentry category-news-en\" role=\"listitem\">\n\t\t\t\t<a class=\"elementor-post__thumbnail__link\" href=\"https:\/\/observatoriodeldolor.com\/en\/journal-of-advanced-nursing-publica-el-protocolo-nuestro-proyecto-painreapp\/\" tabindex=\"-1\" >\n\t\t\t<div class=\"elementor-post__thumbnail\"><img loading=\"lazy\" decoding=\"async\" width=\"300\" height=\"214\" src=\"https:\/\/observatoriodeldolor.com\/wp-content\/uploads\/2021\/12\/female-working-out-on-mat-with-elastic-band-300x214.jpg\" class=\"attachment-medium size-medium wp-image-2618\" alt=\"\" srcset=\"https:\/\/observatoriodeldolor.com\/wp-content\/uploads\/2021\/12\/female-working-out-on-mat-with-elastic-band-300x214.jpg 300w, https:\/\/observatoriodeldolor.com\/wp-content\/uploads\/2021\/12\/female-working-out-on-mat-with-elastic-band-1024x731.jpg 1024w, https:\/\/observatoriodeldolor.com\/wp-content\/uploads\/2021\/12\/female-working-out-on-mat-with-elastic-band-768x548.jpg 768w, https:\/\/observatoriodeldolor.com\/wp-content\/uploads\/2021\/12\/female-working-out-on-mat-with-elastic-band-1536x1096.jpg 1536w, https:\/\/observatoriodeldolor.com\/wp-content\/uploads\/2021\/12\/female-working-out-on-mat-with-elastic-band-2048x1461.jpg 2048w, https:\/\/observatoriodeldolor.com\/wp-content\/uploads\/2021\/12\/female-working-out-on-mat-with-elastic-band-370x265.jpg?crop=1 370w, https:\/\/observatoriodeldolor.com\/wp-content\/uploads\/2021\/12\/female-working-out-on-mat-with-elastic-band-600x428.jpg 600w, https:\/\/observatoriodeldolor.com\/wp-content\/uploads\/2021\/12\/female-working-out-on-mat-with-elastic-band-1200x856.jpg 1200w\" sizes=\"(max-width: 300px) 100vw, 300px\" \/><\/div>\n\t\t<\/a>\n\t\t\t\t<div class=\"elementor-post__text\">\n\t\t\t\t<h3 class=\"elementor-post__title\">\n\t\t\t<a href=\"https:\/\/observatoriodeldolor.com\/en\/journal-of-advanced-nursing-publica-el-protocolo-nuestro-proyecto-painreapp\/\" >\n\t\t\t\tThe Journal of Advanced Nursing publishes the protocol of the PainReApp project\t\t\t<\/a>\n\t\t<\/h3>\n\t\t\t\t<div class=\"elementor-post__meta-data\">\n\t\t\t\t\t<span class=\"elementor-post-date\">\n\t\t\tDecember 1, 2021\t\t<\/span>\n\t\t\t\t<\/div>\n\t\t\t\t<div class=\"elementor-post__excerpt\">\n\t\t\t<p>The Journal of Advanced Nursing has published the clinical trial protocol of the PainReApp study carried out by the Observatory of Pain. This is a<\/p>\n\t\t<\/div>\n\t\t\n\t\t<a class=\"elementor-post__read-more\" href=\"https:\/\/observatoriodeldolor.com\/en\/journal-of-advanced-nursing-publica-el-protocolo-nuestro-proyecto-painreapp\/\" aria-label=\"Read more about The Journal of Advanced Nursing publishes the protocol of the PainReApp project\" tabindex=\"-1\" >\n\t\t\tRead more \u00bb\t\t<\/a>\n\n\t\t\t\t<\/div>\n\t\t\t\t<\/article>\n\t\t\t\t<article class=\"elementor-post elementor-grid-item post-2585 post type-post status-publish format-standard has-post-thumbnail hentry category-news-en category-news category-publicaciones-del-observatorio-en\" role=\"listitem\">\n\t\t\t\t<a class=\"elementor-post__thumbnail__link\" href=\"https:\/\/observatoriodeldolor.com\/en\/the-international-journal-of-environmental-research-and-public-health-publishes-our-latest-study-about-migraine\/\" tabindex=\"-1\" >\n\t\t\t<div class=\"elementor-post__thumbnail\"><img loading=\"lazy\" decoding=\"async\" width=\"300\" height=\"200\" src=\"https:\/\/observatoriodeldolor.com\/wp-content\/uploads\/2021\/10\/nervous-stressed-female-student-feeling-headache-studying-in-cafe-300x200.jpg\" class=\"attachment-medium size-medium wp-image-2583\" alt=\"\" srcset=\"https:\/\/observatoriodeldolor.com\/wp-content\/uploads\/2021\/10\/nervous-stressed-female-student-feeling-headache-studying-in-cafe-300x200.jpg 300w, https:\/\/observatoriodeldolor.com\/wp-content\/uploads\/2021\/10\/nervous-stressed-female-student-feeling-headache-studying-in-cafe-1024x683.jpg 1024w, https:\/\/observatoriodeldolor.com\/wp-content\/uploads\/2021\/10\/nervous-stressed-female-student-feeling-headache-studying-in-cafe-768x512.jpg 768w, https:\/\/observatoriodeldolor.com\/wp-content\/uploads\/2021\/10\/nervous-stressed-female-student-feeling-headache-studying-in-cafe-1536x1024.jpg 1536w, https:\/\/observatoriodeldolor.com\/wp-content\/uploads\/2021\/10\/nervous-stressed-female-student-feeling-headache-studying-in-cafe-2048x1365.jpg 2048w, https:\/\/observatoriodeldolor.com\/wp-content\/uploads\/2021\/10\/nervous-stressed-female-student-feeling-headache-studying-in-cafe-600x400.jpg 600w, https:\/\/observatoriodeldolor.com\/wp-content\/uploads\/2021\/10\/nervous-stressed-female-student-feeling-headache-studying-in-cafe-1200x800.jpg 1200w\" sizes=\"(max-width: 300px) 100vw, 300px\" \/><\/div>\n\t\t<\/a>\n\t\t\t\t<div class=\"elementor-post__text\">\n\t\t\t\t<h3 class=\"elementor-post__title\">\n\t\t\t<a href=\"https:\/\/observatoriodeldolor.com\/en\/the-international-journal-of-environmental-research-and-public-health-publishes-our-latest-study-about-migraine\/\" >\n\t\t\t\tThe International Journal of Environmental Research and Public Health publishes our latest study about migraine\t\t\t<\/a>\n\t\t<\/h3>\n\t\t\t\t<div class=\"elementor-post__meta-data\">\n\t\t\t\t\t<span class=\"elementor-post-date\">\n\t\t\tOctober 29, 2021\t\t<\/span>\n\t\t\t\t<\/div>\n\t\t\t\t<div class=\"elementor-post__excerpt\">\n\t\t\t<p>Another good news for the team of the Observatory of Pain. The famous International Journal of Environmental Research and Public Health has published our report<\/p>\n\t\t<\/div>\n\t\t\n\t\t<a class=\"elementor-post__read-more\" href=\"https:\/\/observatoriodeldolor.com\/en\/the-international-journal-of-environmental-research-and-public-health-publishes-our-latest-study-about-migraine\/\" aria-label=\"Read more about The International Journal of Environmental Research and Public Health publishes our latest study about migraine\" tabindex=\"-1\" >\n\t\t\tRead more \u00bb\t\t<\/a>\n\n\t\t\t\t<\/div>\n\t\t\t\t<\/article>\n\t\t\t\t<article class=\"elementor-post elementor-grid-item post-2536 post type-post status-publish format-standard has-post-thumbnail hentry category-news-en tag-dolor-en tag-estudios-dolor-en\" role=\"listitem\">\n\t\t\t\t<a class=\"elementor-post__thumbnail__link\" href=\"https:\/\/observatoriodeldolor.com\/en\/the-journal-of-the-spanish-society-of-pain-publishes-our-systematic-review-on-psychology-and-adherence-to-analgesic-treatment-in-patients-with-chronic-pain\/\" tabindex=\"-1\" >\n\t\t\t<div class=\"elementor-post__thumbnail\"><img loading=\"lazy\" decoding=\"async\" width=\"300\" height=\"150\" src=\"https:\/\/observatoriodeldolor.com\/wp-content\/uploads\/2021\/10\/Imagen-cabecera-300x150.png\" class=\"attachment-medium size-medium wp-image-2533\" alt=\"\" srcset=\"https:\/\/observatoriodeldolor.com\/wp-content\/uploads\/2021\/10\/Imagen-cabecera-300x150.png 300w, https:\/\/observatoriodeldolor.com\/wp-content\/uploads\/2021\/10\/Imagen-cabecera-1024x512.png 1024w, https:\/\/observatoriodeldolor.com\/wp-content\/uploads\/2021\/10\/Imagen-cabecera-768x384.png 768w, https:\/\/observatoriodeldolor.com\/wp-content\/uploads\/2021\/10\/Imagen-cabecera-1536x768.png 1536w, https:\/\/observatoriodeldolor.com\/wp-content\/uploads\/2021\/10\/Imagen-cabecera-2048x1024.png 2048w, https:\/\/observatoriodeldolor.com\/wp-content\/uploads\/2021\/10\/Imagen-cabecera-600x300.png 600w, https:\/\/observatoriodeldolor.com\/wp-content\/uploads\/2021\/10\/Imagen-cabecera-1280x640.png?crop=1 1280w, https:\/\/observatoriodeldolor.com\/wp-content\/uploads\/2021\/10\/Imagen-cabecera-1200x600.png 1200w\" sizes=\"(max-width: 300px) 100vw, 300px\" \/><\/div>\n\t\t<\/a>\n\t\t\t\t<div class=\"elementor-post__text\">\n\t\t\t\t<h3 class=\"elementor-post__title\">\n\t\t\t<a href=\"https:\/\/observatoriodeldolor.com\/en\/the-journal-of-the-spanish-society-of-pain-publishes-our-systematic-review-on-psychology-and-adherence-to-analgesic-treatment-in-patients-with-chronic-pain\/\" >\n\t\t\t\tThe Journal of the Spanish Society of Pain publishes our systematic review on psychology and adherence to analgesic treatment in patients with chronic pain\t\t\t<\/a>\n\t\t<\/h3>\n\t\t\t\t<div class=\"elementor-post__meta-data\">\n\t\t\t\t\t<span class=\"elementor-post-date\">\n\t\t\tOctober 19, 2021\t\t<\/span>\n\t\t\t\t<\/div>\n\t\t\t\t<div class=\"elementor-post__excerpt\">\n\t\t\t<p>The Journal of the Spanish Society of Pain (RESED) has published the report entitled &#8220;Psychological factors associated with the adherence to analgesic treatment in patients<\/p>\n\t\t<\/div>\n\t\t\n\t\t<a class=\"elementor-post__read-more\" href=\"https:\/\/observatoriodeldolor.com\/en\/the-journal-of-the-spanish-society-of-pain-publishes-our-systematic-review-on-psychology-and-adherence-to-analgesic-treatment-in-patients-with-chronic-pain\/\" aria-label=\"Read more about The Journal of the Spanish Society of Pain publishes our systematic review on psychology and adherence to analgesic treatment in patients with chronic pain\" tabindex=\"-1\" >\n\t\t\tRead more \u00bb\t\t<\/a>\n\n\t\t\t\t<\/div>\n\t\t\t\t<\/article>\n\t\t\t\t<article class=\"elementor-post elementor-grid-item post-2527 post type-post status-publish format-standard has-post-thumbnail hentry category-news-en tag-congreso-dolor-en tag-dolor-espana-en tag-estudios-en-dolor-en tag-tratamientos-dolor-en\" role=\"listitem\">\n\t\t\t\t<a class=\"elementor-post__thumbnail__link\" href=\"https:\/\/observatoriodeldolor.com\/en\/el-observatorio-viaja-a-bilbao-para-el-xvii-congreso-de-la-sed\/\" tabindex=\"-1\" >\n\t\t\t<div class=\"elementor-post__thumbnail\"><img loading=\"lazy\" decoding=\"async\" width=\"300\" height=\"88\" src=\"https:\/\/observatoriodeldolor.com\/wp-content\/uploads\/2021\/10\/Congreso-SED-2021D-300x88.png\" class=\"attachment-medium size-medium wp-image-2517\" alt=\"\" srcset=\"https:\/\/observatoriodeldolor.com\/wp-content\/uploads\/2021\/10\/Congreso-SED-2021D-300x88.png 300w, https:\/\/observatoriodeldolor.com\/wp-content\/uploads\/2021\/10\/Congreso-SED-2021D-1024x300.png 1024w, https:\/\/observatoriodeldolor.com\/wp-content\/uploads\/2021\/10\/Congreso-SED-2021D-768x225.png 768w, https:\/\/observatoriodeldolor.com\/wp-content\/uploads\/2021\/10\/Congreso-SED-2021D-1536x449.png 1536w, https:\/\/observatoriodeldolor.com\/wp-content\/uploads\/2021\/10\/Congreso-SED-2021D-2048x599.png 2048w, https:\/\/observatoriodeldolor.com\/wp-content\/uploads\/2021\/10\/Congreso-SED-2021D-600x176.png 600w, https:\/\/observatoriodeldolor.com\/wp-content\/uploads\/2021\/10\/Congreso-SED-2021D-1200x351.png 1200w\" sizes=\"(max-width: 300px) 100vw, 300px\" \/><\/div>\n\t\t<\/a>\n\t\t\t\t<div class=\"elementor-post__text\">\n\t\t\t\t<h3 class=\"elementor-post__title\">\n\t\t\t<a href=\"https:\/\/observatoriodeldolor.com\/en\/el-observatorio-viaja-a-bilbao-para-el-xvii-congreso-de-la-sed\/\" >\n\t\t\t\tThe Observatory of Pain travels to Bilbao for the XXII Congress of the Spanish Society of Pain\t\t\t<\/a>\n\t\t<\/h3>\n\t\t\t\t<div class=\"elementor-post__meta-data\">\n\t\t\t\t\t<span class=\"elementor-post-date\">\n\t\t\tOctober 18, 2021\t\t<\/span>\n\t\t\t\t<\/div>\n\t\t\t\t<div class=\"elementor-post__excerpt\">\n\t\t\t<p>Last week we traveled to Bilbao to participate in the XVII edition of the Congress of the Spanish Society of Pain (SED). During the days<\/p>\n\t\t<\/div>\n\t\t\n\t\t<a class=\"elementor-post__read-more\" href=\"https:\/\/observatoriodeldolor.com\/en\/el-observatorio-viaja-a-bilbao-para-el-xvii-congreso-de-la-sed\/\" aria-label=\"Read more about The Observatory of Pain travels to Bilbao for the XXII Congress of the Spanish Society of Pain\" tabindex=\"-1\" >\n\t\t\tRead more \u00bb\t\t<\/a>\n\n\t\t\t\t<\/div>\n\t\t\t\t<\/article>\n\t\t\t\t<article class=\"elementor-post elementor-grid-item post-2504 post type-post status-publish format-standard has-post-thumbnail hentry category-news category-news-en tag-dolor-en tag-dolor-espana-en tag-estudios-dolor-en tag-painreapp-en\" role=\"listitem\">\n\t\t\t\t<a class=\"elementor-post__thumbnail__link\" href=\"https:\/\/observatoriodeldolor.com\/en\/el-observatorio-del-dolor-presenta-el-proyecto-painreapp-en-la-10a-noche-europea-de-los-investigadores\/\" tabindex=\"-1\" >\n\t\t\t<div class=\"elementor-post__thumbnail\"><img loading=\"lazy\" decoding=\"async\" width=\"300\" height=\"169\" src=\"https:\/\/observatoriodeldolor.com\/wp-content\/uploads\/2021\/09\/Cabecera-2-300x169.jpg\" class=\"attachment-medium size-medium wp-image-2501\" alt=\"\" srcset=\"https:\/\/observatoriodeldolor.com\/wp-content\/uploads\/2021\/09\/Cabecera-2-300x169.jpg 300w, https:\/\/observatoriodeldolor.com\/wp-content\/uploads\/2021\/09\/Cabecera-2-1024x576.jpg 1024w, https:\/\/observatoriodeldolor.com\/wp-content\/uploads\/2021\/09\/Cabecera-2-768x432.jpg 768w, https:\/\/observatoriodeldolor.com\/wp-content\/uploads\/2021\/09\/Cabecera-2-150x85.jpg?crop=1 150w, https:\/\/observatoriodeldolor.com\/wp-content\/uploads\/2021\/09\/Cabecera-2-600x338.jpg 600w, https:\/\/observatoriodeldolor.com\/wp-content\/uploads\/2021\/09\/Cabecera-2-1200x675.jpg 1200w, https:\/\/observatoriodeldolor.com\/wp-content\/uploads\/2021\/09\/Cabecera-2.jpg 1280w\" sizes=\"(max-width: 300px) 100vw, 300px\" \/><\/div>\n\t\t<\/a>\n\t\t\t\t<div class=\"elementor-post__text\">\n\t\t\t\t<h3 class=\"elementor-post__title\">\n\t\t\t<a href=\"https:\/\/observatoriodeldolor.com\/en\/el-observatorio-del-dolor-presenta-el-proyecto-painreapp-en-la-10a-noche-europea-de-los-investigadores\/\" >\n\t\t\t\tWe launch the PainReApp project at the 10th edition of the European Researchers&#8217; Night\t\t\t<\/a>\n\t\t<\/h3>\n\t\t\t\t<div class=\"elementor-post__meta-data\">\n\t\t\t\t\t<span class=\"elementor-post-date\">\n\t\t\tSeptember 27, 2021\t\t<\/span>\n\t\t\t\t<\/div>\n\t\t\t\t<div class=\"elementor-post__excerpt\">\n\t\t\t<p>Last Friday, September 24, the tenth edition of the European Researchers&#8216; Night took place, an event that every year brings together hundreds of people in<\/p>\n\t\t<\/div>\n\t\t\n\t\t<a class=\"elementor-post__read-more\" href=\"https:\/\/observatoriodeldolor.com\/en\/el-observatorio-del-dolor-presenta-el-proyecto-painreapp-en-la-10a-noche-europea-de-los-investigadores\/\" aria-label=\"Read more about We launch the PainReApp project at the 10th edition of the European Researchers&#8217; Night\" tabindex=\"-1\" >\n\t\t\tRead more \u00bb\t\t<\/a>\n\n\t\t\t\t<\/div>\n\t\t\t\t<\/article>\n\t\t\t\t<article class=\"elementor-post elementor-grid-item post-2485 post type-post status-publish format-standard has-post-thumbnail hentry category-meetings-and-events category-news-en tag-congresos-dolor-en tag-dolor-en tag-eventos-dolor-en tag-tratamiento-dolor-en\" role=\"listitem\">\n\t\t\t\t<a class=\"elementor-post__thumbnail__link\" href=\"https:\/\/observatoriodeldolor.com\/en\/annual-meeting-of-the-see\/\" tabindex=\"-1\" >\n\t\t\t<div class=\"elementor-post__thumbnail\"><img loading=\"lazy\" decoding=\"async\" width=\"300\" height=\"212\" src=\"https:\/\/observatoriodeldolor.com\/wp-content\/uploads\/2021\/09\/cabecera-300x212.jpg\" class=\"attachment-medium size-medium wp-image-2475\" alt=\"\" srcset=\"https:\/\/observatoriodeldolor.com\/wp-content\/uploads\/2021\/09\/cabecera-300x212.jpg 300w, https:\/\/observatoriodeldolor.com\/wp-content\/uploads\/2021\/09\/cabecera-768x542.jpg 768w, https:\/\/observatoriodeldolor.com\/wp-content\/uploads\/2021\/09\/cabecera-600x424.jpg 600w, https:\/\/observatoriodeldolor.com\/wp-content\/uploads\/2021\/09\/cabecera.jpg 850w\" sizes=\"(max-width: 300px) 100vw, 300px\" \/><\/div>\n\t\t<\/a>\n\t\t\t\t<div class=\"elementor-post__text\">\n\t\t\t\t<h3 class=\"elementor-post__title\">\n\t\t\t<a href=\"https:\/\/observatoriodeldolor.com\/en\/annual-meeting-of-the-see\/\" >\n\t\t\t\tThe Observatory of Pain participates in the XXXIX Annual Meeting of the SEE\t\t\t<\/a>\n\t\t<\/h3>\n\t\t\t\t<div class=\"elementor-post__meta-data\">\n\t\t\t\t\t<span class=\"elementor-post-date\">\n\t\t\tSeptember 13, 2021\t\t<\/span>\n\t\t\t\t<\/div>\n\t\t\t\t<div class=\"elementor-post__excerpt\">\n\t\t\t<p>Face-to-face scientific events are back with the celebration of the XXXIX Annual Meeting of the Spanish Epidemiology Society (SEE), the XVI Congresso da Associa\u00e7ao Portuguesa<\/p>\n\t\t<\/div>\n\t\t\n\t\t<a class=\"elementor-post__read-more\" href=\"https:\/\/observatoriodeldolor.com\/en\/annual-meeting-of-the-see\/\" aria-label=\"Read more about The Observatory of Pain participates in the XXXIX Annual Meeting of the SEE\" tabindex=\"-1\" >\n\t\t\tRead more \u00bb\t\t<\/a>\n\n\t\t\t\t<\/div>\n\t\t\t\t<\/article>\n\t\t\t\t<article class=\"elementor-post elementor-grid-item post-2178 post type-post status-publish format-standard has-post-thumbnail hentry category-news-en category-news\" role=\"listitem\">\n\t\t\t\t<a class=\"elementor-post__thumbnail__link\" href=\"https:\/\/observatoriodeldolor.com\/en\/el-observatorio-del-dolor-recibe-un-segundo-premio-en-el-i-congreso-internacional-excercise-aging-and-health-de-la-uca\/\" tabindex=\"-1\" >\n\t\t\t<div class=\"elementor-post__thumbnail\"><img loading=\"lazy\" decoding=\"async\" width=\"300\" height=\"162\" src=\"https:\/\/observatoriodeldolor.com\/wp-content\/uploads\/2021\/05\/logo-congreso-300x162.png\" class=\"attachment-medium size-medium wp-image-2170\" alt=\"\" srcset=\"https:\/\/observatoriodeldolor.com\/wp-content\/uploads\/2021\/05\/logo-congreso-300x162.png 300w, https:\/\/observatoriodeldolor.com\/wp-content\/uploads\/2021\/05\/logo-congreso-1024x553.png 1024w, https:\/\/observatoriodeldolor.com\/wp-content\/uploads\/2021\/05\/logo-congreso-768x415.png 768w, https:\/\/observatoriodeldolor.com\/wp-content\/uploads\/2021\/05\/logo-congreso-600x324.png 600w, https:\/\/observatoriodeldolor.com\/wp-content\/uploads\/2021\/05\/logo-congreso-1200x648.png 1200w, https:\/\/observatoriodeldolor.com\/wp-content\/uploads\/2021\/05\/logo-congreso.png 1417w\" sizes=\"(max-width: 300px) 100vw, 300px\" \/><\/div>\n\t\t<\/a>\n\t\t\t\t<div class=\"elementor-post__text\">\n\t\t\t\t<h3 class=\"elementor-post__title\">\n\t\t\t<a href=\"https:\/\/observatoriodeldolor.com\/en\/el-observatorio-del-dolor-recibe-un-segundo-premio-en-el-i-congreso-internacional-excercise-aging-and-health-de-la-uca\/\" >\n\t\t\t\tThe Observatory of Pain receives an award at the I International Congress of Excercise, aging and health of the University of C\u00e1diz\t\t\t<\/a>\n\t\t<\/h3>\n\t\t\t\t<div class=\"elementor-post__meta-data\">\n\t\t\t\t\t<span class=\"elementor-post-date\">\n\t\t\tMay 17, 2021\t\t<\/span>\n\t\t\t\t<\/div>\n\t\t\t\t<div class=\"elementor-post__excerpt\">\n\t\t\t<p>On May 13 and 14, the I International Congress of Excercise, aging and health took place, with the participation of the Observatory of Pain, which<\/p>\n\t\t<\/div>\n\t\t\n\t\t<a class=\"elementor-post__read-more\" href=\"https:\/\/observatoriodeldolor.com\/en\/el-observatorio-del-dolor-recibe-un-segundo-premio-en-el-i-congreso-internacional-excercise-aging-and-health-de-la-uca\/\" aria-label=\"Read more about The Observatory of Pain receives an award at the I International Congress of Excercise, aging and health of the University of C\u00e1diz\" tabindex=\"-1\" >\n\t\t\tRead more \u00bb\t\t<\/a>\n\n\t\t\t\t<\/div>\n\t\t\t\t<\/article>\n\t\t\t\t<article class=\"elementor-post elementor-grid-item post-2174 post type-post status-publish format-standard has-post-thumbnail hentry category-news-en category-news\" role=\"listitem\">\n\t\t\t\t<a class=\"elementor-post__thumbnail__link\" href=\"https:\/\/observatoriodeldolor.com\/en\/mujer-y-dolor\/\" tabindex=\"-1\" >\n\t\t\t<div class=\"elementor-post__thumbnail\"><img loading=\"lazy\" decoding=\"async\" width=\"243\" height=\"300\" src=\"https:\/\/observatoriodeldolor.com\/wp-content\/uploads\/2021\/05\/Doctora-Inmaculada-Failde-243x300.jpg\" class=\"attachment-medium size-medium wp-image-2148\" alt=\"\" srcset=\"https:\/\/observatoriodeldolor.com\/wp-content\/uploads\/2021\/05\/Doctora-Inmaculada-Failde-243x300.jpg 243w, https:\/\/observatoriodeldolor.com\/wp-content\/uploads\/2021\/05\/Doctora-Inmaculada-Failde-828x1024.jpg 828w, https:\/\/observatoriodeldolor.com\/wp-content\/uploads\/2021\/05\/Doctora-Inmaculada-Failde-768x950.jpg 768w, https:\/\/observatoriodeldolor.com\/wp-content\/uploads\/2021\/05\/Doctora-Inmaculada-Failde-1242x1536.jpg 1242w, https:\/\/observatoriodeldolor.com\/wp-content\/uploads\/2021\/05\/Doctora-Inmaculada-Failde-1656x2048.jpg 1656w, https:\/\/observatoriodeldolor.com\/wp-content\/uploads\/2021\/05\/Doctora-Inmaculada-Failde-600x742.jpg 600w, https:\/\/observatoriodeldolor.com\/wp-content\/uploads\/2021\/05\/Doctora-Inmaculada-Failde-1200x1484.jpg 1200w, https:\/\/observatoriodeldolor.com\/wp-content\/uploads\/2021\/05\/Doctora-Inmaculada-Failde.jpg 1949w\" sizes=\"(max-width: 243px) 100vw, 243px\" \/><\/div>\n\t\t<\/a>\n\t\t\t\t<div class=\"elementor-post__text\">\n\t\t\t\t<h3 class=\"elementor-post__title\">\n\t\t\t<a href=\"https:\/\/observatoriodeldolor.com\/en\/mujer-y-dolor\/\" >\n\t\t\t\tDr. Inmaculada Failde joins the Board of the Woman and Pain association\t\t\t<\/a>\n\t\t<\/h3>\n\t\t\t\t<div class=\"elementor-post__meta-data\">\n\t\t\t\t\t<span class=\"elementor-post-date\">\n\t\t\tMay 13, 2021\t\t<\/span>\n\t\t\t\t<\/div>\n\t\t\t\t<div class=\"elementor-post__excerpt\">\n\t\t\t<p>Inmaculada Failde, professor at the University of C\u00e1diz and director of the Observatory of Pain, has create with other professionals from several fields of knowledge,<\/p>\n\t\t<\/div>\n\t\t\n\t\t<a class=\"elementor-post__read-more\" href=\"https:\/\/observatoriodeldolor.com\/en\/mujer-y-dolor\/\" aria-label=\"Read more about Dr. Inmaculada Failde joins the Board of the Woman and Pain association\" tabindex=\"-1\" >\n\t\t\tRead more \u00bb\t\t<\/a>\n\n\t\t\t\t<\/div>\n\t\t\t\t<\/article>\n\t\t\t\t<article class=\"elementor-post elementor-grid-item post-2142 post type-post status-publish format-standard has-post-thumbnail hentry category-news-en category-news category-our-interns\" role=\"listitem\">\n\t\t\t\t<a class=\"elementor-post__thumbnail__link\" href=\"https:\/\/observatoriodeldolor.com\/en\/distinction-cum-laude-for-our-colleague-cristina-naranjo-munoz\/\" tabindex=\"-1\" >\n\t\t\t<div class=\"elementor-post__thumbnail\"><img loading=\"lazy\" decoding=\"async\" width=\"261\" height=\"300\" src=\"https:\/\/observatoriodeldolor.com\/wp-content\/uploads\/2021\/05\/Foto-Cristina-tesis-261x300.jpg\" class=\"attachment-medium size-medium wp-image-2141\" alt=\"\" srcset=\"https:\/\/observatoriodeldolor.com\/wp-content\/uploads\/2021\/05\/Foto-Cristina-tesis-261x300.jpg 261w, https:\/\/observatoriodeldolor.com\/wp-content\/uploads\/2021\/05\/Foto-Cristina-tesis-768x882.jpg 768w, https:\/\/observatoriodeldolor.com\/wp-content\/uploads\/2021\/05\/Foto-Cristina-tesis-600x689.jpg 600w, https:\/\/observatoriodeldolor.com\/wp-content\/uploads\/2021\/05\/Foto-Cristina-tesis.jpg 892w\" sizes=\"(max-width: 261px) 100vw, 261px\" \/><\/div>\n\t\t<\/a>\n\t\t\t\t<div class=\"elementor-post__text\">\n\t\t\t\t<h3 class=\"elementor-post__title\">\n\t\t\t<a href=\"https:\/\/observatoriodeldolor.com\/en\/distinction-cum-laude-for-our-colleague-cristina-naranjo-munoz\/\" >\n\t\t\t\tDistinction Cum Laude for our colleague Cristina Naranjo Mu\u00f1oz\t\t\t<\/a>\n\t\t<\/h3>\n\t\t\t\t<div class=\"elementor-post__meta-data\">\n\t\t\t\t\t<span class=\"elementor-post-date\">\n\t\t\tMay 10, 2021\t\t<\/span>\n\t\t\t\t<\/div>\n\t\t\t\t<div class=\"elementor-post__excerpt\">\n\t\t\t<p>Last Friday, April 30, our workmate Cristina Naranjo Mu\u00f1oz defended her doctoral thesis entitled &#8220;Relationship between diabetic neuropathic pain and comorbidity. Their impact on pain<\/p>\n\t\t<\/div>\n\t\t\n\t\t<a class=\"elementor-post__read-more\" href=\"https:\/\/observatoriodeldolor.com\/en\/distinction-cum-laude-for-our-colleague-cristina-naranjo-munoz\/\" aria-label=\"Read more about Distinction Cum Laude for our colleague Cristina Naranjo Mu\u00f1oz\" tabindex=\"-1\" >\n\t\t\tRead more \u00bb\t\t<\/a>\n\n\t\t\t\t<\/div>\n\t\t\t\t<\/article>\n\t\t\t\t<article class=\"elementor-post elementor-grid-item post-2131 post type-post status-publish format-standard has-post-thumbnail hentry category-news-en\" role=\"listitem\">\n\t\t\t\t<a class=\"elementor-post__thumbnail__link\" href=\"https:\/\/observatoriodeldolor.com\/en\/international-journal-of-environmental-research-and-public-health-publica-nuestro-estudio-sobre-el-impacto-psicologico-del-confinamiento-en-la-uca\/\" tabindex=\"-1\" >\n\t\t\t<div class=\"elementor-post__thumbnail\"><img loading=\"lazy\" decoding=\"async\" width=\"300\" height=\"200\" src=\"https:\/\/observatoriodeldolor.com\/wp-content\/uploads\/2021\/05\/3962860-300x200.jpg\" class=\"attachment-medium size-medium wp-image-2128\" alt=\"\" srcset=\"https:\/\/observatoriodeldolor.com\/wp-content\/uploads\/2021\/05\/3962860-300x200.jpg 300w, https:\/\/observatoriodeldolor.com\/wp-content\/uploads\/2021\/05\/3962860-1024x683.jpg 1024w, https:\/\/observatoriodeldolor.com\/wp-content\/uploads\/2021\/05\/3962860-768x512.jpg 768w, https:\/\/observatoriodeldolor.com\/wp-content\/uploads\/2021\/05\/3962860-1536x1024.jpg 1536w, https:\/\/observatoriodeldolor.com\/wp-content\/uploads\/2021\/05\/3962860-2048x1365.jpg 2048w, https:\/\/observatoriodeldolor.com\/wp-content\/uploads\/2021\/05\/3962860-600x400.jpg 600w, https:\/\/observatoriodeldolor.com\/wp-content\/uploads\/2021\/05\/3962860-1200x800.jpg 1200w\" sizes=\"(max-width: 300px) 100vw, 300px\" \/><\/div>\n\t\t<\/a>\n\t\t\t\t<div class=\"elementor-post__text\">\n\t\t\t\t<h3 class=\"elementor-post__title\">\n\t\t\t<a href=\"https:\/\/observatoriodeldolor.com\/en\/international-journal-of-environmental-research-and-public-health-publica-nuestro-estudio-sobre-el-impacto-psicologico-del-confinamiento-en-la-uca\/\" >\n\t\t\t\tThe International Journal of Environmental Research and Public Health publishes our latest study about the psychological impact of confinement on the staff of the University of C\u00e1diz\t\t\t<\/a>\n\t\t<\/h3>\n\t\t\t\t<div class=\"elementor-post__meta-data\">\n\t\t\t\t\t<span class=\"elementor-post-date\">\n\t\t\tMay 4, 2021\t\t<\/span>\n\t\t\t\t<\/div>\n\t\t\t\t<div class=\"elementor-post__excerpt\">\n\t\t\t<p>The International Journal of Environmental Research and Public Health has recently published the article \u201cPsychological Impact of the lockdown due to the COVID-19 pandemic in<\/p>\n\t\t<\/div>\n\t\t\n\t\t<a class=\"elementor-post__read-more\" href=\"https:\/\/observatoriodeldolor.com\/en\/international-journal-of-environmental-research-and-public-health-publica-nuestro-estudio-sobre-el-impacto-psicologico-del-confinamiento-en-la-uca\/\" aria-label=\"Read more about The International Journal of Environmental Research and Public Health publishes our latest study about the psychological impact of confinement on the staff of the University of C\u00e1diz\" tabindex=\"-1\" >\n\t\t\tRead more \u00bb\t\t<\/a>\n\n\t\t\t\t<\/div>\n\t\t\t\t<\/article>\n\t\t\t\t<article class=\"elementor-post elementor-grid-item post-1978 post type-post status-publish format-standard has-post-thumbnail hentry category-news-en\" role=\"listitem\">\n\t\t\t\t<a class=\"elementor-post__thumbnail__link\" href=\"https:\/\/observatoriodeldolor.com\/en\/el-proyecto-painreapp-avanza-a-buen-ritmo\/\" tabindex=\"-1\" >\n\t\t\t<div class=\"elementor-post__thumbnail\"><img loading=\"lazy\" decoding=\"async\" width=\"225\" height=\"300\" src=\"https:\/\/observatoriodeldolor.com\/wp-content\/uploads\/2021\/04\/Marta-y-Mari\u0301a-2-225x300.jpeg\" class=\"attachment-medium size-medium wp-image-1956\" alt=\"\" srcset=\"https:\/\/observatoriodeldolor.com\/wp-content\/uploads\/2021\/04\/Marta-y-Mari\u0301a-2-225x300.jpeg 225w, https:\/\/observatoriodeldolor.com\/wp-content\/uploads\/2021\/04\/Marta-y-Mari\u0301a-2-768x1024.jpeg 768w, https:\/\/observatoriodeldolor.com\/wp-content\/uploads\/2021\/04\/Marta-y-Mari\u0301a-2-1152x1536.jpeg 1152w, https:\/\/observatoriodeldolor.com\/wp-content\/uploads\/2021\/04\/Marta-y-Mari\u0301a-2-600x800.jpeg?crop=1 600w, https:\/\/observatoriodeldolor.com\/wp-content\/uploads\/2021\/04\/Marta-y-Mari\u0301a-2-900x1200.jpeg?crop=1 900w, https:\/\/observatoriodeldolor.com\/wp-content\/uploads\/2021\/04\/Marta-y-Mari\u0301a-2-300x400.jpeg?crop=1 300w, https:\/\/observatoriodeldolor.com\/wp-content\/uploads\/2021\/04\/Marta-y-Mari\u0301a-2-150x200.jpeg?crop=1 150w, https:\/\/observatoriodeldolor.com\/wp-content\/uploads\/2021\/04\/Marta-y-Mari\u0301a-2.jpeg 1200w\" sizes=\"(max-width: 225px) 100vw, 225px\" \/><\/div>\n\t\t<\/a>\n\t\t\t\t<div class=\"elementor-post__text\">\n\t\t\t\t<h3 class=\"elementor-post__title\">\n\t\t\t<a href=\"https:\/\/observatoriodeldolor.com\/en\/el-proyecto-painreapp-avanza-a-buen-ritmo\/\" >\n\t\t\t\tThe PainReApp project is progressing at a good pace\t\t\t<\/a>\n\t\t<\/h3>\n\t\t\t\t<div class=\"elementor-post__meta-data\">\n\t\t\t\t\t<span class=\"elementor-post-date\">\n\t\t\tApril 20, 2021\t\t<\/span>\n\t\t\t\t<\/div>\n\t\t\t\t<div class=\"elementor-post__excerpt\">\n\t\t\t<p>The PainReApp project, in which the Observatory of Pain is immersed, is still underway and at a good pace despite the circumstances. Since we started<\/p>\n\t\t<\/div>\n\t\t\n\t\t<a class=\"elementor-post__read-more\" href=\"https:\/\/observatoriodeldolor.com\/en\/el-proyecto-painreapp-avanza-a-buen-ritmo\/\" aria-label=\"Read more about The PainReApp project is progressing at a good pace\" tabindex=\"-1\" >\n\t\t\tRead more \u00bb\t\t<\/a>\n\n\t\t\t\t<\/div>\n\t\t\t\t<\/article>\n\t\t\t\t<article class=\"elementor-post elementor-grid-item post-1686 post type-post status-publish format-standard has-post-thumbnail hentry category-news-en\" role=\"listitem\">\n\t\t\t\t<a class=\"elementor-post__thumbnail__link\" href=\"https:\/\/observatoriodeldolor.com\/en\/investigacion-cualitativa-para-conocer-la-experiencia-de-los-pacientes-con-dolor-cronico-que-toman-opioides-2\/\" tabindex=\"-1\" >\n\t\t\t<div class=\"elementor-post__thumbnail\"><img loading=\"lazy\" decoding=\"async\" width=\"300\" height=\"193\" src=\"https:\/\/observatoriodeldolor.com\/wp-content\/uploads\/2021\/02\/Consumo-de-opioides-1-300x193.png\" class=\"attachment-medium size-medium wp-image-1683\" alt=\"\" srcset=\"https:\/\/observatoriodeldolor.com\/wp-content\/uploads\/2021\/02\/Consumo-de-opioides-1-300x193.png 300w, https:\/\/observatoriodeldolor.com\/wp-content\/uploads\/2021\/02\/Consumo-de-opioides-1-1024x660.png 1024w, https:\/\/observatoriodeldolor.com\/wp-content\/uploads\/2021\/02\/Consumo-de-opioides-1-768x495.png 768w, https:\/\/observatoriodeldolor.com\/wp-content\/uploads\/2021\/02\/Consumo-de-opioides-1-1536x990.png 1536w, https:\/\/observatoriodeldolor.com\/wp-content\/uploads\/2021\/02\/Consumo-de-opioides-1-600x387.png 600w, https:\/\/observatoriodeldolor.com\/wp-content\/uploads\/2021\/02\/Consumo-de-opioides-1-1200x774.png 1200w, https:\/\/observatoriodeldolor.com\/wp-content\/uploads\/2021\/02\/Consumo-de-opioides-1.png 1784w\" sizes=\"(max-width: 300px) 100vw, 300px\" \/><\/div>\n\t\t<\/a>\n\t\t\t\t<div class=\"elementor-post__text\">\n\t\t\t\t<h3 class=\"elementor-post__title\">\n\t\t\t<a href=\"https:\/\/observatoriodeldolor.com\/en\/investigacion-cualitativa-para-conocer-la-experiencia-de-los-pacientes-con-dolor-cronico-que-toman-opioides-2\/\" >\n\t\t\t\tA qualitative study to know about the experience of patients with chronic pain who use opioids\t\t\t<\/a>\n\t\t<\/h3>\n\t\t\t\t<div class=\"elementor-post__meta-data\">\n\t\t\t\t\t<span class=\"elementor-post-date\">\n\t\t\tFebruary 11, 2021\t\t<\/span>\n\t\t\t\t<\/div>\n\t\t\t\t<div class=\"elementor-post__excerpt\">\n\t\t\t<p>The research report entitled Living with opioids: a qualitative study with patients with chronic non-cancer pain, has been accepted for its publication in the prestigious<\/p>\n\t\t<\/div>\n\t\t\n\t\t<a class=\"elementor-post__read-more\" href=\"https:\/\/observatoriodeldolor.com\/en\/investigacion-cualitativa-para-conocer-la-experiencia-de-los-pacientes-con-dolor-cronico-que-toman-opioides-2\/\" aria-label=\"Read more about A qualitative study to know about the experience of patients with chronic pain who use opioids\" tabindex=\"-1\" >\n\t\t\tRead more \u00bb\t\t<\/a>\n\n\t\t\t\t<\/div>\n\t\t\t\t<\/article>\n\t\t\t\t<article class=\"elementor-post elementor-grid-item post-1672 post type-post status-publish format-standard has-post-thumbnail hentry category-news-en\" role=\"listitem\">\n\t\t\t\t<a class=\"elementor-post__thumbnail__link\" href=\"https:\/\/observatoriodeldolor.com\/en\/contradicciones-en-el-comportamiento-de-los-pacientes-con-tratamiento-analgesico\/\" tabindex=\"-1\" >\n\t\t\t<div class=\"elementor-post__thumbnail\"><img loading=\"lazy\" decoding=\"async\" width=\"300\" height=\"186\" src=\"https:\/\/observatoriodeldolor.com\/wp-content\/uploads\/2021\/02\/Dolor-y-analge\u0301sicos-300x186.png\" class=\"attachment-medium size-medium wp-image-1669\" alt=\"\" srcset=\"https:\/\/observatoriodeldolor.com\/wp-content\/uploads\/2021\/02\/Dolor-y-analge\u0301sicos-300x186.png 300w, https:\/\/observatoriodeldolor.com\/wp-content\/uploads\/2021\/02\/Dolor-y-analge\u0301sicos-1024x634.png 1024w, https:\/\/observatoriodeldolor.com\/wp-content\/uploads\/2021\/02\/Dolor-y-analge\u0301sicos-768x476.png 768w, https:\/\/observatoriodeldolor.com\/wp-content\/uploads\/2021\/02\/Dolor-y-analge\u0301sicos-1536x952.png 1536w, https:\/\/observatoriodeldolor.com\/wp-content\/uploads\/2021\/02\/Dolor-y-analge\u0301sicos-600x372.png 600w, https:\/\/observatoriodeldolor.com\/wp-content\/uploads\/2021\/02\/Dolor-y-analge\u0301sicos-1200x743.png 1200w, https:\/\/observatoriodeldolor.com\/wp-content\/uploads\/2021\/02\/Dolor-y-analge\u0301sicos.png 1766w\" sizes=\"(max-width: 300px) 100vw, 300px\" \/><\/div>\n\t\t<\/a>\n\t\t\t\t<div class=\"elementor-post__text\">\n\t\t\t\t<h3 class=\"elementor-post__title\">\n\t\t\t<a href=\"https:\/\/observatoriodeldolor.com\/en\/contradicciones-en-el-comportamiento-de-los-pacientes-con-tratamiento-analgesico\/\" >\n\t\t\t\tWhich is the adherence to the analgesic treatment in Spanish patients with chronic pain?\t\t\t<\/a>\n\t\t<\/h3>\n\t\t\t\t<div class=\"elementor-post__meta-data\">\n\t\t\t\t\t<span class=\"elementor-post-date\">\n\t\t\tFebruary 11, 2021\t\t<\/span>\n\t\t\t\t<\/div>\n\t\t\t\t<div class=\"elementor-post__excerpt\">\n\t\t\t<p>To know the frequency of the adherence to the analgesic treatment in Spanish patients with chronic pain and to analyse the factors associated with it<\/p>\n\t\t<\/div>\n\t\t\n\t\t<a class=\"elementor-post__read-more\" href=\"https:\/\/observatoriodeldolor.com\/en\/contradicciones-en-el-comportamiento-de-los-pacientes-con-tratamiento-analgesico\/\" aria-label=\"Read more about Which is the adherence to the analgesic treatment in Spanish patients with chronic pain?\" tabindex=\"-1\" >\n\t\t\tRead more \u00bb\t\t<\/a>\n\n\t\t\t\t<\/div>\n\t\t\t\t<\/article>\n\t\t\t\t<article class=\"elementor-post elementor-grid-item post-1131 post type-post status-publish format-standard has-post-thumbnail hentry category-news-en tag-destacada-en tag-destacado-en\" role=\"listitem\">\n\t\t\t\t<a class=\"elementor-post__thumbnail__link\" href=\"https:\/\/observatoriodeldolor.com\/en\/international-journal-of-environmental-research-and-public-health-publica-nuestro-ultimo-estudio\/\" tabindex=\"-1\" >\n\t\t\t<div class=\"elementor-post__thumbnail\"><img loading=\"lazy\" decoding=\"async\" width=\"300\" height=\"157\" src=\"https:\/\/observatoriodeldolor.com\/wp-content\/uploads\/2020\/11\/diabetes-y-dolor-.png\" class=\"attachment-medium size-medium wp-image-1006\" alt=\"\" \/><\/div>\n\t\t<\/a>\n\t\t\t\t<div class=\"elementor-post__text\">\n\t\t\t\t<h3 class=\"elementor-post__title\">\n\t\t\t<a href=\"https:\/\/observatoriodeldolor.com\/en\/international-journal-of-environmental-research-and-public-health-publica-nuestro-ultimo-estudio\/\" >\n\t\t\t\tInternational Journal of Environmental Research and Public Health publishes our last study\t\t\t<\/a>\n\t\t<\/h3>\n\t\t\t\t<div class=\"elementor-post__meta-data\">\n\t\t\t\t\t<span class=\"elementor-post-date\">\n\t\t\tNovember 19, 2020\t\t<\/span>\n\t\t\t\t<\/div>\n\t\t\t\t<div class=\"elementor-post__excerpt\">\n\t\t\t<p>The international Journal of Environment Research and Public Health has recently&nbsp; published our last report, which is a part of the project that the Observatory<\/p>\n\t\t<\/div>\n\t\t\n\t\t<a class=\"elementor-post__read-more\" href=\"https:\/\/observatoriodeldolor.com\/en\/international-journal-of-environmental-research-and-public-health-publica-nuestro-ultimo-estudio\/\" aria-label=\"Read more about International Journal of Environmental Research and Public Health publishes our last study\" tabindex=\"-1\" >\n\t\t\tRead more \u00bb\t\t<\/a>\n\n\t\t\t\t<\/div>\n\t\t\t\t<\/article>\n\t\t\t\t<article class=\"elementor-post elementor-grid-item post-1656 post type-post status-publish format-standard has-post-thumbnail hentry category-news-en\" role=\"listitem\">\n\t\t\t\t<a class=\"elementor-post__thumbnail__link\" href=\"https:\/\/observatoriodeldolor.com\/en\/cual-es-la-prevalencia-de-uso-de-opioides-en-personas-con-dolor-cronico\/\" tabindex=\"-1\" >\n\t\t\t<div class=\"elementor-post__thumbnail\"><img loading=\"lazy\" decoding=\"async\" width=\"300\" height=\"199\" src=\"https:\/\/observatoriodeldolor.com\/wp-content\/uploads\/2021\/02\/consumo-de-opioides-300x199.png\" class=\"attachment-medium size-medium wp-image-1643\" alt=\"\" srcset=\"https:\/\/observatoriodeldolor.com\/wp-content\/uploads\/2021\/02\/consumo-de-opioides-300x199.png 300w, https:\/\/observatoriodeldolor.com\/wp-content\/uploads\/2021\/02\/consumo-de-opioides-1024x679.png 1024w, https:\/\/observatoriodeldolor.com\/wp-content\/uploads\/2021\/02\/consumo-de-opioides-768x509.png 768w, https:\/\/observatoriodeldolor.com\/wp-content\/uploads\/2021\/02\/consumo-de-opioides-1536x1019.png 1536w, https:\/\/observatoriodeldolor.com\/wp-content\/uploads\/2021\/02\/consumo-de-opioides-600x398.png 600w, https:\/\/observatoriodeldolor.com\/wp-content\/uploads\/2021\/02\/consumo-de-opioides-1200x796.png 1200w, https:\/\/observatoriodeldolor.com\/wp-content\/uploads\/2021\/02\/consumo-de-opioides.png 1818w\" sizes=\"(max-width: 300px) 100vw, 300px\" \/><\/div>\n\t\t<\/a>\n\t\t\t\t<div class=\"elementor-post__text\">\n\t\t\t\t<h3 class=\"elementor-post__title\">\n\t\t\t<a href=\"https:\/\/observatoriodeldolor.com\/en\/cual-es-la-prevalencia-de-uso-de-opioides-en-personas-con-dolor-cronico\/\" >\n\t\t\t\tWhat is the prevalence of the use of opioids in people with chronic pain?\t\t\t<\/a>\n\t\t<\/h3>\n\t\t\t\t<div class=\"elementor-post__meta-data\">\n\t\t\t\t\t<span class=\"elementor-post-date\">\n\t\t\tNovember 18, 2020\t\t<\/span>\n\t\t\t\t<\/div>\n\t\t\t\t<div class=\"elementor-post__excerpt\">\n\t\t\t<p>This question is answered in our new report that has been published in the important Frontiers in Pharmacology journal. The report, entitled Prevalence of therapeutic<\/p>\n\t\t<\/div>\n\t\t\n\t\t<a class=\"elementor-post__read-more\" href=\"https:\/\/observatoriodeldolor.com\/en\/cual-es-la-prevalencia-de-uso-de-opioides-en-personas-con-dolor-cronico\/\" aria-label=\"Read more about What is the prevalence of the use of opioids in people with chronic pain?\" tabindex=\"-1\" >\n\t\t\tRead more \u00bb\t\t<\/a>\n\n\t\t\t\t<\/div>\n\t\t\t\t<\/article>\n\t\t\t\t<article class=\"elementor-post elementor-grid-item post-665 post type-post status-publish format-standard has-post-thumbnail hentry category-news-en category-our-interns\" role=\"listitem\">\n\t\t\t\t<a class=\"elementor-post__thumbnail__link\" href=\"https:\/\/observatoriodeldolor.com\/en\/sobresaliente-cum-laude-para-nuestra-companera-helena-de-sola-perea\/\" tabindex=\"-1\" >\n\t\t\t<div class=\"elementor-post__thumbnail\"><img loading=\"lazy\" decoding=\"async\" width=\"248\" height=\"300\" src=\"https:\/\/observatoriodeldolor.com\/wp-content\/uploads\/2020\/07\/tesis-helena-foto-2-248x300.jpeg\" class=\"attachment-medium size-medium wp-image-667\" alt=\"\" srcset=\"https:\/\/observatoriodeldolor.com\/wp-content\/uploads\/2020\/07\/tesis-helena-foto-2-248x300.jpeg 248w, https:\/\/observatoriodeldolor.com\/wp-content\/uploads\/2020\/07\/tesis-helena-foto-2-847x1024.jpeg 847w, https:\/\/observatoriodeldolor.com\/wp-content\/uploads\/2020\/07\/tesis-helena-foto-2-768x929.jpeg 768w, https:\/\/observatoriodeldolor.com\/wp-content\/uploads\/2020\/07\/tesis-helena-foto-2-1270x1536.jpeg 1270w, https:\/\/observatoriodeldolor.com\/wp-content\/uploads\/2020\/07\/tesis-helena-foto-2-600x725.jpeg 600w, https:\/\/observatoriodeldolor.com\/wp-content\/uploads\/2020\/07\/tesis-helena-foto-2-1200x1451.jpeg 1200w, https:\/\/observatoriodeldolor.com\/wp-content\/uploads\/2020\/07\/tesis-helena-foto-2.jpeg 1536w\" sizes=\"(max-width: 248px) 100vw, 248px\" \/><\/div>\n\t\t<\/a>\n\t\t\t\t<div class=\"elementor-post__text\">\n\t\t\t\t<h3 class=\"elementor-post__title\">\n\t\t\t<a href=\"https:\/\/observatoriodeldolor.com\/en\/sobresaliente-cum-laude-para-nuestra-companera-helena-de-sola-perea\/\" >\n\t\t\t\tCum Laude distinction for our colleague Helena de Sola Perea\t\t\t<\/a>\n\t\t<\/h3>\n\t\t\t\t<div class=\"elementor-post__meta-data\">\n\t\t\t\t\t<span class=\"elementor-post-date\">\n\t\t\tJuly 23, 2020\t\t<\/span>\n\t\t\t\t<\/div>\n\t\t\t\t<div class=\"elementor-post__excerpt\">\n\t\t\t<p>Last Tuesday, July 7, our colleague from the Pain Observatory team, Helena de Sola Perea, defended her doctoral thesis entitled Prevalence and associated factors of<\/p>\n\t\t<\/div>\n\t\t\n\t\t<a class=\"elementor-post__read-more\" href=\"https:\/\/observatoriodeldolor.com\/en\/sobresaliente-cum-laude-para-nuestra-companera-helena-de-sola-perea\/\" aria-label=\"Read more about Cum Laude distinction for our colleague Helena de Sola Perea\" tabindex=\"-1\" >\n\t\t\tRead more \u00bb\t\t<\/a>\n\n\t\t\t\t<\/div>\n\t\t\t\t<\/article>\n\t\t\t\t<article class=\"elementor-post elementor-grid-item post-1697 post type-post status-publish format-standard has-post-thumbnail hentry category-news-en\" role=\"listitem\">\n\t\t\t\t<a class=\"elementor-post__thumbnail__link\" href=\"https:\/\/observatoriodeldolor.com\/en\/diez-anos-de-estudio-y-trabajo-en-el-campo-del-dolor-2\/\" tabindex=\"-1\" >\n\t\t\t<div class=\"elementor-post__thumbnail\"><img loading=\"lazy\" decoding=\"async\" width=\"300\" height=\"226\" src=\"https:\/\/observatoriodeldolor.com\/wp-content\/uploads\/2021\/02\/observatorio-del-dolor-cadiz-1-1-300x226.png\" class=\"attachment-medium size-medium wp-image-1695\" alt=\"\" srcset=\"https:\/\/observatoriodeldolor.com\/wp-content\/uploads\/2021\/02\/observatorio-del-dolor-cadiz-1-1-300x226.png 300w, https:\/\/observatoriodeldolor.com\/wp-content\/uploads\/2021\/02\/observatorio-del-dolor-cadiz-1-1-400x300.png?crop=1 400w, https:\/\/observatoriodeldolor.com\/wp-content\/uploads\/2021\/02\/observatorio-del-dolor-cadiz-1-1-200x150.png?crop=1 200w, https:\/\/observatoriodeldolor.com\/wp-content\/uploads\/2021\/02\/observatorio-del-dolor-cadiz-1-1.png 557w\" sizes=\"(max-width: 300px) 100vw, 300px\" \/><\/div>\n\t\t<\/a>\n\t\t\t\t<div class=\"elementor-post__text\">\n\t\t\t\t<h3 class=\"elementor-post__title\">\n\t\t\t<a href=\"https:\/\/observatoriodeldolor.com\/en\/diez-anos-de-estudio-y-trabajo-en-el-campo-del-dolor-2\/\" >\n\t\t\t\tTen years of study and work in the field of pain\t\t\t<\/a>\n\t\t<\/h3>\n\t\t\t\t<div class=\"elementor-post__meta-data\">\n\t\t\t\t\t<span class=\"elementor-post-date\">\n\t\t\tJune 8, 2020\t\t<\/span>\n\t\t\t\t<\/div>\n\t\t\t\t<div class=\"elementor-post__excerpt\">\n\t\t\t<p>A small space in the University of C\u00e1diz, a lot of hope and the desire to address the most relevant issues in the field of<\/p>\n\t\t<\/div>\n\t\t\n\t\t<a class=\"elementor-post__read-more\" href=\"https:\/\/observatoriodeldolor.com\/en\/diez-anos-de-estudio-y-trabajo-en-el-campo-del-dolor-2\/\" aria-label=\"Read more about Ten years of study and work in the field of pain\" tabindex=\"-1\" >\n\t\t\tRead more \u00bb\t\t<\/a>\n\n\t\t\t\t<\/div>\n\t\t\t\t<\/article>\n\t\t\t\t<article class=\"elementor-post elementor-grid-item post-2158 post type-post status-publish format-standard has-post-thumbnail hentry category-news category-our-interns\" role=\"listitem\">\n\t\t\t\t<a class=\"elementor-post__thumbnail__link\" href=\"https:\/\/observatoriodeldolor.com\/en\/hela-de-sola-continua-su-formacion-en-la-universidad-de-suecia\/\" tabindex=\"-1\" >\n\t\t\t<div class=\"elementor-post__thumbnail\"><img loading=\"lazy\" decoding=\"async\" width=\"300\" height=\"225\" src=\"https:\/\/observatoriodeldolor.com\/wp-content\/uploads\/2018\/12\/20181204_102142.jpg\" class=\"attachment-medium size-medium wp-image-965\" alt=\"\" \/><\/div>\n\t\t<\/a>\n\t\t\t\t<div class=\"elementor-post__text\">\n\t\t\t\t<h3 class=\"elementor-post__title\">\n\t\t\t<a href=\"https:\/\/observatoriodeldolor.com\/en\/hela-de-sola-continua-su-formacion-en-la-universidad-de-suecia\/\" >\n\t\t\t\tHelena de Sola increase her knowledge in the University of Ume\u00e5.\t\t\t<\/a>\n\t\t<\/h3>\n\t\t\t\t<div class=\"elementor-post__meta-data\">\n\t\t\t\t\t<span class=\"elementor-post-date\">\n\t\t\tDecember 13, 2018\t\t<\/span>\n\t\t\t\t<\/div>\n\t\t\t\t<div class=\"elementor-post__excerpt\">\n\t\t\t<p>From last October until next January, our colleague of the Observatory of Pain, the researcher Helena de Sola, is doing a training stay at the<\/p>\n\t\t<\/div>\n\t\t\n\t\t<a class=\"elementor-post__read-more\" href=\"https:\/\/observatoriodeldolor.com\/en\/hela-de-sola-continua-su-formacion-en-la-universidad-de-suecia\/\" aria-label=\"Read more about Helena de Sola increase her knowledge in the University of Ume\u00e5.\" tabindex=\"-1\" >\n\t\t\tRead more \u00bb\t\t<\/a>\n\n\t\t\t\t<\/div>\n\t\t\t\t<\/article>\n\t\t\t\t<article class=\"elementor-post elementor-grid-item post-1596 post type-post status-publish format-standard has-post-thumbnail hentry category-news-en tag-congreso-dolor-en tag-destacada-en tag-destacado-en tag-dolor-cronico-espana-en\" role=\"listitem\">\n\t\t\t\t<a class=\"elementor-post__thumbnail__link\" href=\"https:\/\/observatoriodeldolor.com\/en\/en-busca-de-nuevas-tecnicas-de-comunicacion-con-el-paciente-que-sufre-dolor\/\" tabindex=\"-1\" >\n\t\t\t<div class=\"elementor-post__thumbnail\"><img loading=\"lazy\" decoding=\"async\" width=\"300\" height=\"171\" src=\"https:\/\/observatoriodeldolor.com\/wp-content\/uploads\/2018\/10\/captura-de-pantalla-2018-10-19-a-las-10-40-30.png\" class=\"attachment-medium size-medium wp-image-960\" alt=\"\" \/><\/div>\n\t\t<\/a>\n\t\t\t\t<div class=\"elementor-post__text\">\n\t\t\t\t<h3 class=\"elementor-post__title\">\n\t\t\t<a href=\"https:\/\/observatoriodeldolor.com\/en\/en-busca-de-nuevas-tecnicas-de-comunicacion-con-el-paciente-que-sufre-dolor\/\" >\n\t\t\t\tLooking for new techniques of communication with patients that suffers pain\t\t\t<\/a>\n\t\t<\/h3>\n\t\t\t\t<div class=\"elementor-post__meta-data\">\n\t\t\t\t\t<span class=\"elementor-post-date\">\n\t\t\tOctober 19, 2018\t\t<\/span>\n\t\t\t\t<\/div>\n\t\t\t\t<div class=\"elementor-post__excerpt\">\n\t\t\t<p>How do students of Medicine and future doctors face pain? With which attitude do they face this problem? To clarify these and other questions was<\/p>\n\t\t<\/div>\n\t\t\n\t\t<a class=\"elementor-post__read-more\" href=\"https:\/\/observatoriodeldolor.com\/en\/en-busca-de-nuevas-tecnicas-de-comunicacion-con-el-paciente-que-sufre-dolor\/\" aria-label=\"Read more about Looking for new techniques of communication with patients that suffers pain\" tabindex=\"-1\" >\n\t\t\tRead more \u00bb\t\t<\/a>\n\n\t\t\t\t<\/div>\n\t\t\t\t<\/article>\n\t\t\t\t<article class=\"elementor-post elementor-grid-item post-1597 post type-post status-publish format-standard has-post-thumbnail hentry category-sin-categorizar-en tag-destacado-en tag-dolor-en tag-dolor-cronico-en tag-estudios-en-dolor-en\" role=\"listitem\">\n\t\t\t\t<a class=\"elementor-post__thumbnail__link\" href=\"https:\/\/observatoriodeldolor.com\/en\/el-observatorio-participa-un-ano-mas-en-la-noche-europea-de-ls-investigadors\/\" tabindex=\"-1\" >\n\t\t\t<div class=\"elementor-post__thumbnail\"><img loading=\"lazy\" decoding=\"async\" width=\"300\" height=\"140\" src=\"https:\/\/observatoriodeldolor.com\/wp-content\/uploads\/2018\/10\/whatsapp-image-2018-10-01-at-11-37-44.jpeg\" class=\"attachment-medium size-medium wp-image-958\" alt=\"\" \/><\/div>\n\t\t<\/a>\n\t\t\t\t<div class=\"elementor-post__text\">\n\t\t\t\t<h3 class=\"elementor-post__title\">\n\t\t\t<a href=\"https:\/\/observatoriodeldolor.com\/en\/el-observatorio-participa-un-ano-mas-en-la-noche-europea-de-ls-investigadors\/\" >\n\t\t\t\tEl observatorio participa un a\u00f1o m\u00e1s en la Noche Europea de l@s Investigador@s\t\t\t<\/a>\n\t\t<\/h3>\n\t\t\t\t<div class=\"elementor-post__meta-data\">\n\t\t\t\t\t<span class=\"elementor-post-date\">\n\t\t\tOctober 1, 2018\t\t<\/span>\n\t\t\t\t<\/div>\n\t\t\t\t<div class=\"elementor-post__excerpt\">\n\t\t\t<p>El pasado 28 de septiembre y por s\u00e9ptimo a\u00f1o consecutivo en Andaluc\u00eda, tuvo lugar La Noche Europea de l@s Investigador@s en Jerez de la Frontera,<\/p>\n\t\t<\/div>\n\t\t\n\t\t<a class=\"elementor-post__read-more\" href=\"https:\/\/observatoriodeldolor.com\/en\/el-observatorio-participa-un-ano-mas-en-la-noche-europea-de-ls-investigadors\/\" aria-label=\"Read more about El observatorio participa un a\u00f1o m\u00e1s en la Noche Europea de l@s Investigador@s\" tabindex=\"-1\" >\n\t\t\tRead more \u00bb\t\t<\/a>\n\n\t\t\t\t<\/div>\n\t\t\t\t<\/article>\n\t\t\t\t<article class=\"elementor-post elementor-grid-item post-1598 post type-post status-publish format-standard has-post-thumbnail hentry category-sin-categorizar-en tag-destacado-en tag-dolor-en tag-dolor-cronico-espana-en tag-dolor-espana-en tag-estudios-dolor-en\" role=\"listitem\">\n\t\t\t\t<a class=\"elementor-post__thumbnail__link\" href=\"https:\/\/observatoriodeldolor.com\/en\/el-observatorio-del-dolor-presente-en-el-congreso-de-la-see-en-lisboa\/\" tabindex=\"-1\" >\n\t\t\t<div class=\"elementor-post__thumbnail\"><img loading=\"lazy\" decoding=\"async\" width=\"300\" height=\"168\" src=\"https:\/\/observatoriodeldolor.com\/wp-content\/uploads\/2018\/09\/captura-de-pantalla-2018-09-20-a-las-10-33-07.png\" class=\"attachment-medium size-medium wp-image-956\" alt=\"\" \/><\/div>\n\t\t<\/a>\n\t\t\t\t<div class=\"elementor-post__text\">\n\t\t\t\t<h3 class=\"elementor-post__title\">\n\t\t\t<a href=\"https:\/\/observatoriodeldolor.com\/en\/el-observatorio-del-dolor-presente-en-el-congreso-de-la-see-en-lisboa\/\" >\n\t\t\t\tEl Observatorio del Dolor presente en el Congreso de la SEE en Lisboa\t\t\t<\/a>\n\t\t<\/h3>\n\t\t\t\t<div class=\"elementor-post__meta-data\">\n\t\t\t\t\t<span class=\"elementor-post-date\">\n\t\t\tSeptember 20, 2018\t\t<\/span>\n\t\t\t\t<\/div>\n\t\t\t\t<div class=\"elementor-post__excerpt\">\n\t\t\t<p>Fiel a su cita anual, el Observatorio del Dolor particip\u00f3 la semana pasada en el \u201cXIII Congresso da Associa\u00e7ao Portuguesa de Epidemiologia y XXXVI Reuni\u00f3n<\/p>\n\t\t<\/div>\n\t\t\n\t\t<a class=\"elementor-post__read-more\" href=\"https:\/\/observatoriodeldolor.com\/en\/el-observatorio-del-dolor-presente-en-el-congreso-de-la-see-en-lisboa\/\" aria-label=\"Read more about El Observatorio del Dolor presente en el Congreso de la SEE en Lisboa\" tabindex=\"-1\" >\n\t\t\tRead more \u00bb\t\t<\/a>\n\n\t\t\t\t<\/div>\n\t\t\t\t<\/article>\n\t\t\t\t<article class=\"elementor-post elementor-grid-item post-1599 post type-post status-publish format-standard has-post-thumbnail hentry category-news-en tag-consumo-opioides-en tag-destacada-en tag-dolor-cronico-en tag-opioides-en tag-tratamiento-dolor-en tag-tratamiento-dolor-cronico-en\" role=\"listitem\">\n\t\t\t\t<a class=\"elementor-post__thumbnail__link\" href=\"https:\/\/observatoriodeldolor.com\/en\/diario-medico-se-hace-eco-de-nuestro-ultimo-estudio-sobre-opioides\/\" tabindex=\"-1\" >\n\t\t\t<div class=\"elementor-post__thumbnail\"><img loading=\"lazy\" decoding=\"async\" width=\"300\" height=\"168\" src=\"https:\/\/observatoriodeldolor.com\/wp-content\/uploads\/2018\/08\/equipo-del-observatorio-del-dolor-dolor-crocc81nico.png\" class=\"attachment-medium size-medium wp-image-955\" alt=\"\" \/><\/div>\n\t\t<\/a>\n\t\t\t\t<div class=\"elementor-post__text\">\n\t\t\t\t<h3 class=\"elementor-post__title\">\n\t\t\t<a href=\"https:\/\/observatoriodeldolor.com\/en\/diario-medico-se-hace-eco-de-nuestro-ultimo-estudio-sobre-opioides\/\" >\n\t\t\t\tDiario M\u00e9dico gives us a voice with the publication of our last study about opioids\t\t\t<\/a>\n\t\t<\/h3>\n\t\t\t\t<div class=\"elementor-post__meta-data\">\n\t\t\t\t\t<span class=\"elementor-post-date\">\n\t\t\tAugust 16, 2018\t\t<\/span>\n\t\t\t\t<\/div>\n\t\t\t\t<div class=\"elementor-post__excerpt\">\n\t\t\t<p>The prestigious news website Diario M\u00e9dico has published our latest study about opioids, a work of field carried out with many details and during several<\/p>\n\t\t<\/div>\n\t\t\n\t\t<a class=\"elementor-post__read-more\" href=\"https:\/\/observatoriodeldolor.com\/en\/diario-medico-se-hace-eco-de-nuestro-ultimo-estudio-sobre-opioides\/\" aria-label=\"Read more about Diario M\u00e9dico gives us a voice with the publication of our last study about opioids\" tabindex=\"-1\" >\n\t\t\tRead more \u00bb\t\t<\/a>\n\n\t\t\t\t<\/div>\n\t\t\t\t<\/article>\n\t\t\t\t<article class=\"elementor-post elementor-grid-item post-1606 post type-post status-publish format-standard has-post-thumbnail hentry category-news-en tag-destacada-en tag-destacado-en tag-dolor-en tag-dolor-cronico-en tag-estudios-dolor-en\" role=\"listitem\">\n\t\t\t\t<a class=\"elementor-post__thumbnail__link\" href=\"https:\/\/observatoriodeldolor.com\/en\/el-boletin-sin-dolor-de-la-fundacion-grunenthal-da-voz-a-nuestros-estudios-sobre-dolor-en-espana\/\" tabindex=\"-1\" >\n\t\t\t<div class=\"elementor-post__thumbnail\"><img loading=\"lazy\" decoding=\"async\" width=\"300\" height=\"225\" src=\"https:\/\/observatoriodeldolor.com\/wp-content\/uploads\/2018\/07\/cabecera-noti-dolor.jpg\" class=\"attachment-medium size-medium wp-image-954\" alt=\"\" \/><\/div>\n\t\t<\/a>\n\t\t\t\t<div class=\"elementor-post__text\">\n\t\t\t\t<h3 class=\"elementor-post__title\">\n\t\t\t<a href=\"https:\/\/observatoriodeldolor.com\/en\/el-boletin-sin-dolor-de-la-fundacion-grunenthal-da-voz-a-nuestros-estudios-sobre-dolor-en-espana\/\" >\n\t\t\t\tGr\u00fcnenthal Foundation\u2019s Painless Newsletter gives voice to new studies about pain in Spain\t\t\t<\/a>\n\t\t<\/h3>\n\t\t\t\t<div class=\"elementor-post__meta-data\">\n\t\t\t\t\t<span class=\"elementor-post-date\">\n\t\t\tJuly 17, 2018\t\t<\/span>\n\t\t\t\t<\/div>\n\t\t\t\t<div class=\"elementor-post__excerpt\">\n\t\t\t<p>The Gr\u00fcnenthal Foundation\u2019s Painless Newsletter spoke on its last number about the exhaustive and meticulous work that we do at the Observatory of Pain. A<\/p>\n\t\t<\/div>\n\t\t\n\t\t<a class=\"elementor-post__read-more\" href=\"https:\/\/observatoriodeldolor.com\/en\/el-boletin-sin-dolor-de-la-fundacion-grunenthal-da-voz-a-nuestros-estudios-sobre-dolor-en-espana\/\" aria-label=\"Read more about Gr\u00fcnenthal Foundation\u2019s Painless Newsletter gives voice to new studies about pain in Spain\" tabindex=\"-1\" >\n\t\t\tRead more \u00bb\t\t<\/a>\n\n\t\t\t\t<\/div>\n\t\t\t\t<\/article>\n\t\t\t\t<article class=\"elementor-post elementor-grid-item post-1600 post type-post status-publish format-standard has-post-thumbnail hentry category-sin-categorizar-en tag-destacada-en tag-destacado-en tag-dolor-en tag-dolor-cronico-en tag-dolor-neuropatico-en tag-estudios-dolor-en tag-opioides-en tag-tratamiento-del-dolor-en\" role=\"listitem\">\n\t\t\t\t<a class=\"elementor-post__thumbnail__link\" href=\"https:\/\/observatoriodeldolor.com\/en\/retos-actuales-del-tratamiento-del-dolor-con-opioides\/\" tabindex=\"-1\" >\n\t\t\t<div class=\"elementor-post__thumbnail\"><img loading=\"lazy\" decoding=\"async\" width=\"300\" height=\"225\" src=\"https:\/\/observatoriodeldolor.com\/wp-content\/uploads\/2018\/07\/escorial-2018.jpeg\" class=\"attachment-medium size-medium wp-image-950\" alt=\"\" \/><\/div>\n\t\t<\/a>\n\t\t\t\t<div class=\"elementor-post__text\">\n\t\t\t\t<h3 class=\"elementor-post__title\">\n\t\t\t<a href=\"https:\/\/observatoriodeldolor.com\/en\/retos-actuales-del-tratamiento-del-dolor-con-opioides\/\" >\n\t\t\t\tRetos actuales del tratamiento del dolor con opioides\t\t\t<\/a>\n\t\t<\/h3>\n\t\t\t\t<div class=\"elementor-post__meta-data\">\n\t\t\t\t\t<span class=\"elementor-post-date\">\n\t\t\tJuly 9, 2018\t\t<\/span>\n\t\t\t\t<\/div>\n\t\t\t\t<div class=\"elementor-post__excerpt\">\n\t\t\t<p>&#8220;Retos actuales del tratamiento del dolor con opioides&#8221; fue el t\u00edtulo del interesante curso organizado por\u00a0la Sociedad Espa\u00f1ola del Dolor y que tuvo lugar los<\/p>\n\t\t<\/div>\n\t\t\n\t\t<a class=\"elementor-post__read-more\" href=\"https:\/\/observatoriodeldolor.com\/en\/retos-actuales-del-tratamiento-del-dolor-con-opioides\/\" aria-label=\"Read more about Retos actuales del tratamiento del dolor con opioides\" tabindex=\"-1\" >\n\t\t\tRead more \u00bb\t\t<\/a>\n\n\t\t\t\t<\/div>\n\t\t\t\t<\/article>\n\t\t\t\t<article class=\"elementor-post elementor-grid-item post-1601 post type-post status-publish format-standard has-post-thumbnail hentry category-sin-categorizar-en tag-analgesicos-en tag-consumo-analgesicos-en tag-destacada-en tag-destacado-en\" role=\"listitem\">\n\t\t\t\t<a class=\"elementor-post__thumbnail__link\" href=\"https:\/\/observatoriodeldolor.com\/en\/gasto-y-consumo-de-analgesicos-antes-y-durante-la-crisis-economica\/\" tabindex=\"-1\" >\n\t\t\t<div class=\"elementor-post__thumbnail\"><img loading=\"lazy\" decoding=\"async\" width=\"300\" height=\"180\" src=\"https:\/\/observatoriodeldolor.com\/wp-content\/uploads\/2018\/06\/pill-1884775_1920.jpg\" class=\"attachment-medium size-medium wp-image-949\" alt=\"\" \/><\/div>\n\t\t<\/a>\n\t\t\t\t<div class=\"elementor-post__text\">\n\t\t\t\t<h3 class=\"elementor-post__title\">\n\t\t\t<a href=\"https:\/\/observatoriodeldolor.com\/en\/gasto-y-consumo-de-analgesicos-antes-y-durante-la-crisis-economica\/\" >\n\t\t\t\tGasto y consumo de analg\u00e9sicos antes y durante la crisis econ\u00f3mica\t\t\t<\/a>\n\t\t<\/h3>\n\t\t\t\t<div class=\"elementor-post__meta-data\">\n\t\t\t\t\t<span class=\"elementor-post-date\">\n\t\t\tJune 7, 2018\t\t<\/span>\n\t\t\t\t<\/div>\n\t\t\t\t<div class=\"elementor-post__excerpt\">\n\t\t\t<p>El Observatorio del Dolor publica un nuevo art\u00edculo en La Revista Espa\u00f1ola de la Sociedad Espa\u00f1ola del Dolor, titulado \u201cGasto, prescripci\u00f3n, y consumo de analg\u00e9sicos<\/p>\n\t\t<\/div>\n\t\t\n\t\t<a class=\"elementor-post__read-more\" href=\"https:\/\/observatoriodeldolor.com\/en\/gasto-y-consumo-de-analgesicos-antes-y-durante-la-crisis-economica\/\" aria-label=\"Read more about Gasto y consumo de analg\u00e9sicos antes y durante la crisis econ\u00f3mica\" tabindex=\"-1\" >\n\t\t\tRead more \u00bb\t\t<\/a>\n\n\t\t\t\t<\/div>\n\t\t\t\t<\/article>\n\t\t\t\t<article class=\"elementor-post elementor-grid-item post-1602 post type-post status-publish format-standard has-post-thumbnail hentry category-sin-categorizar-en tag-congreso-del-dolor-en tag-destacadas-en tag-destacado-en tag-dolor-en tag-dolor-cronico-en tag-estudios-en-dolor-en\" role=\"listitem\">\n\t\t\t\t<a class=\"elementor-post__thumbnail__link\" href=\"https:\/\/observatoriodeldolor.com\/en\/el-lema-vivir-sin-dolor-se-impone-en-palma-de-mallorca\/\" tabindex=\"-1\" >\n\t\t\t<div class=\"elementor-post__thumbnail\"><img loading=\"lazy\" decoding=\"async\" width=\"300\" height=\"225\" src=\"https:\/\/observatoriodeldolor.com\/wp-content\/uploads\/2018\/05\/congreso-del-dolor-en-palma-de-mallorca-obesrvatorio-del-dolor.jpeg\" class=\"attachment-medium size-medium wp-image-939\" alt=\"\" \/><\/div>\n\t\t<\/a>\n\t\t\t\t<div class=\"elementor-post__text\">\n\t\t\t\t<h3 class=\"elementor-post__title\">\n\t\t\t<a href=\"https:\/\/observatoriodeldolor.com\/en\/el-lema-vivir-sin-dolor-se-impone-en-palma-de-mallorca\/\" >\n\t\t\t\tEl lema &#8220;Vivir sin dolor&#8221; se impone en Palma de Mallorca\t\t\t<\/a>\n\t\t<\/h3>\n\t\t\t\t<div class=\"elementor-post__meta-data\">\n\t\t\t\t\t<span class=\"elementor-post-date\">\n\t\t\tMay 29, 2018\t\t<\/span>\n\t\t\t\t<\/div>\n\t\t\t\t<div class=\"elementor-post__excerpt\">\n\t\t\t<p>&#8220;Vivir sin dolor&#8221;, ese ha sido el lema y el t\u00edtulo del\u00a0XV Congreso de la Sociedad Espa\u00f1ola del Dolor. Una cita que ten\u00eda lugar en<\/p>\n\t\t<\/div>\n\t\t\n\t\t<a class=\"elementor-post__read-more\" href=\"https:\/\/observatoriodeldolor.com\/en\/el-lema-vivir-sin-dolor-se-impone-en-palma-de-mallorca\/\" aria-label=\"Read more about El lema &#8220;Vivir sin dolor&#8221; se impone en Palma de Mallorca\" tabindex=\"-1\" >\n\t\t\tRead more \u00bb\t\t<\/a>\n\n\t\t\t\t<\/div>\n\t\t\t\t<\/article>\n\t\t\t\t<article class=\"elementor-post elementor-grid-item post-1603 post type-post status-publish format-standard has-post-thumbnail hentry category-news-en category-sin-categorizar-en tag-destacada-en tag-destacado-en tag-destacados-en tag-dolor-cronico-en\" role=\"listitem\">\n\t\t\t\t<a class=\"elementor-post__thumbnail__link\" href=\"https:\/\/observatoriodeldolor.com\/en\/solo-el-30-de-los-pacientes-con-dolor-cronico-toman-correctamente-la-medicacion\/\" tabindex=\"-1\" >\n\t\t\t<div class=\"elementor-post__thumbnail\"><img loading=\"lazy\" decoding=\"async\" width=\"300\" height=\"169\" src=\"https:\/\/observatoriodeldolor.com\/wp-content\/uploads\/2018\/05\/cabecera-noti-dolor.jpg\" class=\"attachment-medium size-medium wp-image-938\" alt=\"\" \/><\/div>\n\t\t<\/a>\n\t\t\t\t<div class=\"elementor-post__text\">\n\t\t\t\t<h3 class=\"elementor-post__title\">\n\t\t\t<a href=\"https:\/\/observatoriodeldolor.com\/en\/solo-el-30-de-los-pacientes-con-dolor-cronico-toman-correctamente-la-medicacion\/\" >\n\t\t\t\tJust 30% of the patients with chronic pain takes medication correctly\t\t\t<\/a>\n\t\t<\/h3>\n\t\t\t\t<div class=\"elementor-post__meta-data\">\n\t\t\t\t\t<span class=\"elementor-post-date\">\n\t\t\tMay 21, 2018\t\t<\/span>\n\t\t\t\t<\/div>\n\t\t\t\t<div class=\"elementor-post__excerpt\">\n\t\t\t<p>The latest study carried out by the Observatory of Pain concludes that just 30% of the patients that suffer chronic pain take the treatment according<\/p>\n\t\t<\/div>\n\t\t\n\t\t<a class=\"elementor-post__read-more\" href=\"https:\/\/observatoriodeldolor.com\/en\/solo-el-30-de-los-pacientes-con-dolor-cronico-toman-correctamente-la-medicacion\/\" aria-label=\"Read more about Just 30% of the patients with chronic pain takes medication correctly\" tabindex=\"-1\" >\n\t\t\tRead more \u00bb\t\t<\/a>\n\n\t\t\t\t<\/div>\n\t\t\t\t<\/article>\n\t\t\t\t<article class=\"elementor-post elementor-grid-item post-1604 post type-post status-publish format-standard has-post-thumbnail hentry category-sin-categorizar-en tag-destacada-en tag-destacado-en tag-dolor-en tag-dolor-cronico-en tag-noticias-dolor-en tag-tratamiento-dolor-en\" role=\"listitem\">\n\t\t\t\t<a class=\"elementor-post__thumbnail__link\" href=\"https:\/\/observatoriodeldolor.com\/en\/el-observatorio-recibe-un-galardon-a-la-comunicacion-en-las-iv-jornadas-nacionales-del-dolor-de-la-semergen\/\" tabindex=\"-1\" >\n\t\t\t<div class=\"elementor-post__thumbnail\"><img loading=\"lazy\" decoding=\"async\" width=\"300\" height=\"134\" src=\"https:\/\/observatoriodeldolor.com\/wp-content\/uploads\/2018\/05\/captura-de-pantalla-2018-05-02-a-las-11-29-58.png\" class=\"attachment-medium size-medium wp-image-935\" alt=\"\" \/><\/div>\n\t\t<\/a>\n\t\t\t\t<div class=\"elementor-post__text\">\n\t\t\t\t<h3 class=\"elementor-post__title\">\n\t\t\t<a href=\"https:\/\/observatoriodeldolor.com\/en\/el-observatorio-recibe-un-galardon-a-la-comunicacion-en-las-iv-jornadas-nacionales-del-dolor-de-la-semergen\/\" >\n\t\t\t\tEl Observatorio recibe un galard\u00f3n a la comunicaci\u00f3n en las IV Jornadas Nacionales del Dolor de la SEMERGEN\t\t\t<\/a>\n\t\t<\/h3>\n\t\t\t\t<div class=\"elementor-post__meta-data\">\n\t\t\t\t\t<span class=\"elementor-post-date\">\n\t\t\tMay 2, 2018\t\t<\/span>\n\t\t\t\t<\/div>\n\t\t\t\t<div class=\"elementor-post__excerpt\">\n\t\t\t<p>El equipo del Observatorio del Dolor particip\u00f3 en las IV Jornadas Nacionales del Dolor de la SEMERGEN. A mediados de abril se celebr\u00f3 en Parador<\/p>\n\t\t<\/div>\n\t\t\n\t\t<a class=\"elementor-post__read-more\" href=\"https:\/\/observatoriodeldolor.com\/en\/el-observatorio-recibe-un-galardon-a-la-comunicacion-en-las-iv-jornadas-nacionales-del-dolor-de-la-semergen\/\" aria-label=\"Read more about El Observatorio recibe un galard\u00f3n a la comunicaci\u00f3n en las IV Jornadas Nacionales del Dolor de la SEMERGEN\" tabindex=\"-1\" >\n\t\t\tRead more \u00bb\t\t<\/a>\n\n\t\t\t\t<\/div>\n\t\t\t\t<\/article>\n\t\t\t\t<article class=\"elementor-post elementor-grid-item post-1605 post type-post status-publish format-standard has-post-thumbnail hentry category-sin-categorizar-en tag-destacada-en\" role=\"listitem\">\n\t\t\t\t<a class=\"elementor-post__thumbnail__link\" href=\"https:\/\/observatoriodeldolor.com\/en\/la-revista-journal-of-pain-research-publica-nuestro-nuevo-articulo-sobre-dolor-neuropatico\/\" tabindex=\"-1\" >\n\t\t\t<div class=\"elementor-post__thumbnail\"><img loading=\"lazy\" decoding=\"async\" width=\"300\" height=\"139\" src=\"https:\/\/observatoriodeldolor.com\/wp-content\/uploads\/2018\/03\/neuropatico.jpg\" class=\"attachment-medium size-medium wp-image-934\" alt=\"\" \/><\/div>\n\t\t<\/a>\n\t\t\t\t<div class=\"elementor-post__text\">\n\t\t\t\t<h3 class=\"elementor-post__title\">\n\t\t\t<a href=\"https:\/\/observatoriodeldolor.com\/en\/la-revista-journal-of-pain-research-publica-nuestro-nuevo-articulo-sobre-dolor-neuropatico\/\" >\n\t\t\t\tLa revista Journal of Pain Research publica nuestro nuevo art\u00edculo sobre dolor neurop\u00e1tico\t\t\t<\/a>\n\t\t<\/h3>\n\t\t\t\t<div class=\"elementor-post__meta-data\">\n\t\t\t\t\t<span class=\"elementor-post-date\">\n\t\t\tMarch 8, 2018\t\t<\/span>\n\t\t\t\t<\/div>\n\t\t\t\t<div class=\"elementor-post__excerpt\">\n\t\t\t<p>La revista Journal of Pain Research ha publicado un nuevo art\u00edculo realizado por los investigadores del Observatorio del Dolor en colaboraci\u00f3n con investigadores de distintos<\/p>\n\t\t<\/div>\n\t\t\n\t\t<a class=\"elementor-post__read-more\" href=\"https:\/\/observatoriodeldolor.com\/en\/la-revista-journal-of-pain-research-publica-nuestro-nuevo-articulo-sobre-dolor-neuropatico\/\" aria-label=\"Read more about La revista Journal of Pain Research publica nuestro nuevo art\u00edculo sobre dolor neurop\u00e1tico\" tabindex=\"-1\" >\n\t\t\tRead more \u00bb\t\t<\/a>\n\n\t\t\t\t<\/div>\n\t\t\t\t<\/article>\n\t\t\t\t<article class=\"elementor-post elementor-grid-item post-1607 post type-post status-publish format-standard has-post-thumbnail hentry category-sin-categorizar-en tag-destacado-en tag-dolor-espana-en tag-estudios-en-dolor-en tag-opiaceos-en tag-tratamiento-del-dolor-en\" role=\"listitem\">\n\t\t\t\t<a class=\"elementor-post__thumbnail__link\" href=\"https:\/\/observatoriodeldolor.com\/en\/journal-of-pain-publica-nuestro-estudio-del-uso-de-los-opiaceos-en-el-tratamiento-del-dolor\/\" tabindex=\"-1\" >\n\t\t\t<div class=\"elementor-post__thumbnail\"><img loading=\"lazy\" decoding=\"async\" width=\"300\" height=\"194\" src=\"https:\/\/observatoriodeldolor.com\/wp-content\/uploads\/2018\/01\/tratamiendo-del-dolor-con-opiacc81ceos-observatorio-del-dolor.jpg\" class=\"attachment-medium size-medium wp-image-933\" alt=\"\" \/><\/div>\n\t\t<\/a>\n\t\t\t\t<div class=\"elementor-post__text\">\n\t\t\t\t<h3 class=\"elementor-post__title\">\n\t\t\t<a href=\"https:\/\/observatoriodeldolor.com\/en\/journal-of-pain-publica-nuestro-estudio-del-uso-de-los-opiaceos-en-el-tratamiento-del-dolor\/\" >\n\t\t\t\tJournal of Pain and Symptom Management publica nuestro estudio del uso de los opi\u00e1ceos en el tratamiento del dolor\t\t\t<\/a>\n\t\t<\/h3>\n\t\t\t\t<div class=\"elementor-post__meta-data\">\n\t\t\t\t\t<span class=\"elementor-post-date\">\n\t\t\tJanuary 8, 2018\t\t<\/span>\n\t\t\t\t<\/div>\n\t\t\t\t<div class=\"elementor-post__excerpt\">\n\t\t\t<p>El prestigioso\u00a0Journal of Pain and Symptom Managements ha publicado el \u00faltimo trabajo de campo\u00a0llevado a t\u00e9rmino por el Observatorio del Dolor sobre la visi\u00f3n de<\/p>\n\t\t<\/div>\n\t\t\n\t\t<a class=\"elementor-post__read-more\" href=\"https:\/\/observatoriodeldolor.com\/en\/journal-of-pain-publica-nuestro-estudio-del-uso-de-los-opiaceos-en-el-tratamiento-del-dolor\/\" aria-label=\"Read more about Journal of Pain and Symptom Management publica nuestro estudio del uso de los opi\u00e1ceos en el tratamiento del dolor\" tabindex=\"-1\" >\n\t\t\tRead more \u00bb\t\t<\/a>\n\n\t\t\t\t<\/div>\n\t\t\t\t<\/article>\n\t\t\t\t<article class=\"elementor-post elementor-grid-item post-1608 post type-post status-publish format-standard has-post-thumbnail hentry category-sin-categorizar-en tag-cursos-dolor-en tag-dolor-cronico-en\" role=\"listitem\">\n\t\t\t\t<a class=\"elementor-post__thumbnail__link\" href=\"https:\/\/observatoriodeldolor.com\/en\/change-pain-lanza-tres-nuevos-cursos-con-el-dolor-como-protagonista\/\" tabindex=\"-1\" >\n\t\t\t<div class=\"elementor-post__thumbnail\"><img loading=\"lazy\" decoding=\"async\" width=\"300\" height=\"169\" src=\"https:\/\/observatoriodeldolor.com\/wp-content\/uploads\/2017\/10\/cursos-dolor.jpg\" class=\"attachment-medium size-medium wp-image-932\" alt=\"\" \/><\/div>\n\t\t<\/a>\n\t\t\t\t<div class=\"elementor-post__text\">\n\t\t\t\t<h3 class=\"elementor-post__title\">\n\t\t\t<a href=\"https:\/\/observatoriodeldolor.com\/en\/change-pain-lanza-tres-nuevos-cursos-con-el-dolor-como-protagonista\/\" >\n\t\t\t\tChange Pain lanza tres nuevos cursos con el dolor como protagonista\t\t\t<\/a>\n\t\t<\/h3>\n\t\t\t\t<div class=\"elementor-post__meta-data\">\n\t\t\t\t\t<span class=\"elementor-post-date\">\n\t\t\tOctober 27, 2017\t\t<\/span>\n\t\t\t\t<\/div>\n\t\t\t\t<div class=\"elementor-post__excerpt\">\n\t\t\t<p>No siempre somos conscientes de la fuerza de la informaci\u00f3n. Capaz de acercar conocimiento, de aportar luz a los oscuros interrogantes y de mejorar situaciones<\/p>\n\t\t<\/div>\n\t\t\n\t\t<a class=\"elementor-post__read-more\" href=\"https:\/\/observatoriodeldolor.com\/en\/change-pain-lanza-tres-nuevos-cursos-con-el-dolor-como-protagonista\/\" aria-label=\"Read more about Change Pain lanza tres nuevos cursos con el dolor como protagonista\" tabindex=\"-1\" >\n\t\t\tRead more \u00bb\t\t<\/a>\n\n\t\t\t\t<\/div>\n\t\t\t\t<\/article>\n\t\t\t\t<article class=\"elementor-post elementor-grid-item post-1609 post type-post status-publish format-standard has-post-thumbnail hentry category-sin-categorizar-en tag-congresos-dolor-en tag-destacado-en tag-dolor-en-espana-en tag-estudios-en-dolor-en\" role=\"listitem\">\n\t\t\t\t<a class=\"elementor-post__thumbnail__link\" href=\"https:\/\/observatoriodeldolor.com\/en\/los-expertos-en-dolor-se-dan-cita-en-salamanca\/\" tabindex=\"-1\" >\n\t\t\t<div class=\"elementor-post__thumbnail\"><img loading=\"lazy\" decoding=\"async\" width=\"300\" height=\"168\" src=\"https:\/\/observatoriodeldolor.com\/wp-content\/uploads\/2017\/10\/congreso-dolor-agudo-postoperatorio-observatorio-del-dolor.jpeg\" class=\"attachment-medium size-medium wp-image-930\" alt=\"\" \/><\/div>\n\t\t<\/a>\n\t\t\t\t<div class=\"elementor-post__text\">\n\t\t\t\t<h3 class=\"elementor-post__title\">\n\t\t\t<a href=\"https:\/\/observatoriodeldolor.com\/en\/los-expertos-en-dolor-se-dan-cita-en-salamanca\/\" >\n\t\t\t\tLos expertos en dolor se dan cita en Salamanca\t\t\t<\/a>\n\t\t<\/h3>\n\t\t\t\t<div class=\"elementor-post__meta-data\">\n\t\t\t\t\t<span class=\"elementor-post-date\">\n\t\t\tOctober 18, 2017\t\t<\/span>\n\t\t\t\t<\/div>\n\t\t\t\t<div class=\"elementor-post__excerpt\">\n\t\t\t<p>Los expertos m\u00e1s relevantes y laureados de nuestro pa\u00eds en la problem\u00e1tica del dolor se dieron cita los pasados d\u00edas 9 y 10 de septiembre<\/p>\n\t\t<\/div>\n\t\t\n\t\t<a class=\"elementor-post__read-more\" href=\"https:\/\/observatoriodeldolor.com\/en\/los-expertos-en-dolor-se-dan-cita-en-salamanca\/\" aria-label=\"Read more about Los expertos en dolor se dan cita en Salamanca\" tabindex=\"-1\" >\n\t\t\tRead more \u00bb\t\t<\/a>\n\n\t\t\t\t<\/div>\n\t\t\t\t<\/article>\n\t\t\t\t<article class=\"elementor-post elementor-grid-item post-1610 post type-post status-publish format-standard has-post-thumbnail hentry category-news-en tag-eventos-dolor-en tag-investigacion-dolor-en tag-noticias-dolor-en tag-sexismo-en\" role=\"listitem\">\n\t\t\t\t<a class=\"elementor-post__thumbnail__link\" href=\"https:\/\/observatoriodeldolor.com\/en\/existen-las-desigualdades-de-genero-en-los-estudios-en-dolor\/\" tabindex=\"-1\" >\n\t\t\t<div class=\"elementor-post__thumbnail\"><img loading=\"lazy\" decoding=\"async\" width=\"300\" height=\"225\" src=\"https:\/\/observatoriodeldolor.com\/wp-content\/uploads\/2017\/10\/el-sexismo-en-los-estudios-en-dolor-obsrvatorio-del-dolor.jpg\" class=\"attachment-medium size-medium wp-image-929\" alt=\"\" \/><\/div>\n\t\t<\/a>\n\t\t\t\t<div class=\"elementor-post__text\">\n\t\t\t\t<h3 class=\"elementor-post__title\">\n\t\t\t<a href=\"https:\/\/observatoriodeldolor.com\/en\/existen-las-desigualdades-de-genero-en-los-estudios-en-dolor\/\" >\n\t\t\t\tAre there gender inequalities in the studies about pain?\t\t\t<\/a>\n\t\t<\/h3>\n\t\t\t\t<div class=\"elementor-post__meta-data\">\n\t\t\t\t\t<span class=\"elementor-post-date\">\n\t\t\tOctober 11, 2017\t\t<\/span>\n\t\t\t\t<\/div>\n\t\t\t\t<div class=\"elementor-post__excerpt\">\n\t\t\t<p>Although in advance, it is normal to think that there are not inequalities, the truth is that the answer to that question is affirmative: there<\/p>\n\t\t<\/div>\n\t\t\n\t\t<a class=\"elementor-post__read-more\" href=\"https:\/\/observatoriodeldolor.com\/en\/existen-las-desigualdades-de-genero-en-los-estudios-en-dolor\/\" aria-label=\"Read more about Are there gender inequalities in the studies about pain?\" tabindex=\"-1\" >\n\t\t\tRead more \u00bb\t\t<\/a>\n\n\t\t\t\t<\/div>\n\t\t\t\t<\/article>\n\t\t\t\t<article class=\"elementor-post elementor-grid-item post-1611 post type-post status-publish format-standard has-post-thumbnail hentry category-news-en tag-destacado-en tag-inmaculada-failde-en tag-noticias-dolor-en\" role=\"listitem\">\n\t\t\t\t<a class=\"elementor-post__thumbnail__link\" href=\"https:\/\/observatoriodeldolor.com\/en\/inmaculada-failde-directora-del-observatorio-del-dolor-obtiene-su-plaza-de-catedratica-de-universidad\/\" tabindex=\"-1\" >\n\t\t\t<div class=\"elementor-post__thumbnail\"><img loading=\"lazy\" decoding=\"async\" width=\"300\" height=\"169\" src=\"https:\/\/observatoriodeldolor.com\/wp-content\/uploads\/2017\/10\/foto-tita-2.jpg\" class=\"attachment-medium size-medium wp-image-927\" alt=\"\" \/><\/div>\n\t\t<\/a>\n\t\t\t\t<div class=\"elementor-post__text\">\n\t\t\t\t<h3 class=\"elementor-post__title\">\n\t\t\t<a href=\"https:\/\/observatoriodeldolor.com\/en\/inmaculada-failde-directora-del-observatorio-del-dolor-obtiene-su-plaza-de-catedratica-de-universidad\/\" >\n\t\t\t\tInmaculada Failde, director of the Observatory of Pain, get her position as University Professor\t\t\t<\/a>\n\t\t<\/h3>\n\t\t\t\t<div class=\"elementor-post__meta-data\">\n\t\t\t\t\t<span class=\"elementor-post-date\">\n\t\t\tOctober 9, 2017\t\t<\/span>\n\t\t\t\t<\/div>\n\t\t\t\t<div class=\"elementor-post__excerpt\">\n\t\t\t<p>Through these lines, the team of the Observatory of Pain wants to transmit our most sincere congratulations to Dr. Inmaculada Failde Mart\u00ednez, who obtained her<\/p>\n\t\t<\/div>\n\t\t\n\t\t<a class=\"elementor-post__read-more\" href=\"https:\/\/observatoriodeldolor.com\/en\/inmaculada-failde-directora-del-observatorio-del-dolor-obtiene-su-plaza-de-catedratica-de-universidad\/\" aria-label=\"Read more about Inmaculada Failde, director of the Observatory of Pain, get her position as University Professor\" tabindex=\"-1\" >\n\t\t\tRead more \u00bb\t\t<\/a>\n\n\t\t\t\t<\/div>\n\t\t\t\t<\/article>\n\t\t\t\t<article class=\"elementor-post elementor-grid-item post-1612 post type-post status-publish format-standard has-post-thumbnail hentry category-news-en tag-congresos-dolor-en tag-congresos-medicos-en tag-destacado-en tag-dolor-en\" role=\"listitem\">\n\t\t\t\t<a class=\"elementor-post__thumbnail__link\" href=\"https:\/\/observatoriodeldolor.com\/en\/el-observatorio-del-dolor-participa-en-la-xxxv-reunion-cientifica-de-la-see\/\" tabindex=\"-1\" >\n\t\t\t<div class=\"elementor-post__thumbnail\"><img loading=\"lazy\" decoding=\"async\" width=\"300\" height=\"279\" src=\"https:\/\/observatoriodeldolor.com\/wp-content\/uploads\/2017\/09\/img_0242.jpg\" class=\"attachment-medium size-medium wp-image-925\" alt=\"\" \/><\/div>\n\t\t<\/a>\n\t\t\t\t<div class=\"elementor-post__text\">\n\t\t\t\t<h3 class=\"elementor-post__title\">\n\t\t\t<a href=\"https:\/\/observatoriodeldolor.com\/en\/el-observatorio-del-dolor-participa-en-la-xxxv-reunion-cientifica-de-la-see\/\" >\n\t\t\t\tThe Observatory of Pain participates on the XXXV Scientific Meeting of the Spanish Society of Epidemiology\t\t\t<\/a>\n\t\t<\/h3>\n\t\t\t\t<div class=\"elementor-post__meta-data\">\n\t\t\t\t\t<span class=\"elementor-post-date\">\n\t\t\tSeptember 11, 2017\t\t<\/span>\n\t\t\t\t<\/div>\n\t\t\t\t<div class=\"elementor-post__excerpt\">\n\t\t\t<p>In early September in Barcelona, the XXXV Scientific Meeting of the Spanish Society of Epidemiology (SEE) was celebrated together with the XVII Congress of the<\/p>\n\t\t<\/div>\n\t\t\n\t\t<a class=\"elementor-post__read-more\" href=\"https:\/\/observatoriodeldolor.com\/en\/el-observatorio-del-dolor-participa-en-la-xxxv-reunion-cientifica-de-la-see\/\" aria-label=\"Read more about The Observatory of Pain participates on the XXXV Scientific Meeting of the Spanish Society of Epidemiology\" tabindex=\"-1\" >\n\t\t\tRead more \u00bb\t\t<\/a>\n\n\t\t\t\t<\/div>\n\t\t\t\t<\/article>\n\t\t\t\t<article class=\"elementor-post elementor-grid-item post-1613 post type-post status-publish format-standard has-post-thumbnail hentry category-news-en tag-destacada-en tag-destacado-en tag-dolor-cronico-espana-en tag-dolor-espana-en tag-estudios-dolor-espana-en tag-observatorio-dolor-en\" role=\"listitem\">\n\t\t\t\t<a class=\"elementor-post__thumbnail__link\" href=\"https:\/\/observatoriodeldolor.com\/en\/de-que-hablamos-cuando-hablamos-de-dolor\/\" tabindex=\"-1\" >\n\t\t\t<div class=\"elementor-post__thumbnail\"><img loading=\"lazy\" decoding=\"async\" width=\"300\" height=\"225\" src=\"https:\/\/observatoriodeldolor.com\/wp-content\/uploads\/2017\/07\/img-20170704-wa0056.jpg\" class=\"attachment-medium size-medium wp-image-924\" alt=\"\" \/><\/div>\n\t\t<\/a>\n\t\t\t\t<div class=\"elementor-post__text\">\n\t\t\t\t<h3 class=\"elementor-post__title\">\n\t\t\t<a href=\"https:\/\/observatoriodeldolor.com\/en\/de-que-hablamos-cuando-hablamos-de-dolor\/\" >\n\t\t\t\t\u00bfDe qu\u00e9 hablamos cuando hablamos de dolor?\t\t\t<\/a>\n\t\t<\/h3>\n\t\t\t\t<div class=\"elementor-post__meta-data\">\n\t\t\t\t\t<span class=\"elementor-post-date\">\n\t\t\tJuly 7, 2017\t\t<\/span>\n\t\t\t\t<\/div>\n\t\t\t\t<div class=\"elementor-post__excerpt\">\n\t\t\t<p>Entre los d\u00edas 3 y 7 de julio tuvo \u00a0lugar una nueva edici\u00f3n del Curso de Verano sobre el Dolor organizado por la Universidad Rey<\/p>\n\t\t<\/div>\n\t\t\n\t\t<a class=\"elementor-post__read-more\" href=\"https:\/\/observatoriodeldolor.com\/en\/de-que-hablamos-cuando-hablamos-de-dolor\/\" aria-label=\"Read more about \u00bfDe qu\u00e9 hablamos cuando hablamos de dolor?\" tabindex=\"-1\" >\n\t\t\tRead more \u00bb\t\t<\/a>\n\n\t\t\t\t<\/div>\n\t\t\t\t<\/article>\n\t\t\t\t<article class=\"elementor-post elementor-grid-item post-1707 post type-post status-publish format-standard has-post-thumbnail hentry category-meetings-and-events category-news-en tag-cursos-del-escorial-en tag-destacada-en tag-destacado-en tag-dolor-cronico-en tag-dolor-cronico-espana-en tag-estudios-dolor-cronico-en\" role=\"listitem\">\n\t\t\t\t<a class=\"elementor-post__thumbnail__link\" href=\"https:\/\/observatoriodeldolor.com\/en\/crear-nuevas-unidades-de-dolor-en-espana-mas-que-un-reto-de-futuro\/\" tabindex=\"-1\" >\n\t\t\t<div class=\"elementor-post__thumbnail\"><img loading=\"lazy\" decoding=\"async\" width=\"300\" height=\"172\" src=\"https:\/\/observatoriodeldolor.com\/wp-content\/uploads\/2017\/06\/captura-de-pantalla-2017-06-30-a-las-13-43-17.png\" class=\"attachment-medium size-medium wp-image-923\" alt=\"\" \/><\/div>\n\t\t<\/a>\n\t\t\t\t<div class=\"elementor-post__text\">\n\t\t\t\t<h3 class=\"elementor-post__title\">\n\t\t\t<a href=\"https:\/\/observatoriodeldolor.com\/en\/crear-nuevas-unidades-de-dolor-en-espana-mas-que-un-reto-de-futuro\/\" >\n\t\t\t\tTo create pain units in Spain, more than a future challenge\t\t\t<\/a>\n\t\t<\/h3>\n\t\t\t\t<div class=\"elementor-post__meta-data\">\n\t\t\t\t\t<span class=\"elementor-post-date\">\n\t\t\tJune 30, 2017\t\t<\/span>\n\t\t\t\t<\/div>\n\t\t\t\t<div class=\"elementor-post__excerpt\">\n\t\t\t<p>More than a challenge for the future, the need to increase the number of pain units in Spain has become an objective for the present.<\/p>\n\t\t<\/div>\n\t\t\n\t\t<a class=\"elementor-post__read-more\" href=\"https:\/\/observatoriodeldolor.com\/en\/crear-nuevas-unidades-de-dolor-en-espana-mas-que-un-reto-de-futuro\/\" aria-label=\"Read more about To create pain units in Spain, more than a future challenge\" tabindex=\"-1\" >\n\t\t\tRead more \u00bb\t\t<\/a>\n\n\t\t\t\t<\/div>\n\t\t\t\t<\/article>\n\t\t\t\t<article class=\"elementor-post elementor-grid-item post-1702 post type-post status-publish format-standard has-post-thumbnail hentry category-our-interns category-sin-categorizar-en tag-destacado-en\" role=\"listitem\">\n\t\t\t\t<a class=\"elementor-post__thumbnail__link\" href=\"https:\/\/observatoriodeldolor.com\/en\/un-nuevo-doctor-en-el-observatorio-del-dolor\/\" tabindex=\"-1\" >\n\t\t\t<div class=\"elementor-post__thumbnail\"><img loading=\"lazy\" decoding=\"async\" width=\"300\" height=\"169\" src=\"https:\/\/observatoriodeldolor.com\/wp-content\/uploads\/2017\/05\/whatsapp-image-2017-05-24-at-11-12-33.jpeg\" class=\"attachment-medium size-medium wp-image-918\" alt=\"\" \/><\/div>\n\t\t<\/a>\n\t\t\t\t<div class=\"elementor-post__text\">\n\t\t\t\t<h3 class=\"elementor-post__title\">\n\t\t\t<a href=\"https:\/\/observatoriodeldolor.com\/en\/un-nuevo-doctor-en-el-observatorio-del-dolor\/\" >\n\t\t\t\tA new doctor at the Observatory of Pain. Congratulations Alejandro!\t\t\t<\/a>\n\t\t<\/h3>\n\t\t\t\t<div class=\"elementor-post__meta-data\">\n\t\t\t\t\t<span class=\"elementor-post-date\">\n\t\t\tMay 25, 2017\t\t<\/span>\n\t\t\t\t<\/div>\n\t\t\t\t<div class=\"elementor-post__excerpt\">\n\t\t\t<p>Last Monday 22, our workmate and member of the Observatory of Pain, Alejandro Salazar Couso, defended his doctoral thesis entitled: \u201cAssessment of the evolution of<\/p>\n\t\t<\/div>\n\t\t\n\t\t<a class=\"elementor-post__read-more\" href=\"https:\/\/observatoriodeldolor.com\/en\/un-nuevo-doctor-en-el-observatorio-del-dolor\/\" aria-label=\"Read more about A new doctor at the Observatory of Pain. Congratulations Alejandro!\" tabindex=\"-1\" >\n\t\t\tRead more \u00bb\t\t<\/a>\n\n\t\t\t\t<\/div>\n\t\t\t\t<\/article>\n\t\t\t\t<\/div>\n\t\t\n\t\t\t\t\t\t<\/div>\n\t\t\t\t<\/div>\n\t\t\t\t\t<\/div>\n\t\t<\/div>\n\t\t\t\t\t<\/div>\n\t\t<\/section>\n\t\t\t\t<\/div>\n\t\t","protected":false},"excerpt":{"rendered":"<p>News<\/p>\n","protected":false},"author":68343888,"featured_media":0,"parent":0,"menu_order":0,"comment_status":"closed","ping_status":"closed","template":"elementor_header_footer","meta":{"_wpcom_ai_launchpad_about_page":false,"_wpcom_ai_launchpad_gallery_page":false,"_wpcom_ai_launchpad_contact_page":false,"_wpcom_ai_launchpad_events_page":false,"_wpcom_ai_launchpad_video_page":false,"_wpcom_ai_launchpad_portfolio_piece":false,"footnotes":""},"class_list":["post-2090","page","type-page","status-publish","hentry"],"yoast_head":"<!-- This site is optimized with the Yoast SEO plugin v28.4 - https:\/\/yoast.com\/product\/yoast-seo-wordpress\/ -->\n<title>News - Observatorio del dolor<\/title>\n<meta name=\"robots\" content=\"index, follow, max-snippet:-1, max-image-preview:large, max-video-preview:-1\" \/>\n<link rel=\"canonical\" href=\"https:\/\/observatoriodeldolor.com\/en\/news\/\" \/>\n<meta property=\"og:locale\" content=\"en_US\" \/>\n<meta property=\"og:type\" content=\"article\" \/>\n<meta property=\"og:title\" content=\"News - Observatorio del dolor\" \/>\n<meta property=\"og:description\" content=\"News\" \/>\n<meta property=\"og:url\" content=\"https:\/\/observatoriodeldolor.com\/en\/news\/\" \/>\n<meta property=\"og:site_name\" content=\"Observatorio del dolor\" \/>\n<meta property=\"article:modified_time\" content=\"2021-05-03T12:55:18+00:00\" \/>\n<meta name=\"twitter:card\" content=\"summary_large_image\" \/>\n<meta name=\"twitter:label1\" content=\"Est. reading time\" \/>\n\t<meta name=\"twitter:data1\" content=\"14 minutes\" \/>\n<script type=\"application\/ld+json\" class=\"yoast-schema-graph\">{\"@context\":\"https:\\\/\\\/schema.org\",\"@graph\":[{\"@type\":\"WebPage\",\"@id\":\"https:\\\/\\\/observatoriodeldolor.com\\\/en\\\/news\\\/\",\"url\":\"https:\\\/\\\/observatoriodeldolor.com\\\/en\\\/news\\\/\",\"name\":\"News - Observatorio del dolor\",\"isPartOf\":{\"@id\":\"https:\\\/\\\/observatoriodeldolor.com\\\/en\\\/#website\"},\"datePublished\":\"2021-05-03T12:45:07+00:00\",\"dateModified\":\"2021-05-03T12:55:18+00:00\",\"breadcrumb\":{\"@id\":\"https:\\\/\\\/observatoriodeldolor.com\\\/en\\\/news\\\/#breadcrumb\"},\"inLanguage\":\"en-US\",\"potentialAction\":[{\"@type\":\"ReadAction\",\"target\":[\"https:\\\/\\\/observatoriodeldolor.com\\\/en\\\/news\\\/\"]}]},{\"@type\":\"BreadcrumbList\",\"@id\":\"https:\\\/\\\/observatoriodeldolor.com\\\/en\\\/news\\\/#breadcrumb\",\"itemListElement\":[{\"@type\":\"ListItem\",\"position\":1,\"name\":\"Home\",\"item\":\"https:\\\/\\\/observatoriodeldolor.com\\\/en\\\/\"},{\"@type\":\"ListItem\",\"position\":2,\"name\":\"News\"}]},{\"@type\":\"WebSite\",\"@id\":\"https:\\\/\\\/observatoriodeldolor.com\\\/en\\\/#website\",\"url\":\"https:\\\/\\\/observatoriodeldolor.com\\\/en\\\/\",\"name\":\"Observatorio del dolor\",\"description\":\"en Andaluc\u00eda\",\"potentialAction\":[{\"@type\":\"SearchAction\",\"target\":{\"@type\":\"EntryPoint\",\"urlTemplate\":\"https:\\\/\\\/observatoriodeldolor.com\\\/en\\\/?s={search_term_string}\"},\"query-input\":{\"@type\":\"PropertyValueSpecification\",\"valueRequired\":true,\"valueName\":\"search_term_string\"}}],\"inLanguage\":\"en-US\"}]}<\/script>\n<!-- \/ Yoast SEO plugin. -->","yoast_head_json":{"title":"News - Observatorio del dolor","robots":{"index":"index","follow":"follow","max-snippet":"max-snippet:-1","max-image-preview":"max-image-preview:large","max-video-preview":"max-video-preview:-1"},"canonical":"https:\/\/observatoriodeldolor.com\/en\/news\/","og_locale":"en_US","og_type":"article","og_title":"News - Observatorio del dolor","og_description":"News","og_url":"https:\/\/observatoriodeldolor.com\/en\/news\/","og_site_name":"Observatorio del dolor","article_modified_time":"2021-05-03T12:55:18+00:00","twitter_card":"summary_large_image","twitter_misc":{"Est. reading time":"14 minutes"},"schema":{"@context":"https:\/\/schema.org","@graph":[{"@type":"WebPage","@id":"https:\/\/observatoriodeldolor.com\/en\/news\/","url":"https:\/\/observatoriodeldolor.com\/en\/news\/","name":"News - Observatorio del dolor","isPartOf":{"@id":"https:\/\/observatoriodeldolor.com\/en\/#website"},"datePublished":"2021-05-03T12:45:07+00:00","dateModified":"2021-05-03T12:55:18+00:00","breadcrumb":{"@id":"https:\/\/observatoriodeldolor.com\/en\/news\/#breadcrumb"},"inLanguage":"en-US","potentialAction":[{"@type":"ReadAction","target":["https:\/\/observatoriodeldolor.com\/en\/news\/"]}]},{"@type":"BreadcrumbList","@id":"https:\/\/observatoriodeldolor.com\/en\/news\/#breadcrumb","itemListElement":[{"@type":"ListItem","position":1,"name":"Home","item":"https:\/\/observatoriodeldolor.com\/en\/"},{"@type":"ListItem","position":2,"name":"News"}]},{"@type":"WebSite","@id":"https:\/\/observatoriodeldolor.com\/en\/#website","url":"https:\/\/observatoriodeldolor.com\/en\/","name":"Observatorio del dolor","description":"en Andaluc\u00eda","potentialAction":[{"@type":"SearchAction","target":{"@type":"EntryPoint","urlTemplate":"https:\/\/observatoriodeldolor.com\/en\/?s={search_term_string}"},"query-input":{"@type":"PropertyValueSpecification","valueRequired":true,"valueName":"search_term_string"}}],"inLanguage":"en-US"}]}},"jetpack_likes_enabled":true,"jetpack_sharing_enabled":true,"jetpack_shortlink":"https:\/\/wp.me\/P4POJC-xI","_links":{"self":[{"href":"https:\/\/observatoriodeldolor.com\/en\/wp-json\/wp\/v2\/pages\/2090","targetHints":{"allow":["GET"]}}],"collection":[{"href":"https:\/\/observatoriodeldolor.com\/en\/wp-json\/wp\/v2\/pages"}],"about":[{"href":"https:\/\/observatoriodeldolor.com\/en\/wp-json\/wp\/v2\/types\/page"}],"author":[{"embeddable":true,"href":"https:\/\/observatoriodeldolor.com\/en\/wp-json\/wp\/v2\/users\/68343888"}],"replies":[{"embeddable":true,"href":"https:\/\/observatoriodeldolor.com\/en\/wp-json\/wp\/v2\/comments?post=2090"}],"version-history":[{"count":7,"href":"https:\/\/observatoriodeldolor.com\/en\/wp-json\/wp\/v2\/pages\/2090\/revisions"}],"predecessor-version":[{"id":2098,"href":"https:\/\/observatoriodeldolor.com\/en\/wp-json\/wp\/v2\/pages\/2090\/revisions\/2098"}],"wp:attachment":[{"href":"https:\/\/observatoriodeldolor.com\/en\/wp-json\/wp\/v2\/media?parent=2090"}],"curies":[{"name":"wp","href":"https:\/\/api.w.org\/{rel}","templated":true}]}}